{"id":19281,"date":"2018-09-15T11:39:39","date_gmt":"2018-09-15T09:39:39","guid":{"rendered":"http:\/\/www.lichtenfels.at\/neu\/?page_id=19281"},"modified":"2025-11-13T11:26:26","modified_gmt":"2025-11-13T10:26:26","slug":"schulische-tagesbetreuung","status":"publish","type":"page","link":"https:\/\/www.lichtenfels.at\/neu\/angebot\/schulische-tagesbetreuung\/","title":{"rendered":"Schulische Tagesbetreuung"},"content":{"rendered":"<h1 style=\"text-align: center;\"><strong>Schulische Tagesbetreuung<\/strong><\/h1>\n<p><a href=\"https:\/\/www.lichtenfels.at\/neu\/wp-content\/uploads\/2018\/10\/schulische-Tagesbetreuung.jpg\"><img fetchpriority=\"high\" class=\"aligncenter wp-image-90064 size-medium\" src=\"http:\/\/www.lichtenfels.at\/neu\/wp-content\/uploads\/2018\/10\/schulische-Tagesbetreuung-300x225.jpg\" alt=\"\" width=\"300\" height=\"225\" srcset=\"https:\/\/www.lichtenfels.at\/wp-content\/uploads\/2018\/10\/schulische-Tagesbetreuung-300x225.jpg 300w, https:\/\/www.lichtenfels.at\/wp-content\/uploads\/2018\/10\/schulische-Tagesbetreuung-768x576.jpg 768w, https:\/\/www.lichtenfels.at\/wp-content\/uploads\/2018\/10\/schulische-Tagesbetreuung.jpg 1024w\" sizes=\"(max-width: 300px) 100vw, 300px\" \/><\/a><\/p>\n<p>Seit mehr als zwei Jahrzehnten bietet das BG\/BRG Lichtenfels seinen Sch\u00fcler:innen eine Schulische Tagesbetreuung (STB) an.<\/p>\n<p>Beginnend nach der 6. Stunde nehmen die Sch\u00fcler:innen in unserem Speisesaal ihr Mittagessen zu sich, das sie in der Woche zuvor selbstst\u00e4ndig ausw\u00e4hlen.<\/p>\n<p>Nach einer kurzen Erholungsphase (Sportplatz\/Turnsaal\/Bibliothek\u2026) werden Haus\u00fcbungen gemacht und andere schulische Vorbereitungen getroffen. Nach M\u00f6glichkeit wird in den Freizeitstunden die gesamte Infrastruktur der Schule genutzt, in fachspezifischen Stunden versucht, Defizite auszugleichen und in Bereichsstunden &#8211; wie der Kunstwerkstatt &#8211; k\u00f6nnen die Sch\u00fcler:innen ihren individuellen Neigungen nachgehen.<\/p>\n<h2>Anmeldung:<\/h2>\n<p>Die Anmeldung erfolgt am Beginn des Schuljahres und ist grunds\u00e4tzlich f\u00fcr das ganze Schuljahr verbindlich. Ausgenommen sind der Direktion zu begr\u00fcndende Ausnahmef\u00e4lle. Eine Abmeldung f\u00fcr das Wintersemester muss schriftlich\u00a0 erfolgen. Hier k\u00f6nnen Sie das <a href=\"https:\/\/www.lichtenfels.at\/wp-content\/uploads\/2025\/02\/Anmeldeformular-2025-26-STB-PC.pdf\" target=\"_blank\" rel=\"noopener noreferrer\">Anmeldeformular<\/a> herunterladen.<\/p>\n<h2>Beginn &amp; Treffpunkt:<\/h2>\n<p><strong>Beginn: <\/strong>Montag, 08.09.2025 (1. Schulwoche), grunds\u00e4tzlich nach der <strong>letzten Unterrichtsstunde!<\/strong><\/p>\n<p><strong>Treffpunkt<\/strong>: f\u00fcr alle im STB-Aufenthaltsraum (Untergescho\u00df); Angeh\u00f6rige der 1. Klasse verbleiben im Klassenraum und werden abgeholt.<\/p>\n<p><strong>Achtung<\/strong>: In der ersten Schulwoche schlie\u00dft der Vormittagsunterricht wiederholt fr\u00fcher. Die STB wird daher jeweils <strong>unmittelbar nach Unterrichtsschluss<\/strong> angeboten und endet dementsprechend vier Unterrichtsstunden (siehe Stundenplan \/ Zeitraster) sp\u00e4ter.<\/p>\n<h2>Ablauf:<\/h2>\n<ul>\n<li><a href=\"https:\/\/www.lichtenfels.at\/wp-content\/uploads\/2025\/09\/STB-Elterngrundinfo-2025-26.pdf\" target=\"_blank\" rel=\"noopener\">Grundinformation<\/a><\/li>\n<li><a href=\"https:\/\/www.lichtenfels.at\/wp-content\/uploads\/2025\/11\/STB-Konzept-2025-26.pdf\" target=\"_blank\" rel=\"noopener\">Ablaufplan<\/a><\/li>\n<\/ul>\n<h2>Kosten:<\/h2>\n<table style=\"height: 119px;\" width=\"278\">\n<tbody>\n<tr>\n<td>1 Tag\/Woche<\/td>\n<td>26,40\u20ac\/Monat<\/td>\n<\/tr>\n<tr>\n<td>2 Tage\/Woche<\/td>\n<td>35,20\u20ac\/ Monat<\/td>\n<\/tr>\n<tr>\n<td>3 Tage\/Woche<\/td>\n<td>52,80\u20ac\/ Monat<\/td>\n<\/tr>\n<tr>\n<td>4 Tage\/Woche<\/td>\n<td>70,40\u20ac\/ Monat<\/td>\n<\/tr>\n<tr>\n<td>5 Tage\/Woche<\/td>\n<td>88\u20ac\/ Monat<\/td>\n<\/tr>\n<\/tbody>\n<\/table>\n<p>Eine Antragstellung auf Erm\u00e4\u00dfigung des Beitrages ist m\u00f6glich. Hierf\u00fcr notwendige Formulare werden von den Betreuer:innen ausgegeben. Der Betreuungsbeitrag wird vom Sekretariat per Einziehungsauftrag in gleichbleibenden Raten \u00fcber einen Zeitraum von zehn Monaten eingehoben. Der Betreuungsbetrag ist durch eine Verordnung des Ministeriums festgelegt.<\/p>\n<h2>Leitung &amp; Kontakt:<\/h2>\n<p>Mag. Otto Weirer,\u00a0BetreuerInnen-Handynummer:\u00a00664\/88615753<\/p>\n<h2>Team:<\/h2>\n<div class=\"one_fourth\">\n<div class=\"member\">\n<div class='member-img'><img src='http:\/\/www.lichtenfels.at\/neu\/wp-content\/uploads\/2018\/09\/weirer.jpg' \/><\/div>\n<h4>WEIRER<br \/>\nOtto<\/h4>\n<div class=\"member-role\">(WE)<br \/>\nMag.<\/div>\n<p>Bewegung &amp; Sport,<br \/>\nDeutsch, Werkerziehung, Informatik,<br \/>\nLeiter STB<\/p>\n<p>&nbsp;<\/p>\n<p>&#8211;<\/p>\n<p class=\"k1\">weirer.otto@lichtenfels.at<\/p>\n<p>&#8211;<\/p>\n<p><span class=\"tooltips\"><a href=\"#\" rel=\"tooltip\" title=\"Leiter Schulische Tagesbetreuung\"><img class=\"aligncenter size-full wp-image-153076\" src=\"http:\/\/www.lichtenfels.at\/neu\/wp-content\/uploads\/2018\/10\/info.png\" alt=\"\" width=\"50\" height=\"50\" \/><\/a><\/span><\/p>\n<\/div>\n<\/div>\n<div class=\"one_fourth\">\n<div class=\"member\">\n<div class='member-img'><img src='http:\/\/www.lichtenfels.at\/neu\/wp-content\/uploads\/2018\/11\/23-KALLINGER-Sigrid.jpg' \/><\/div>\n<h4>KALLINGER<br \/>\nSigrid<\/h4>\n<div class=\"member-role\">(KS)<br \/>\nMag.<\/div>\n<p>Geschichte, Sozialkunde und Politische Bildung,<\/p>\n<p>Franz\u00f6sisch,<\/p>\n<p>Schulische Tagesbetreuung<\/p>\n<p>&#8211;<\/p>\n<p class=\"k1\">kallinger.sigrid@lichtenfels.at<\/p>\n<p>&#8211;<br \/>\n<span class=\"tooltips\"><a href=\"#\" rel=\"tooltip\" title=\"Stellvertretende Leitung Schulische Tagesbetreuung; Koordination der Sch\u00fclerInnennachhilfe\"><img class=\"aligncenter size-full wp-image-153076\" src=\"http:\/\/www.lichtenfels.at\/neu\/wp-content\/uploads\/2018\/10\/info.png\" alt=\"\" width=\"50\" height=\"50\" \/><\/a><\/span>\n<\/div>\n<\/div>\n<div class=\"one_fourth\">\n<div class=\"member\">\n<div class='member-img'><img src='https:\/\/www.lichtenfels.at\/wp-content\/uploads\/2022\/12\/2022_Bischof-scaled.jpg' \/><\/div>\n<h4>BISCHOF<br \/>\nJulia<\/h4>\n<div class=\"member-role\">(BJ)<br \/>\nDr. Mag.<\/div>\n<p> Deutsch,<br \/>\nGeschichte und Sozialkunde, Schulische Tagesbetreuung<\/p>\n<p>&nbsp;<\/p>\n<p>&nbsp;<\/p>\n<p>&#8211;<\/p>\n<p class=\"k1\">bischof.julia@lichtenfels.at<\/p>\n<p>&#8211;<br \/>\n<span class=\"tooltips\"><a href=\"#\" rel=\"tooltip\" title=\"\"><img class=\"aligncenter size-full wp-image-153076\" src=\"http:\/\/www.lichtenfels.at\/neu\/wp-content\/uploads\/2018\/10\/info.png\" alt=\"\" width=\"50\" height=\"50\" \/><\/a><\/span>\n<\/div>\n<\/div>\n<div class=\"one_fourth last\">\n<div class=\"member\">\n<div class='member-img'><img src='https:\/\/www.lichtenfels.at\/wp-content\/uploads\/2021\/11\/Deutscher-scaled.jpg' \/><\/div>\n<h4>DEUTSCHER<br \/>\nGabriela<\/h4>\n<div class=\"member-role\">(DG)<br \/>\nMag.<\/div>\n<p>Schulische Tagesbetreuung<\/p>\n<p>&nbsp;<\/p>\n<p>&nbsp;<\/p>\n<p>&nbsp;<\/p>\n<p>&nbsp;<\/p>\n<p>&#8211;<\/p>\n<p class=\"k1\">deutscher.gabriela@lichtenfels.at<\/p>\n<p>&#8211;<br \/>\n<span class=\"tooltips\"><a href=\"#\" rel=\"tooltip\" title=\"\"><img class=\"aligncenter size-full wp-image-153076\" src=\"http:\/\/www.lichtenfels.at\/neu\/wp-content\/uploads\/2018\/10\/info.png\" alt=\"\" width=\"50\" height=\"50\" \/><\/a><\/span>\n<\/div>\n<\/div>\n<div class=\"clear\"><\/div>\n<div class=\"one_fourth\">\n<div class=\"member\">\n<div class='member-img'><img src='http:\/\/www.lichtenfels.at\/neu\/wp-content\/uploads\/2018\/11\/Kant_Lehrer_Lichtenfels.jpg' \/><\/div>\n<h4>KANT<br \/>\nDaniel<\/h4>\n<div class=\"member-role\">(KA)<br \/>\nMag.<\/div>\n<p> Evangelische Religion,<\/p>\n<p>Schulische Tagesbetreuung<\/p>\n<p>&nbsp;<\/p>\n<p>&nbsp;<\/p>\n<p>&#8211;<\/p>\n<p class=\"k1\">kant.daniel@lichtenfels.at<\/p>\n<p>&#8211;<br \/>\n<span class=\"tooltips\"><a href=\"#\" rel=\"tooltip\" title=\"\"><img class=\"aligncenter size-full wp-image-153076\" src=\"http:\/\/www.lichtenfels.at\/neu\/wp-content\/uploads\/2018\/10\/info.png\" alt=\"\" width=\"50\" height=\"50\" \/><\/a><\/span>\n<\/div>\n<\/div>\n<div class=\"one_fourth\">\n<div class=\"member\">\n<div class='member-img'><img src='http:\/\/www.lichtenfels.at\/wp-content\/uploads\/2019\/01\/28-LAMMER-Julia.jpg' \/><\/div>\n<h4>LAMMER<br \/>\nJulia<\/h4>\n<div class=\"member-role\">(LJ)<br \/>\nMag.<\/div>\n<p>Englisch,<br \/>\nBiologie und Umweltkunde, Schulische Tagesbetreuung<\/p>\n<p>&#8211;<\/p>\n<p class=\"k1\">lammer.julia@lichtenfels.at<\/p>\n<p>&#8211;<br \/>\n<span class=\"tooltips\"><a href=\"#\" rel=\"tooltip\" title=\"Schulprofilgruppe (EAA); Gesundheitsf\u00f6rderung; \u00d6ffentlichkeitsarbeit (Messe\/Schulf\u00fchrungen); Organisation\/Koordination des English Theaters\"><img class=\"aligncenter size-full wp-image-153076\" src=\"http:\/\/www.lichtenfels.at\/neu\/wp-content\/uploads\/2018\/10\/info.png\" alt=\"\" width=\"50\" height=\"50\" \/><\/a><\/span>\n<\/div>\n<\/div>\n<div class=\"one_fourth\">\n<div class=\"member\">\n<div class='member-img'><img src='http:\/\/www.lichtenfels.at\/neu\/wp-content\/uploads\/2022\/09\/Leissenberger-Evelyn.jpg' \/><\/div>\n<h4>LEISSENBERGER<br \/>\nEvelyn<\/h4>\n<div class=\"member-role\">(LEI)<br \/>\nMag.<\/div>\n<p>Deutsch,<br \/>\nMusik,<\/p>\n<p>Schulische Tagesbetreuung<\/p>\n<p>&nbsp;<\/p>\n<p>&#8211;<\/p>\n<p class=\"k1\">leissenberger.evelyn@lichtenfels.at<\/p>\n<p>&#8211;<\/p>\n<p><span class=\"tooltips\"><a href=\"#\" rel=\"tooltip\" title=\"\"><img class=\"aligncenter size-full wp-image-153076\" src=\"http:\/\/www.lichtenfels.at\/neu\/wp-content\/uploads\/2018\/10\/info.png\" alt=\"\" width=\"50\" height=\"50\" \/><\/a><\/span>\n<\/div>\n<\/div>\n<div class=\"one_fourth last\">\n<div class=\"member\">\n<div class='member-img'><img src='http:\/\/www.lichtenfels.at\/neu\/wp-content\/uploads\/2018\/09\/pfundner.jpg' \/><\/div>\n<h4>M\u00fcller<br \/>\nLisa<\/h4>\n<div class=\"member-role\">(ML)<br \/>\nMag.<\/div>\n<p>Englisch,<br \/>\nItalienisch, Schulische Tagesbetreuung<\/p>\n<p>&nbsp;<\/p>\n<p>&nbsp;<\/p>\n<p>&#8211;<\/p>\n<p class=\"k1\">mueller.lisa@lichtenfels.at<\/p>\n<p>&#8211;<br \/>\n<span class=\"tooltips\"><a href=\"#\" rel=\"tooltip\" title=\"St\u00e4rken st\u00e4rken; Krisenintervention; Begabungs- und Begabtenf\u00f6rderung; Theraphiebegleithund- und Schulhundf\u00fchrerin; Homepage\"><img class=\"aligncenter size-full wp-image-153076\" src=\"http:\/\/www.lichtenfels.at\/neu\/wp-content\/uploads\/2018\/10\/info.png\" alt=\"\" width=\"50\" height=\"50\" \/><\/a><\/span>\n<\/div>\n<\/div>\n<div class=\"clear\"><\/div>\n<div class=\"one_fourth\">\n<div class=\"member\">\n<div class='member-img'><img src='https:\/\/www.lichtenfels.at\/wp-content\/uploads\/2022\/12\/2022_Schinnerl-scaled.jpg' \/><\/div>\n<h4>SCHINNERL<br \/>\nKlaus<\/h4>\n<div class=\"member-role\">(SI)<br \/>\nMag. <\/div>\n<p>Deutsch,<\/p>\n<p>Geschichte und Sozialkunde,<br \/>\nSchulische Tagesbetreuung<\/p>\n<p>&#8211;<\/p>\n<p class=\"k1\">schinnerl.klaus@lichtenfels.at<\/p>\n<p>&#8211;<br \/>\n<span class=\"tooltips\"><a href=\"#\" rel=\"tooltip\" title=\"\"><img class=\"aligncenter size-full wp-image-153076\" src=\"http:\/\/www.lichtenfels.at\/neu\/wp-content\/uploads\/2018\/10\/info.png\" alt=\"\" width=\"50\" height=\"50\" \/><\/a><\/span>\n<\/div>\n<\/div>\n<div class=\"one_fourth\">\n<div class=\"member\">\n<div class='member-img'><img src='https:\/\/www.lichtenfels.at\/wp-content\/uploads\/2021\/11\/Schauer-scaled.jpg' \/><\/div>\n<h4>SCHAUER<br \/>\nArmin<\/h4>\n<div class=\"member-role\">(SR)<br \/>\nMag.<\/div>\n<p>Bewegung und Sport, Geographie und Wirtschaftskunde, Schulische Tagesbetreuung<\/p>\n<p>&#8211;<\/p>\n<p class=\"k1\">schauer.armin@lichtenfels.at<\/p>\n<p>&#8211;<br \/>\n<span class=\"tooltips\"><a href=\"#\" rel=\"tooltip\" title=\"\"><img class=\"aligncenter size-full wp-image-153076\" src=\"http:\/\/www.lichtenfels.at\/neu\/wp-content\/uploads\/2018\/10\/info.png\" alt=\"\" width=\"50\" height=\"50\" \/><\/a><\/span>\n<\/div>\n<\/div>\n<div class=\"one_fourth\"><\/div>\n<div class=\"one_fourth last\"><\/div>\n<div class=\"clear\"><\/div>\n","protected":false},"excerpt":{"rendered":"<p>Schulische Tagesbetreuung Seit mehr als zwei Jahrzehnten bietet das BG\/BRG Lichtenfels seinen Sch\u00fcler:innen eine Schulische Tagesbetreuung (STB) an. Beginnend nach der 6. Stunde nehmen die Sch\u00fcler:innen in unserem Speisesaal ihr\u2026 <a href=\"https:\/\/www.lichtenfels.at\/neu\/angebot\/schulische-tagesbetreuung\/\" class=\"read-more-link\">weiterlesen &rarr;<\/a><\/p>\n","protected":false},"author":3,"featured_media":0,"parent":17615,"menu_order":4,"comment_status":"closed","ping_status":"closed","template":"page-fullwidth.php","meta":[],"_links":{"self":[{"href":"https:\/\/www.lichtenfels.at\/neu\/wp-json\/wp\/v2\/pages\/19281"}],"collection":[{"href":"https:\/\/www.lichtenfels.at\/neu\/wp-json\/wp\/v2\/pages"}],"about":[{"href":"https:\/\/www.lichtenfels.at\/neu\/wp-json\/wp\/v2\/types\/page"}],"author":[{"embeddable":true,"href":"https:\/\/www.lichtenfels.at\/neu\/wp-json\/wp\/v2\/users\/3"}],"replies":[{"embeddable":true,"href":"https:\/\/www.lichtenfels.at\/neu\/wp-json\/wp\/v2\/comments?post=19281"}],"version-history":[{"count":157,"href":"https:\/\/www.lichtenfels.at\/neu\/wp-json\/wp\/v2\/pages\/19281\/revisions"}],"predecessor-version":[{"id":1048916,"href":"https:\/\/www.lichtenfels.at\/neu\/wp-json\/wp\/v2\/pages\/19281\/revisions\/1048916"}],"up":[{"embeddable":true,"href":"https:\/\/www.lichtenfels.at\/neu\/wp-json\/wp\/v2\/pages\/17615"}],"wp:attachment":[{"href":"https:\/\/www.lichtenfels.at\/neu\/wp-json\/wp\/v2\/media?parent=19281"}],"curies":[{"name":"wp","href":"https:\/\/api.w.org\/{rel}","templated":true}]}}