{"id":19403,"date":"2018-09-15T11:40:43","date_gmt":"2018-09-15T09:40:43","guid":{"rendered":"http:\/\/www.lichtenfels.at\/neu\/?page_id=19403"},"modified":"2026-02-13T15:36:55","modified_gmt":"2026-02-13T14:36:55","slug":"unterstuetzungssysteme","status":"publish","type":"page","link":"https:\/\/www.lichtenfels.at\/neu\/angebot\/unterstuetzungssysteme\/","title":{"rendered":"Unterst\u00fctzungssysteme"},"content":{"rendered":"\t\t<div data-elementor-type=\"wp-page\" data-elementor-id=\"19403\" class=\"elementor elementor-19403\">\n\t\t\t\t\t\t<section class=\"elementor-section elementor-top-section elementor-element elementor-element-35c2d6a0 elementor-section-boxed elementor-section-height-default elementor-section-height-default\" data-id=\"35c2d6a0\" data-element_type=\"section\">\n\t\t\t\t\t\t<div class=\"elementor-container elementor-column-gap-default\">\n\t\t\t\t\t<div class=\"elementor-column elementor-col-100 elementor-top-column elementor-element elementor-element-6beb52e5\" data-id=\"6beb52e5\" data-element_type=\"column\">\n\t\t\t<div class=\"elementor-widget-wrap elementor-element-populated\">\n\t\t\t\t\t\t<div class=\"elementor-element elementor-element-73c438f1 elementor-widget elementor-widget-text-editor\" data-id=\"73c438f1\" data-element_type=\"widget\" data-widget_type=\"text-editor.default\">\n\t\t\t\t<div class=\"elementor-widget-container\">\n\t\t\t<style>\/*! elementor - v3.23.0 - 05-08-2024 *\/\n.elementor-widget-text-editor.elementor-drop-cap-view-stacked .elementor-drop-cap{background-color:#69727d;color:#fff}.elementor-widget-text-editor.elementor-drop-cap-view-framed .elementor-drop-cap{color:#69727d;border:3px solid;background-color:transparent}.elementor-widget-text-editor:not(.elementor-drop-cap-view-default) .elementor-drop-cap{margin-top:8px}.elementor-widget-text-editor:not(.elementor-drop-cap-view-default) .elementor-drop-cap-letter{width:1em;height:1em}.elementor-widget-text-editor .elementor-drop-cap{float:left;text-align:center;line-height:1;font-size:50px}.elementor-widget-text-editor .elementor-drop-cap-letter{display:inline-block}<\/style>\t\t\t\t<h1><img src=\"http:\/\/www.lichtenfels.at\/neu\/wp-content\/uploads\/2018\/09\/60-bg-brg-lichtenfels-schule-graz-gymnasium-realgymnasium-bildung-icons.png\" alt=\"\" width=\"162\" height=\"163\" \/><\/h1>\n<h1 style=\"text-align: center;\"><strong>Unterst\u00fctzungssysteme<\/strong><\/h1>\n<p>Wir haben es uns zur Aufgabe gemacht, unsere Sch\u00fclerInnen dabei zu unterst\u00fctzen, etwaige Probleme fr\u00fchzeitig zu erkennen und gemeinsam Ma\u00dfnahmen dagegen zu ergreifen (<a href=\"https:\/\/www.lichtenfels.at\/wp-content\/uploads\/2024\/05\/Tabellenaushang_RatundTat_2023-24.pdf\" target=\"_blank\" rel=\"noopener\">Rat und Tat \u00dcbersicht<\/a>).<\/p>\n<p><div class=\"one_half\"><\/p>\n<h2><strong>Sch\u00fclerInnennachhilfe:<\/strong><\/h2>\n<p>Um leistungsschw\u00e4cheren Sch\u00fclerInnen unter die Arme zu greifen und eine kosteng\u00fcnstigere und pers\u00f6nlichere Alternative zu schulexternen Nahhilfeinstituten und -lehrern zu bieten, haben wir beschlossen, am Lichtenfels eine schulinterne Nachhilfe einzurichten.<\/p>\n<p>Engagierte Sch\u00fcler und Sch\u00fclerinnen aus der Oberstufe unterst\u00fctzen Sch\u00fclerInnen der 5. bis 8. Schulstufe und bekommen daf\u00fcr eine Aufwandsentsch\u00e4digung von maximal 10\u20ac. Die Nachhilfe soll ausdr\u00fccklich in den R\u00e4umlichkeiten des Gymnasiums stattfinden.<\/p>\n<p>Bei Interesse senden Sie bitte eine Mail an <a href=\"mailto:kallinger.sigrid@lichtenfels.at\">kallinger.sigrid@lichtenfels.at<\/a> und geben Sie den Namen des Kindes sowie die Klasse an.\u00a0Das \u201eNachhilfelehrerInnen-Kontingent\u201c ist klarerweise je nach Jahrgang begrenzt, aber wir bem\u00fchen uns, f\u00fcr jede\/n, die\/der Hilfe braucht, einen passenden \u201eTutor\u201c \/ eine passende \u201eTutorin\u201c zu finden! Termine und Bezahlung gilt es dann mit dem Lernpartner pers\u00f6nlich zu vereinbaren.<\/p>\n<p>Wir freuen uns, dass unsere Sch\u00fclerInnen sich gegenseitig unterst\u00fctzen und dadurch das Miteinander am BG\/BRG Lichtefels st\u00e4rken!<\/p>\n<h2><strong>Jugendcoaching:<\/strong><\/h2>\n<p>Beim Jugendcoaching handelt es sich um eine professionelle Beratung von Sch\u00fclern der Oberstufe, die durch Lern- oder Motivationsschwierigkeiten bzw. sonstige Problemlagen vom Schulabbruch bedroht sind. Der Kontakt mit der Betreuungsperson des Jugendcoachings wird in der Schule angebahnt, in weiterer Folge werden die Sch\u00fclerInnen extern betreut. Die Unterst\u00fctzung kann bis zu einem Jahr lang erfolgen. In der Vergangenheit haben Sch\u00fclerinnen und Sch\u00fcler dieses Angebot immer wieder gerne angenommen und auch sehr profitiert davon.<\/p>\n<p>Ansprechperson: Mag. Tanja Sonnleitner<\/p>\n<ul>\n<li><a href=\"https:\/\/www.lichtenfels.at\/wp-content\/uploads\/2026\/02\/Infobrief-Jugendcoaching-VeHa-2025-26.pdf\" target=\"_blank\" rel=\"noopener\">Infobrief Jugendcoaching<\/a><\/li>\n<\/ul>\n<p><\/div><\/p>\n<p><div class=\"one_half last\"><\/p>\n<h2><strong>Buddy-System \/ &#8222;Paten&#8220;:<\/strong><\/h2>\n<p>Bereits zu Beginn der ersten Klasse \u00fcbernehmen Sch\u00fclerInnen aus der Oberstufe Patenschaften f\u00fcr die Kinder der ersten Klassen. Diese Paten unterst\u00fctzen die Kinder in der \u00dcbergangs- und Orientierungsphase und f\u00fchren diese in das Schulleben am BG\/BRG Lichtenfels ein.<\/p>\n<h2><strong>Peer Group Education:<\/strong><\/h2>\n<p>Unsere AIDS- und Suizid-Peers haben in einer mehrt\u00e4gigen Ausbildung des \u00f6sterreichischen Jugendrotkreuzes (Peer Group Education) umfassende Kenntnisse zu den Themen HIV\/AIDS und Suizidpr\u00e4vention erworben. Dieses Wissen \u00fcber den verantwortungsvollen Umgang mit K\u00f6rper und Gesundheit k\u00f6nnen die Peers auf partnerschaftlicher Ebene an ihre Mitsch\u00fclerInnen weitergeben.<\/p>\n<p>Zus\u00e4tzlich werden interessierte Sch\u00fclerInnen in mehreren Modulen an der Schule zu Mediations-Peers ausgebildet. Sie erwerben Zusatzqualifikationen und einen Abschluss im Bereich \u201eKonfliktmanagement und Mediation\u201c. Diese Peers stehen ihren MItsch\u00fclerInnen mit Workshops oder Gruppen- und Einzelmediationen in Konflikt- und Problemsituationen zur Seite.<\/p>\n<h4 style=\"text-align: center;\">Unsere Peers im Schuljahr 2018\/19:<\/h4>\n<p><a href=\"http:\/\/www.lichtenfels.at\/neu\/wp-content\/uploads\/2018\/10\/Peers_2018_19.jpg\"><img fetchpriority=\"high\" src=\"http:\/\/www.lichtenfels.at\/neu\/wp-content\/uploads\/2018\/10\/Peers_2018_19-300x200.jpg\" alt=\"\" width=\"300\" height=\"200\" \/><\/a><\/p>\n<p><\/div><div class=\"clear\"><\/div><\/p>\n<h2><strong><span lang=\"DE-AT\">Mobbingpr\u00e4vention:<\/span><\/strong><\/h2>\n<p><span lang=\"DE-AT\">Das Mobbingpr\u00e4ventionsteam dient der Unterst\u00fctzung zur Abfederung und Sichtbarmachung von Konflikten zwischen Sch\u00fcler:innen bzw in Klassen, bevor Mobbing entstehen kann.\u00a0<\/span>Es besteht aus der Schulpsychologin Mag. Fabienne Konrad-Wieser und mehreren Lehrpersonen, welche sowohl als Ansprechpersonen fungieren als auch Prozesse der Konfliktl\u00f6sung begleiten. Der Leiter des Mobbingpr\u00e4ventionsteams ist Mag. Johannes Kern.<\/p>\n<p>Ansprechpersonen:<\/p>\n<ul>\n<li>Mag. Fabienne Konrad-Wieser (fabienne.konrad-wieser@bildung-stmk.gv.at)<\/li>\n<li>Mag. Johannes Kern (kern.johannes@lichtenfels.at)<\/li>\n<li>Mag. Michael Berr (berr.michael@lichtenfels.at)<\/li>\n<li>Mag. Georg Blinzer (blinzer.georg@lichtenfels.at)<\/li>\n<li>MMag. Heidelinde Denk (denk.heidelinde@lichtenfels.at)<\/li>\n<li>Mag. Kathrin Diwiak (diwiak.kathrin@lichtenfels.at)<\/li>\n<li>Mag. Martina Doppler (doppler.martina@lichtenfels.at)<\/li>\n<li>BEd. Mohamed El-Hanafy (el-hanafy.mohamed@lichtenfels.at)<\/li>\n<li>Mag. Gabriele Gaar (gaar.gabriele@lichtenfels.at)<\/li>\n<li>Mag. Dr. Roswitha Giesbergen (giesbergen.roswitha@lichtenfels.at)<\/li>\n<li>BEd. Christopher Juri (juri.christopher@lichtenfels.at)<\/li>\n<li>Dipl.-Ing. Manuela Kljajic (kljajic.manuela@lichtenfels.at)<\/li>\n<li>Mag. David Kober (kober.david@lichtenfels.at)<\/li>\n<li>Mag. Doris Loibner-Kampus (loibner-kampus.doris@lichtenfels.at)<\/li>\n<li>MEd. Susanne Matschinegg (matschinegg.susanne@lichtenfels.at)<\/li>\n<li>[Karenz: Mag. Lisa M\u00fcller (mueller.lisa@lichtenfels.at)]<\/li>\n<li>Mag. Alexander Schmid (schmid.alexander@lichtenfels.at)<\/li>\n<li>Mag. Linda Tossold (tossold.linda@lichtenfels.at)<\/li>\n<li>Mag. Sandra Steinwidder (steinwidder.sandra@lichtenfels.at)<\/li>\n<li>Mag. Lydia Tscheinig (tscheinig.lydia@lichtenfels.at)<\/li>\n<li>Mag. Bernhard Wakolbinger (wakolbinger.bernhard@lichtenfels.at)<\/li>\n<li>Mag. Rafael Wiener (wiener.rafael@lichtenfels.at)<\/li>\n<\/ul>\n<h2><strong>Krisenteam:<\/strong><\/h2>\n<p>Unser Krisenteam, bestehend aus LehrerInnen, <a href=\"https:\/\/www.lichtenfels.at\/neu\/team\/schulpsychologin\/\">Schulpsychologin<\/a> und <a href=\"https:\/\/www.lichtenfels.at\/neu\/team\/schulaerztinnen\/\">Schul\u00e4rztInnen<\/a>, koordiniert falls notwendig Betreuungs- und F\u00f6rderma\u00dfnahmen.<\/p>\n<p>Hotline\/Krisenintervention<br \/><a href=\"https:\/\/www.bildung-stmk.gv.at\/service\/schulpsychologie\/Krisenintervention.html\" target=\"_blank\" rel=\"noopener\">https:\/\/www.bildung-stmk.gv.at\/service\/schulpsychologie\/Krisenintervention.html\u00a0<\/a><\/p>\n<h2>Leitung des Krisenteams:<\/h2>\n<p><div class=\"one_fourth\"><div class=\"member\"><div class='member-img'><img src='https:\/\/www.lichtenfels.at\/wp-content\/uploads\/2022\/12\/2022_Schadl-scaled.jpg' \/><\/div>\n      \t<h4>SCHADL Ulrike<\/h4>\n      \t<div class=\"member-role\">(SH)<br \/>Mag.<\/div><\/p>\n<p class=\"k1\">schadl.ulrike@lichtenfels.at<\/p>\n<p><br \/><br \/><\/div><\/div><\/p>\n<p><div class=\"one_fourth\"><div class=\"member\"><div class='member-img'><img src='https:\/\/www.lichtenfels.at\/wp-content\/uploads\/2018\/09\/regula.jpg' \/><\/div>\n      \t<h4>REGULA Alexandra<\/h4>\n      \t<div class=\"member-role\">(RG)<br \/>Mag.<\/div><\/p>\n<p class=\"k1\">regula.alexandra@lichtenfels.at<\/p>\n<p><br \/><br \/><\/div><\/div><\/p>\n<p><div class=\"one_fourth last\"><div class=\"member\"><div class='member-img'><img src='https:\/\/www.lichtenfels.at\/wp-content\/uploads\/2021\/11\/berr-scaled.jpg' \/><\/div>\n      \t<h4>BERR Michael<\/h4>\n      \t<div class=\"member-role\">(BM)<br \/>Mag.<\/div><\/p>\n<p class=\"k1\">berr.michael@lichtenfels.at<\/p>\n<p><br \/><br \/><\/div><\/p>\n<p><\/div><div class=\"clear\"><\/div><\/p>\n<h2><strong>Sch\u00fclerInnen- und Bildungsberatung:<\/strong><\/h2>\n<p>Offizieller Link zu Schullaufbahn- und Bildungsberatung:<br \/>h<a href=\"https:\/\/www.bildung-stmk.gv.at\/service\/schulpsychologie\/Sch-lerberatung.html\" target=\"_blank\" rel=\"noopener\">ttps:\/\/www.bildung-stmk.gv.at\/service\/schulpsychologie\/Sch-lerberatung.html<\/a><\/p>\n<h2>Ansprechpersonen<\/h2>\n<p><div class=\"one_fourth\"><strong>1. \u2013 3. Klassen<\/strong><\/div> <div class=\"one_fourth\"><strong>4. \u2013 5. Klassen<\/strong><\/div> <div class=\"one_fourth\"><strong>6. \u2013 8. Klassen<\/strong><\/div> <div class=\"one_fourth last\"><\/div><div class=\"clear\"><\/div><\/p>\n<p><div class=\"one_fourth\"><\/p>\n<p><div class=\"member\"><div class='member-img'><img src='http:\/\/www.lichtenfels.at\/neu\/wp-content\/uploads\/2018\/09\/manzenreiter.jpg' \/><\/div>\n      \t<h4>MANZENREITER Johann<\/h4>\n      \t<div class=\"member-role\">(MA)<\/p>\n<p>Mag.<\/div><\/p>\n<p class=\"k1\">manzenreiter.johann@lichtenfels.at<\/p>\n<p><\/div><\/p>\n<p><\/div><\/p>\n<p><div class=\"one_fourth\"><\/p>\n<p><div class=\"member\"><div class='member-img'><img src='http:\/\/www.lichtenfels.at\/neu\/wp-content\/uploads\/2018\/09\/sonnleitner-ta.jpg' \/><\/div>\n      \t<h4>SONNLEITNER Tanja<\/h4>\n      \t<div class=\"member-role\">(SN)<br \/>Mag.<\/div><\/p>\n<p class=\"k1\">sonnleitner.tanja@lichtenfels.at<\/p>\n<p><\/div><\/p>\n<p><\/div><\/p>\n<p><div class=\"one_fourth last\"><\/p>\n<p><div class=\"member\"><div class='member-img'><img src='https:\/\/www.lichtenfels.at\/wp-content\/uploads\/2021\/09\/Alexander-Schmid.jpg' \/><\/div>\n      \t<h4>SCHMID<br \/>Alexander<\/h4>\n      \t<div class=\"member-role\">(SCA)<br \/>Mag.<\/div><\/p>\n<p class=\"k1\">schmid.alexander@lichtenfels.at<\/p>\n<p><\/div><\/p>\n<p><\/div><div class=\"clear\"><\/div><\/p>\n<h2>Fixe Angebote der Sch\u00fclerInnen- und Bildungsberatung:<\/h2>\n<table>\n<tbody>\n<tr>\n<td width=\"100\"><strong><u>1. Klassen:<\/u><\/strong><\/td>\n<td>Vorstellung des Angebotes und der zust\u00e4ndigen KollegInnen bei Sch\u00fclerInnen und Eltern<\/td>\n<\/tr>\n<tr>\n<td><strong><u>2. Klassen:<\/u><\/strong><\/td>\n<td>Information \u00fcber die Wahlm\u00f6glichkeiten i. d. 3. Klasse (L, F, RG) f\u00fcr Sch\u00fclerInnen und Eltern<\/td>\n<\/tr>\n<tr>\n<td><strong><u>3. Klassen:<\/u><\/strong><\/td>\n<td>Organisation des Boys-\/Girlsdays; Interessenstests _Besuch des Talentcenters der WKO Stmk.<\/td>\n<\/tr>\n<tr>\n<td><strong><u>4. Klassen:<\/u><\/strong><\/td>\n<td>\u00dcberblick \u00fcber Angebote nach der 4. Klasse \u2013 M\u00f6glichkeiten an unserer Schule<br \/>\u201eFaszination Technik\u201c (mit BerufsorientierungskoordinatorIn)<\/td>\n<\/tr>\n<tr>\n<td><strong><u>5. Klassen:<\/u><\/strong><\/td>\n<td>Information \u00fcber Wahlpflichtf\u00e4cher ab der 6. Klasse + Neue RP f\u00fcr Sch\u00fcler\/innen und Eltern<\/td>\n<\/tr>\n<tr>\n<td><strong><u>6. Klassen:<\/u><\/strong><\/td>\n<td>Teilnahme an \u201eTake Tech\u201c (Betriebsbesuche)<\/td>\n<\/tr>\n<tr>\n<td><strong><u>7. Klassen:<\/u><\/strong><\/td>\n<td>Bewerbungstraining (AK Stmk.)<br \/>Informationen zur Matura<br \/>Informationen zu Studieng\u00e4ngen an Universit\u00e4ten \/ FHs:<br \/>erste Kontakte (Tag der Offenen T\u00fcr an den Grazer Unis)<br \/>18 plus: Informationen, Einzelberatung mit SAB<br \/>Informationen \u00fcber Bundesheer \/ Zivildienst<\/td>\n<\/tr>\n<tr>\n<td><strong><u>8. Klassen:<\/u><\/strong><\/td>\n<td>vertiefende Informationen \u00fcber Studieng\u00e4nge an den Universit\u00e4ten \/ FHs<br \/>18 plus: Einzelberatungen mit SAB, Realbegegnungen<br \/>MaturantInnenberatung an der KF Uni mit vielen terti\u00e4ren Institutionen<br \/>\u201eStudieren Probieren\u201c<\/td>\n<\/tr>\n<\/tbody>\n<\/table>\n<p><!-- wp:image {\"id\":983164,\"sizeSlug\":\"large\",\"linkDestination\":\"none\"} --><\/p>\n<figure><\/figure>\n<p><img src=\"https:\/\/www.lichtenfels.at\/wp-content\/uploads\/2025\/11\/Poster-Das-offene-Ohr.png\" alt=\"\" width=\"1587\" height=\"2245\" \/><\/p>\n<p><!-- \/wp:image --><\/p>\t\t\t\t\t\t<\/div>\n\t\t\t\t<\/div>\n\t\t\t\t\t<\/div>\n\t\t<\/div>\n\t\t\t\t\t<\/div>\n\t\t<\/section>\n\t\t\t\t<\/div>\n\t\t","protected":false},"excerpt":{"rendered":"<p>Unterst\u00fctzungssysteme Wir haben es uns zur Aufgabe gemacht, unsere Sch\u00fclerInnen dabei zu unterst\u00fctzen, etwaige Probleme fr\u00fchzeitig zu erkennen und gemeinsam Ma\u00dfnahmen dagegen zu ergreifen (Rat und Tat \u00dcbersicht). Sch\u00fclerInnennachhilfe: Um\u2026 <a href=\"https:\/\/www.lichtenfels.at\/neu\/angebot\/unterstuetzungssysteme\/\" class=\"read-more-link\">weiterlesen &rarr;<\/a><\/p>\n","protected":false},"author":3,"featured_media":0,"parent":17615,"menu_order":3,"comment_status":"closed","ping_status":"closed","template":"page-fullwidth.php","meta":[],"_links":{"self":[{"href":"https:\/\/www.lichtenfels.at\/neu\/wp-json\/wp\/v2\/pages\/19403"}],"collection":[{"href":"https:\/\/www.lichtenfels.at\/neu\/wp-json\/wp\/v2\/pages"}],"about":[{"href":"https:\/\/www.lichtenfels.at\/neu\/wp-json\/wp\/v2\/types\/page"}],"author":[{"embeddable":true,"href":"https:\/\/www.lichtenfels.at\/neu\/wp-json\/wp\/v2\/users\/3"}],"replies":[{"embeddable":true,"href":"https:\/\/www.lichtenfels.at\/neu\/wp-json\/wp\/v2\/comments?post=19403"}],"version-history":[{"count":118,"href":"https:\/\/www.lichtenfels.at\/neu\/wp-json\/wp\/v2\/pages\/19403\/revisions"}],"predecessor-version":[{"id":1120823,"href":"https:\/\/www.lichtenfels.at\/neu\/wp-json\/wp\/v2\/pages\/19403\/revisions\/1120823"}],"up":[{"embeddable":true,"href":"https:\/\/www.lichtenfels.at\/neu\/wp-json\/wp\/v2\/pages\/17615"}],"wp:attachment":[{"href":"https:\/\/www.lichtenfels.at\/neu\/wp-json\/wp\/v2\/media?parent=19403"}],"curies":[{"name":"wp","href":"https:\/\/api.w.org\/{rel}","templated":true}]}}