{"id":20049,"date":"2018-09-15T11:45:53","date_gmt":"2018-09-15T09:45:53","guid":{"rendered":"http:\/\/www.lichtenfels.at\/neu\/?page_id=20049"},"modified":"2026-02-11T09:35:36","modified_gmt":"2026-02-11T08:35:36","slug":"sga","status":"publish","type":"page","link":"https:\/\/www.lichtenfels.at\/neu\/team\/sga\/","title":{"rendered":"SGA"},"content":{"rendered":"<h4><strong>Mitglieder im Schuljahr 2025\/26:<\/strong><\/h4>\n<p><strong>Vorsitz<\/strong>: Dr. Mag. Marion Jelitzka<\/p>\n<div class=\"tabset tabstyle-horizontal clearfix\"><ul class=\"tabs\"><li class=\"tab\"><a href=\"#panel13121302471\">Lehrer:innen<\/a><\/li>\n<li class=\"tab\"><a href=\"#panel13121302472\">Sch\u00fcler:innen<\/a><\/li>\n<li class=\"tab\"><a href=\"#panel13121302473\">Eltern<\/a><\/li><\/ul><div class=\"panels\"><div class=\"panel\" id=\"panel13121302471\"><p><\/p>\n<ul>\n<li>Mag. Bettina Meixner<\/li>\n<li>Dr. Mag. Marion Jelitzka<\/li>\n<li>Mag. Kathrin Diwiak<\/li>\n<\/ul>\n<p><\/p><\/div>\n<div class=\"panel\" id=\"panel13121302472\"><p><\/p>\n<ul>\n<li>Eracle Della Pietra<\/li>\n<li>Adrian Pock<\/li>\n<li>Thomas Schachner<\/li>\n<\/ul>\n<p>bei Bedarf der\/die Unterstufensprecher\/in (in beratender Funktion)<\/p>\n<p><\/p><\/div>\n<div class=\"panel\" id=\"panel13121302473\"><p><\/p>\n<ul>\n<li>Dr. Thomas R\u00fchmer<\/li>\n<li>Miriam Hoheisel<\/li>\n<li>Inka Ameln-Schilling<\/li>\n<\/ul>\n<p><\/p><\/div><\/div><\/div>\n<h1>Kompetenzen des SGA:<\/h1>\n<h4>Entscheidung \u00fcber:<\/h4>\n<ul>\n<li>mehrt\u00e4gige Schulveranstaltungen<\/li>\n<li>Erkl\u00e4rung einer Veranstaltung zu einer schulbezogenen Veranstaltung<\/li>\n<li>Terminfestlegung und Durchf\u00fchrung von Elternsprechtagen<\/li>\n<li>Inhalt der Hausordnung<\/li>\n<li>Bewilligung der Durchf\u00fchrung von Sammlungen<\/li>\n<li>Durchf\u00fchrung von Veranstaltungen der Schulbahnberatung und Schulgesundheitspflege<\/li>\n<li>Vorhaben, die der Mitgestaltung des Schullebens dienen<\/li>\n<li>Erlassung schulautonomer Lehrplanbestimmungen<\/li>\n<li>schulautonome Festlegung von Er\u00f6ffnungs- und Teilungszahlen<\/li>\n<li>schulautonome Schulzeitregelungen (\u201eschulautonom freie Tage\u201c)<\/li>\n<\/ul>\n<h4>Beratung \u00fcber:<\/h4>\n<ul>\n<li>wichtige Fragen des Unterrichts<\/li>\n<li>wichtige Fragen der Erziehung<\/li>\n<li>Wahl von Unterrichtsmitteln<\/li>\n<li>Verwendung von der, der Schule zur Verwaltung \u00fcbertragenen Budgetmitteln<\/li>\n<li>Bauma\u00dfnahmen im Bereich der Schule<\/li>\n<\/ul>\n","protected":false},"excerpt":{"rendered":"<p>Mitglieder im Schuljahr 2025\/26: Vorsitz: Dr. Mag. Marion Jelitzka Kompetenzen des SGA: Entscheidung \u00fcber: mehrt\u00e4gige Schulveranstaltungen Erkl\u00e4rung einer Veranstaltung zu einer schulbezogenen Veranstaltung Terminfestlegung und Durchf\u00fchrung von Elternsprechtagen Inhalt der\u2026 <a href=\"https:\/\/www.lichtenfels.at\/neu\/team\/sga\/\" class=\"read-more-link\">weiterlesen &rarr;<\/a><\/p>\n","protected":false},"author":3,"featured_media":0,"parent":18022,"menu_order":3,"comment_status":"closed","ping_status":"closed","template":"page-fullwidth.php","meta":[],"_links":{"self":[{"href":"https:\/\/www.lichtenfels.at\/neu\/wp-json\/wp\/v2\/pages\/20049"}],"collection":[{"href":"https:\/\/www.lichtenfels.at\/neu\/wp-json\/wp\/v2\/pages"}],"about":[{"href":"https:\/\/www.lichtenfels.at\/neu\/wp-json\/wp\/v2\/types\/page"}],"author":[{"embeddable":true,"href":"https:\/\/www.lichtenfels.at\/neu\/wp-json\/wp\/v2\/users\/3"}],"replies":[{"embeddable":true,"href":"https:\/\/www.lichtenfels.at\/neu\/wp-json\/wp\/v2\/comments?post=20049"}],"version-history":[{"count":39,"href":"https:\/\/www.lichtenfels.at\/neu\/wp-json\/wp\/v2\/pages\/20049\/revisions"}],"predecessor-version":[{"id":1120325,"href":"https:\/\/www.lichtenfels.at\/neu\/wp-json\/wp\/v2\/pages\/20049\/revisions\/1120325"}],"up":[{"embeddable":true,"href":"https:\/\/www.lichtenfels.at\/neu\/wp-json\/wp\/v2\/pages\/18022"}],"wp:attachment":[{"href":"https:\/\/www.lichtenfels.at\/neu\/wp-json\/wp\/v2\/media?parent=20049"}],"curies":[{"name":"wp","href":"https:\/\/api.w.org\/{rel}","templated":true}]}}