{"id":441633,"date":"2020-01-08T08:38:33","date_gmt":"2020-01-08T07:38:33","guid":{"rendered":"http:\/\/www.lichtenfels.at\/neu\/?page_id=441633"},"modified":"2025-09-15T09:32:31","modified_gmt":"2025-09-15T07:32:31","slug":"erasmus","status":"publish","type":"page","link":"https:\/\/www.lichtenfels.at\/neu\/schule\/kooperationen\/erasmus\/","title":{"rendered":"Erasmus+"},"content":{"rendered":"<p><div class=\"three_fourth\"><\/p>\r\n<h1><strong>Erasmus+ am BG\/BRG Lichtenfels<\/strong><\/h1>\r\n<p style=\"font-weight: 400;\">Das Lernmobilit\u00e4tsprogramm der EU bietet Sch\u00fcler:innen die M\u00f6glichkeit zu <strong>Auslandsaufenthalten<\/strong>, sowohl individuell als auch in Gruppen.<\/p>\r\n<p style=\"font-weight: 400;\">Die Schule erstellt das Budget basierend auf den geplanten Mobilit\u00e4ten und verwaltet dieses. Sozial benachteiligte Teilnehmende unterst\u00fctzt das Erasmus+ Programm zus\u00e4tzlich.<\/p>\r\n<p><div class=\"one_half\"><\/p>\r\n<ul style=\"font-weight: 400;\">\r\n<li>EU-Programm zur F\u00f6rderung der schulischen Bildung in Europa<\/li>\r\n<li><em>Teilfinanzierung\u00a0<\/em>von Projekten und Mobilit\u00e4ten<\/li>\r\n<li><em>Erasmus+<\/em>\u00a0unterst\u00fctzt vor allem:\r\n<ul>\r\n<li>grenz\u00fcberschreitende Kooperationen zwischen Schulen sowie<\/li>\r\n<li>Einzelmobilit\u00e4ten f\u00fcr Lehrpersonen und Sch\u00fcler:innen<\/li>\r\n<\/ul>\r\n<\/li>\r\n<li>Akkreditierung\u00a0<em>2021 \u2013 2027<\/em><\/li>\r\n<\/ul>\r\n<p><\/div><\/p>\r\n<p><div class=\"one_half last\"><\/p>\r\n<p><a href=\"https:\/\/www.lichtenfels.at\/wp-content\/uploads\/2021\/02\/Erasmus_overview-II-2.pdf\" target=\"_blank\" rel=\"noopener\"><img class=\"alignnone wp-image-961762 size-medium\" src=\"https:\/\/www.lichtenfels.at\/wp-content\/uploads\/2021\/02\/Erasmus_overview-II-2-300x169.jpg\" alt=\"\" height=\"500\" srcset=\"https:\/\/www.lichtenfels.at\/wp-content\/uploads\/2021\/02\/Erasmus_overview-II-2-300x169.jpg 300w, https:\/\/www.lichtenfels.at\/wp-content\/uploads\/2021\/02\/Erasmus_overview-II-2-1024x576.jpg 1024w, https:\/\/www.lichtenfels.at\/wp-content\/uploads\/2021\/02\/Erasmus_overview-II-2-768x432.jpg 768w, https:\/\/www.lichtenfels.at\/wp-content\/uploads\/2021\/02\/Erasmus_overview-II-2-1536x864.jpg 1536w, https:\/\/www.lichtenfels.at\/wp-content\/uploads\/2021\/02\/Erasmus_overview-II-2-2048x1152.jpg 2048w\" sizes=\"(max-width: 300px) 100vw, 300px\" \/><\/a> <\/div><div class=\"clear\"><\/div><\/p>\r\n<p style=\"font-weight: 400;\">Unsere Schule bietet die M\u00f6glichkeit mit <em>Erasmus+<\/em>\u00a0wertvolle Erfahrung im Ausland zu sammeln. Die\u00a0<strong>Budgetierung<\/strong><em>\u00a0<\/em>erfolgt jeweils im\u00a0<em>Februar<\/em>, daher bitten wir interessierte Sch\u00fcler:innen, sich bis\u00a0<strong>Ende J\u00e4nner mit einem kurzen Motivationsschreiben<\/strong>\u00a0per E-Mail\u00a0(Angabe der Dauer des Aufenthalts* und des Ziellandes innerhalb der EU) an\u00a0<a href=\"mailto:truppe.daniel@lichtenfels.at\"><strong>truppe.daniel@lichtenfels.at<\/strong><\/a><strong>\u00a0<\/strong>zu wenden.<\/p>\r\n<p style=\"font-weight: 400;\">Nach Ende der Bewerbungsfrist w\u00e4hlt die Schule nach bestimmten\u00a0<em>Kriterien<\/em>, wie z.B.:\u00a0<em>schulische Leistung,\u00a0Sprachkenntnisse,\u00a0Motivation<\/em>\u00a0oder\u00a0<em>Verhalten<\/em>, Kandidat:innen f\u00fcr die Auslandsaufenthalte aus.<\/p>\r\n<p style=\"font-weight: 400;\"><strong><em>*Kurzzeitmobilit\u00e4t 10 \u2013 29 Tage, Langzeitmobilit\u00e4t 30 Tage \u2013 1 Jahr<\/em><\/strong><\/p>\r\n<p><a href=\"https:\/\/www.lichtenfels.at\/wp-content\/uploads\/2025\/02\/Erasmusmobiliaeten_Ueberblick.pdf\" target=\"_blank\" rel=\"noopener\">&#8211;&gt; Erasmusmobili\u00e4ten \u00dcberblick<\/a><\/p>\r\n<p><\/div><\/p>\r\n<p><div class=\"one_fourth last\"><\/p>\r\n<p><div class=\"member\"><div class='member-img'><img src='https:\/\/www.lichtenfels.at\/wp-content\/uploads\/2023\/11\/Truppe-scaled.jpg' \/><\/div>\n      \t<h4>TRUPPE-BUGRAM<br \/>Daniel<\/h4>\n      \t<div class=\"member-role\">(TD)<br \/>Mag.<\/div>Erasmus Sprechstunde:<\/p>\r\n<p>Donnerstag, 4. Stunde<\/p>\r\n<p>&#8211;<\/p>\r\n<p class=\"k1\">truppe.daniel@lichtenfels.at<\/div><\/p>\r\n<p><\/div><div class=\"clear\"><\/div><\/p>\r\n<p><h1 class=\"title\"><span>Partnerschulen &amp; Partnerorganisationen<\/span><\/h1><\/p>\r\n<p>Internationale Kooperationen und die Nutzung von Erasmus sind Teil der Qualit\u00e4tsstrategie unserer Schule. Finden Sie <a href=\"https:\/\/www.lichtenfels.at\/wp-content\/uploads\/2021\/02\/PARTNERSCHULEN-Ueberblick.pdf\" target=\"_blank\" rel=\"noopener\">hier<\/a> unsere Partnerschulen und Partnerorganisationen.<\/p>\r\n<p><a href=\"https:\/\/www.lichtenfels.at\/wp-content\/uploads\/2025\/04\/PARTNERSCHULEN-Ueberblick.pdf\" target=\"_blank\" rel=\"noopener\"><img loading=\"lazy\" class=\"aligncenter  wp-image-970795\" src=\"https:\/\/www.lichtenfels.at\/wp-content\/uploads\/2025\/04\/PartnerschuenErasmus.png\" alt=\"\" width=\"386\" height=\"308\" \/><\/a><\/p>\r\n<p>&nbsp;<\/p>\r\n<p><h1 class=\"title\"><span>Aktuelles zu Erasmus+<\/span><\/h1><\/p>\r\n<p style=\"font-weight: 400;\">Im Februar und M\u00e4rz freuen wir uns auf spannende Kooperationen mit unseren Partnerschulen! Gemeinsam mit unserer Partnerschule aus <strong>G\u00f6teborg<\/strong> werden wir zwei Projekte umsetzen: eines zum Thema <strong>Zweiter Weltkrieg und Stolpersteine<\/strong> und ein weiteres zur <strong>Nachhaltigkeit<\/strong>.<\/p>\r\n<p style=\"font-weight: 400;\">Zus\u00e4tzlich starten wir ein Projekt mit unserer Partnerschule aus <strong>Istanbul<\/strong>, das sich mit <strong>kulturellen Gemeinsamkeiten und Unterschieden<\/strong> besch\u00e4ftigt. Wir freuen uns schon sehr auf die Zusammenarbeit und den Austausch mit unseren Partnern aus Schweden und der T\u00fcrkei!<\/p>\r\n<p>&nbsp;<\/p>\r\n<ul style=\"font-weight: 400;\">\r\n<li style=\"list-style-type: none;\">\r\n<ul style=\"font-weight: 400;\"><ul class=\"wp-block-latest-posts__list wp-block-latest-posts\"><li><a class=\"wp-block-latest-posts__post-title\" href=\"https:\/\/www.lichtenfels.at\/neu\/lebenslanges-lernen-teil-2\/\">\u201eLebenslanges Lernen\u201c \u2013 Teil 2<\/a><div class=\"wp-block-latest-posts__post-excerpt\">In der letzten Woche haben Sch\u00fcler:innen des BG\/BRG Lichtenfels gemeinsam mit unserer Partnerschule Frida Gymnasiet (Schweden) den zweiten Teil des Erasmus+ Projekts \u201eLebenslanges Lernen\u201c&nbsp;erlebt.Gemeinsam haben sie Schulsysteme verglichen, \u00fcber Chancen und M\u00f6glichkeiten von Bildung diskutiert und dar\u00fcber nachgedacht, wie Lernen ein Leben lang Spa\u00df machen kann. Ein Highlight war der Skitag am Pr\u00e4bichl, bei dem\u2026 <a href=\"https:\/\/www.lichtenfels.at\/neu\/lebenslanges-lernen-teil-2\/\" class=\"read-more-link\">weiterlesen &rarr;<\/a><\/div><\/li>\n<li><a class=\"wp-block-latest-posts__post-title\" href=\"https:\/\/www.lichtenfels.at\/neu\/ciao-graz-buongiorno-firenze-zwei-wochen-voller-kultur-schule-dolce-vita\/\">Ciao Graz \u2013 Buongiorno Firenze! Zwei Wochen voller Kultur, Schule &#038; Dolce Vita<\/a><div class=\"wp-block-latest-posts__post-excerpt\">Nach 14 aufregenden Tagen mit den italienischen Austauschsch\u00fclerinnen aus Florenz in Graz konnten unsere Sch\u00fclerinnen ebenfalls f\u00fcr zwei Wochen Italien pur genie\u00dfen.Erasmus+ machte es m\u00f6glich, die Kultur, das italienische Schulleben und den Alltag hautnah zu erleben \u2013 und dabei unvergessliche Momente zu sammeln. Ob beim Besuch des Unterrichts an der Partnerschule, beim Erkunden historischer St\u00e4dte,\u2026 <a href=\"https:\/\/www.lichtenfels.at\/neu\/ciao-graz-buongiorno-firenze-zwei-wochen-voller-kultur-schule-dolce-vita\/\" class=\"read-more-link\">weiterlesen &rarr;<\/a><\/div><\/li>\n<li><a class=\"wp-block-latest-posts__post-title\" href=\"https:\/\/www.lichtenfels.at\/neu\/erasmus-aufenthalt-in-goeteborg\/\">Erasmus+ Aufenthalt in G\u00f6teborg<\/a><div class=\"wp-block-latest-posts__post-excerpt\">Vom 12. bis 17. September hatten 11 Sch\u00fcler:innen des Lichtenfelsgymnasiums die M\u00f6glichkeit, im Rahmen des Erasmus+-Programms nach G\u00f6teborg zu reisen. Gemeinsam mit ihren Partner:innen des\u00a0Frida Gymnasiet\u00a0aus Schweden erlebten sie eine Woche voller neuer Eindr\u00fccke, spannender Begegnungen und wertvoller Lernerfahrungen. An zwei Tagen besuchten die Teilnehmer:innen den regul\u00e4ren Unterricht an der Gastschule. So konnten sie unterschiedliche\u2026 <a href=\"https:\/\/www.lichtenfels.at\/neu\/erasmus-aufenthalt-in-goeteborg\/\" class=\"read-more-link\">weiterlesen &rarr;<\/a><\/div><\/li>\n<li><a class=\"wp-block-latest-posts__post-title\" href=\"https:\/\/www.lichtenfels.at\/neu\/wanderausstellung-30-jahre-oesterreich-in-der-eu-wachsen-in-europa-am-lichtenfels\/\">Wanderausstellung \u201e30 Jahre \u00d6sterreich in der EU \u2013 Wachsen in EUropa\u201c\u00a0am Lichtenfels<\/a><div class=\"wp-block-latest-posts__post-excerpt\">Mit dem 1. J\u00e4nner 2025 feiert \u00d6sterreich sein 30-j\u00e4hriges Jubil\u00e4um als Mitglied der Europ\u00e4ischen Union. Aus diesem Anlass pr\u00e4sentieren wir an unserer Schule die Wanderausstellung&nbsp;\u201e30 Jahre \u00d6sterreich in der EU \u2013 Wachsen in EUropa\u201c, die sich mit \u00d6sterreichs Weg in die EU und seiner aktiven Mitgestaltung dieses einzigartigen Friedens- und Gemeinschaftsprojekts befasst. Die Ausstellung beleuchtet,\u2026 <a href=\"https:\/\/www.lichtenfels.at\/neu\/wanderausstellung-30-jahre-oesterreich-in-der-eu-wachsen-in-europa-am-lichtenfels\/\" class=\"read-more-link\">weiterlesen &rarr;<\/a><\/div><\/li>\n<li><a class=\"wp-block-latest-posts__post-title\" href=\"https:\/\/www.lichtenfels.at\/neu\/erasmus-job-shadowing-lehrerinnen-aus-maribor-zu-gast\/\">Erasmus+ Job Shadowing: Lehrerinnen aus Maribor zu Gast<\/a><div class=\"wp-block-latest-posts__post-excerpt\">Im Rahmen des Erasmus+ Programms besuchten &nbsp;Jo\u017eica Brecl (Chemie- und Biologielehrerin) und Brigita \u017daucer (Laborassistentin) der Zavod Antona Martina Slom\u0161ka Schuleaus Maribor von 20.3. \u2013 21. 3. 2025 unsere Schule f\u00fcr ein zweit\u00e4giges Job Shadowing. W\u00e4hrend ihres Aufenthalts hatten sie die Gelegenheit, den Chemie- und Biologieunterricht bei Mag. Pisu Sandra, MMag. Heidi Denk und Mag.\u2026 <a href=\"https:\/\/www.lichtenfels.at\/neu\/erasmus-job-shadowing-lehrerinnen-aus-maribor-zu-gast\/\" class=\"read-more-link\">weiterlesen &rarr;<\/a><\/div><\/li>\n<\/ul><\/ul>\r\n<\/li>\r\n<\/ul>\r\n<p>&nbsp;<\/p>\r\n<p><h1 class=\"title\"><span>Lichtenfels goes Erasmus+<\/span><\/h1> \u00a0\u00a0<img loading=\"lazy\" class=\"alignnone wp-image-834178 \" src=\"https:\/\/www.lichtenfels.at\/wp-content\/uploads\/2023\/10\/eu_co_funded_en-1024x215.jpg\" alt=\"\" width=\"305\" height=\"64\" srcset=\"https:\/\/www.lichtenfels.at\/wp-content\/uploads\/2023\/10\/eu_co_funded_en-1024x215.jpg 1024w, https:\/\/www.lichtenfels.at\/wp-content\/uploads\/2023\/10\/eu_co_funded_en-300x63.jpg 300w, https:\/\/www.lichtenfels.at\/wp-content\/uploads\/2023\/10\/eu_co_funded_en-768x161.jpg 768w, https:\/\/www.lichtenfels.at\/wp-content\/uploads\/2023\/10\/eu_co_funded_en.jpg 1100w\" sizes=\"(max-width: 305px) 100vw, 305px\" \/> <strong>\u00a0<\/strong>Das Lichtenfelsgymnasium legt schon seit vielen Jahren gro\u00dfen Wert auf Internationalisierung. Sprachreisen und Austauschprojekte, vor allem mit Frankreich, England, Irland, Italien und den USA, tragen wesentlich zur F\u00f6rderung der Fremdsprachenkenntnisse bei und er\u00f6ffnen den Sch\u00fclerInnen Einblick in fremde Kulturen. Viele Oberstufensch\u00fclerInnen nutzen zudem die M\u00f6glichkeit eines Auslandssemesters oder \u2013jahres, um noch intensiver in andere Sprach- und Kulturkreise einzutauchen. Unser Gymnasium tr\u00e4gt seit 1998 mit Stolz den Titel <em>UNESCO-Schule<\/em> und verbindet damit die Verpflichtung und Chance, das Welt-Kulur und Natur-Erbe zu erforschen und zu pflegen, Fremdsprachenkenntnisse als Grundvoraussetzung f\u00fcr internationale Zusammenarbeit zu f\u00f6rdern, Sensibilit\u00e4t f\u00fcr als auch Strategien gegen jede Art von Intoleranz und Rassismus zu entwickeln. Die \u00d6ffnung in Richtung internationaler Kooperation hat in den letzten Jahren einen immensen Schub durch das europ\u00e4ische F\u00f6rderprogramm Erasmus+ erhalten. Derzeit nimmt die Schule an zwei gro\u00dfen Erasmus+Projekten teil: <strong>\u00a0<em>\u201eGrenzenlos macht Schule<\/em><\/strong><em>\u201c <\/em>ist ein gro\u00dfes, schul\u00fcbergreifendes Konsortiumsprojekt, das acht KollegInnen unserer Schule in verschiedene europ\u00e4ische L\u00e4nder f\u00fchrte, um sich dort in diversen Kursen oder in Form von Jobshadowing mit den didaktischen Ans\u00e4tzen unterschiedlicher Schulsysteme und mit Fragen des Fremdsprachenerwerbs auseinanderzusetzen. Die Erfahrungen und Impulse aus diesen Mobilit\u00e4ten k\u00f6nnen dann wiederum in den Unterricht an der eigenen Schule einflie\u00dfen. Im Rahmen dieses Projekts war es auch unserem Schulbibliothekar, Herrn Prof. Pichlbauer, m\u00f6glich, die Leipziger Buchmesse 2019 zu besuchen und sich von Schulbibliotheken in Leipzig inspirieren zu lassen.<\/p>\r\n<p style=\"text-align: center;\"><div class=\"one_half\"><a href=\"http:\/\/www.lichtenfels.at\/wp-content\/uploads\/2020\/01\/ErasmusPlus1.jpg\"><img loading=\"lazy\" class=\"aligncenter wp-image-441786 size-medium\" src=\"http:\/\/www.lichtenfels.at\/wp-content\/uploads\/2020\/01\/ErasmusPlus1-300x169.jpg\" alt=\"\" width=\"300\" height=\"169\" srcset=\"https:\/\/www.lichtenfels.at\/wp-content\/uploads\/2020\/01\/ErasmusPlus1-300x169.jpg 300w, https:\/\/www.lichtenfels.at\/wp-content\/uploads\/2020\/01\/ErasmusPlus1.jpg 711w\" sizes=\"(max-width: 300px) 100vw, 300px\" \/><\/a><\/p>\r\n<p style=\"text-align: center;\">Prof. \u00a0Diwiak (dritte von links) absolvierte einen Erasmus+Kurs in Finnland<\/p>\r\n<p style=\"text-align: center;\"><\/div> <div class=\"one_half last\"><a href=\"http:\/\/www.lichtenfels.at\/wp-content\/uploads\/2020\/01\/ErasmusPlus2.jpg\"><img loading=\"lazy\" class=\"aligncenter wp-image-441797 size-medium\" src=\"http:\/\/www.lichtenfels.at\/wp-content\/uploads\/2020\/01\/ErasmusPlus2-300x211.jpg\" alt=\" height=\" width=\"300\" height=\"211\" srcset=\"https:\/\/www.lichtenfels.at\/wp-content\/uploads\/2020\/01\/ErasmusPlus2-300x211.jpg 300w, https:\/\/www.lichtenfels.at\/wp-content\/uploads\/2020\/01\/ErasmusPlus2.jpg 562w\" sizes=\"(max-width: 300px) 100vw, 300px\" \/><\/a><\/p>\r\n<p style=\"text-align: center;\">Prof. Pichlbauer besuchte im Rahmen von Erasmus+ die Leipziger Buchmesse<\/p>\r\n<p style=\"text-align: center;\"><\/div><div class=\"clear\"><\/div><\/p>\r\n<p>Das zweite Erasmus+Projekt ist eine School Exchange Partnerschaft mit der Schule Ste. Jeanne Elisabeth in Paris und geht inhaltlich auf unser Schuljubil\u00e4um ein. <strong><em>&#8222;Wie werden wir morgen leben?&#8220;<\/em><\/strong> &#8211; Diesem Motto folgend befassen sich Sch\u00fclerInnen des Lichtenfels und der Pariser Schule mit den UNESO-Zielen f\u00fcr nachhaltige Entwicklung (Sustainable Development Goals) und tauschen ihre Gedanken und Ergebnisse aus. H\u00f6hepunkt dieses Projekts ist nat\u00fcrlich der gegenseitige Besuch im Wintersemester des n\u00e4chsten Schuljahres, diesmal gef\u00f6rdert durch Erasmus-Budget, was im Sinne sozialer Gerechtigkeit bedeutet, dass die Teilnahme am Sprachaustausch nicht von der Finanzkraft der Eltern abh\u00e4ngig ist.<\/p>\r\n<p style=\"text-align: center;\"><div class=\"one_half\"><a href=\"http:\/\/www.lichtenfels.at\/wp-content\/uploads\/2020\/01\/ErasmusPlus3.jpg\"><img loading=\"lazy\" class=\"aligncenter wp-image-441808 size-medium\" src=\"http:\/\/www.lichtenfels.at\/wp-content\/uploads\/2020\/01\/ErasmusPlus3-300x225.jpg\" alt=\"\" width=\"300\" height=\"225\" srcset=\"https:\/\/www.lichtenfels.at\/wp-content\/uploads\/2020\/01\/ErasmusPlus3-300x225.jpg 300w, https:\/\/www.lichtenfels.at\/wp-content\/uploads\/2020\/01\/ErasmusPlus3-768x577.jpg 768w, https:\/\/www.lichtenfels.at\/wp-content\/uploads\/2020\/01\/ErasmusPlus3.jpg 958w\" sizes=\"(max-width: 300px) 100vw, 300px\" \/><\/a><\/div><\/p>\r\n<p style=\"text-align: center;\"><div class=\"one_fourth\"><\/p>\r\n<p style=\"text-align: center;\"><div class=\"one_half last\"><\/div><div class=\"clear\"><\/div><\/p>\r\n<p style=\"text-align: center;\">LichtenfelserInnen in Paris (Erasmus+ Exchange Programme)<\/p>\r\n<p style=\"text-align: center;\"><\/div> <div class=\"one_fourth last\"><\/div><div class=\"clear\"><\/div><\/p>\r\n<p>Auch beim Erasmus+ Projekt \u201eSprachen als Bindeglied der Kulturen und als Motor f\u00fcr wirtschaftliche Entwicklung\u201c war unsere Schule aktiv eingebunden. Prof. Smolka nahm an einer Franz\u00f6sisch-Fortbildung in Nizza teil und besuchte verschiedenen didaktische und p\u00e4dagogische Module. Eine Vielzahl der dort erworbenen Methoden und Ans\u00e4tze fanden bereits Einzug in den Unterricht, sodass auch die Sch\u00fcler_innen direkt von diesem Erasmus+ Projekt profitierten. <a href=\"http:\/\/www.lichtenfels.at\/wp-content\/uploads\/2020\/09\/Abschluss.jpg\"><img loading=\"lazy\" class=\"wp-image-511247 size-medium alignleft\" src=\"http:\/\/www.lichtenfels.at\/wp-content\/uploads\/2020\/09\/Abschluss-300x200.jpg\" alt=\"\" width=\"300\" height=\"200\" srcset=\"https:\/\/www.lichtenfels.at\/wp-content\/uploads\/2020\/09\/Abschluss-300x200.jpg 300w, https:\/\/www.lichtenfels.at\/wp-content\/uploads\/2020\/09\/Abschluss-768x512.jpg 768w, https:\/\/www.lichtenfels.at\/wp-content\/uploads\/2020\/09\/Abschluss.jpg 1024w\" sizes=\"(max-width: 300px) 100vw, 300px\" \/><\/a> \u00a0<\/p>\r\n<p style=\"text-align: left;\">Prof. Smolka (1. Reihe, zweite von rechts) besuchte eine Franz\u00f6sisch-Fortbildung in Nizza<\/p>\r\n<p>\u00a0 \u00a0 Im J\u00e4nner 2020 hatte Prof. Nikolaus Holzapfel die Gelegenheit, am Erasmus+Projekt <em>&#8222;Accordons nos langues en musique!&#8220; <\/em>in Nizza dabei zu sein. Diese Fortbildungsveranstaltung bot MusikerInnen verschiedenster Bildungsinstitutionen (Gymnasien, Musikschulen, Koservatorien) die einmalige M\u00f6glichkeit, mit der Partnerinstitution Francophonia die franz\u00f6sische Sprache, eingebettet in eine Vielzahl von kulturellen Veranstaltungen, zu erleben. Ausgehend vom Standort Nizza wurde den TeilnehmerInnen das kulturelle Erbe der Region nahegebracht, es wurden die Nachbarorte Antibes, Cannes, Monaco, Villefranche-sur-mer sowie Sospel erkundet. Musikalische Schwerpunkte dieser Woche waren der Besuch des Konservatoriums von Nizza, der Oper von Nizza mit einer Auff\u00fchrung von \u201eCosi fan tutte\u201c sowie ein Konzert der Philharmonie Monaco ebendort. Das t\u00e4gliche Fortbildungsprogramm umfasste zwei Vormittage mit einem Linguistik-Professor der Universit\u00e4t Nizza (Schwerpunkt: Lyrik und Liedtexte) sowie drei Kursbl\u00f6cke mit dem \u00f6sterreichischen Musikp\u00e4dagogen und Komponisten Klaus Dorfegger, der die Bereiche \u201eGeschichte der Franz\u00f6sischen Oper\u201c, \u201eZeitgen\u00f6ssische Musik\u201c und \u201eDas Lied\u201c in steter Verflechtung mit dem Gastland Frankreich spannend pr\u00e4sentierte. Abgerundet wurde diese Woche durch viele kulinarische Gen\u00fcsse, herrliche Museen, philosophische Diskurse und einen sehr herzlichen interkulturellen Abend.<\/p>\r\n<p style=\"text-align: center;\"><div class=\"two_fifth\"><a href=\"http:\/\/www.lichtenfels.at\/wp-content\/uploads\/2020\/09\/Nizza_Holzapfel.jpg\"><img loading=\"lazy\" class=\"size-medium wp-image-512320 alignright\" src=\"http:\/\/www.lichtenfels.at\/wp-content\/uploads\/2020\/09\/Nizza_Holzapfel-225x300.jpg\" alt=\"\" width=\"225\" height=\"300\" srcset=\"https:\/\/www.lichtenfels.at\/wp-content\/uploads\/2020\/09\/Nizza_Holzapfel-225x300.jpg 225w, https:\/\/www.lichtenfels.at\/wp-content\/uploads\/2020\/09\/Nizza_Holzapfel.jpg 272w\" sizes=\"(max-width: 225px) 100vw, 225px\" \/><\/a><\/div> <div class=\"one_fifth\"><\/p>\r\n<p>&nbsp;<\/p>\r\n<p style=\"text-align: center;\">Prof. Holzapfel bei seinem Musikprojekt in Nizza<\/div><div class=\"two_fifth last\"><a href=\"http:\/\/www.lichtenfels.at\/wp-content\/uploads\/2020\/09\/Nizza_Holzapfel2.jpg\"><img loading=\"lazy\" class=\"size-full wp-image-512331 alignleft\" src=\"http:\/\/www.lichtenfels.at\/wp-content\/uploads\/2020\/09\/Nizza_Holzapfel2.jpg\" alt=\"\" width=\"324\" height=\"257\" srcset=\"https:\/\/www.lichtenfels.at\/wp-content\/uploads\/2020\/09\/Nizza_Holzapfel2.jpg 324w, https:\/\/www.lichtenfels.at\/wp-content\/uploads\/2020\/09\/Nizza_Holzapfel2-300x238.jpg 300w\" sizes=\"(max-width: 324px) 100vw, 324px\" \/><\/a><\/div><div class=\"clear\"><\/div>F\u00fcr die n\u00e4chsten zwei Jahre plant die Bildungsdirektion ein Konsortiumsprojekt mit den thematischen Schwerpunkten \u00d6kologie\/Umwelt\/Nachhaltigkeit, das Projekt tr\u00e4gt den Titel &#8222;<strong>D\u00d6KOT &#8211; Das \u00f6kologische Talent&#8220;. <\/strong>Unsere Schule hat sich hief\u00fcr bereits zum Mitmachen angemeldet und wir freuen uns schon auf weitere spannende Projekte, die unseren Schulalltag bereichern werden.<\/p>","protected":false},"excerpt":{"rendered":"<p>Erasmus+ am BG\/BRG Lichtenfels Das Lernmobilit\u00e4tsprogramm der EU bietet Sch\u00fcler:innen die M\u00f6glichkeit zu Auslandsaufenthalten, sowohl individuell als auch in Gruppen. Die Schule erstellt das Budget basierend auf den geplanten Mobilit\u00e4ten\u2026 <a href=\"https:\/\/www.lichtenfels.at\/neu\/schule\/kooperationen\/erasmus\/\" class=\"read-more-link\">weiterlesen &rarr;<\/a><\/p>\n","protected":false},"author":3,"featured_media":0,"parent":18403,"menu_order":2,"comment_status":"closed","ping_status":"closed","template":"page-fullwidth.php","meta":[],"_links":{"self":[{"href":"https:\/\/www.lichtenfels.at\/neu\/wp-json\/wp\/v2\/pages\/441633"}],"collection":[{"href":"https:\/\/www.lichtenfels.at\/neu\/wp-json\/wp\/v2\/pages"}],"about":[{"href":"https:\/\/www.lichtenfels.at\/neu\/wp-json\/wp\/v2\/types\/page"}],"author":[{"embeddable":true,"href":"https:\/\/www.lichtenfels.at\/neu\/wp-json\/wp\/v2\/users\/3"}],"replies":[{"embeddable":true,"href":"https:\/\/www.lichtenfels.at\/neu\/wp-json\/wp\/v2\/comments?post=441633"}],"version-history":[{"count":53,"href":"https:\/\/www.lichtenfels.at\/neu\/wp-json\/wp\/v2\/pages\/441633\/revisions"}],"predecessor-version":[{"id":1028940,"href":"https:\/\/www.lichtenfels.at\/neu\/wp-json\/wp\/v2\/pages\/441633\/revisions\/1028940"}],"up":[{"embeddable":true,"href":"https:\/\/www.lichtenfels.at\/neu\/wp-json\/wp\/v2\/pages\/18403"}],"wp:attachment":[{"href":"https:\/\/www.lichtenfels.at\/neu\/wp-json\/wp\/v2\/media?parent=441633"}],"curies":[{"name":"wp","href":"https:\/\/api.w.org\/{rel}","templated":true}]}}