{"id":617334,"date":"2021-09-21T21:14:19","date_gmt":"2021-09-21T19:14:19","guid":{"rendered":"https:\/\/www.lichtenfels.at\/neu\/?page_id=617334"},"modified":"2026-04-21T13:12:55","modified_gmt":"2026-04-21T11:12:55","slug":"lehrerinnen","status":"publish","type":"page","link":"https:\/\/www.lichtenfels.at\/neu\/team\/lehrerinnen\/","title":{"rendered":"Lehrer*innen"},"content":{"rendered":"\t\t<div data-elementor-type=\"wp-page\" data-elementor-id=\"617334\" class=\"elementor elementor-617334\">\n\t\t\t\t\t\t<section class=\"elementor-section elementor-top-section elementor-element elementor-element-b912595 elementor-section-boxed elementor-section-height-default elementor-section-height-default\" data-id=\"b912595\" data-element_type=\"section\">\n\t\t\t\t\t\t<div class=\"elementor-container elementor-column-gap-default\">\n\t\t\t\t\t<div class=\"elementor-column elementor-col-25 elementor-top-column elementor-element elementor-element-e0a96c7\" data-id=\"e0a96c7\" data-element_type=\"column\">\n\t\t\t<div class=\"elementor-widget-wrap elementor-element-populated\">\n\t\t\t\t\t\t<div class=\"elementor-element elementor-element-0909ff1 elementor-widget elementor-widget-text-editor\" data-id=\"0909ff1\" data-element_type=\"widget\" data-widget_type=\"text-editor.default\">\n\t\t\t\t<div class=\"elementor-widget-container\">\n\t\t\t<style>\/*! elementor - v3.23.0 - 05-08-2024 *\/\n.elementor-widget-text-editor.elementor-drop-cap-view-stacked .elementor-drop-cap{background-color:#69727d;color:#fff}.elementor-widget-text-editor.elementor-drop-cap-view-framed .elementor-drop-cap{color:#69727d;border:3px solid;background-color:transparent}.elementor-widget-text-editor:not(.elementor-drop-cap-view-default) .elementor-drop-cap{margin-top:8px}.elementor-widget-text-editor:not(.elementor-drop-cap-view-default) .elementor-drop-cap-letter{width:1em;height:1em}.elementor-widget-text-editor .elementor-drop-cap{float:left;text-align:center;line-height:1;font-size:50px}.elementor-widget-text-editor .elementor-drop-cap-letter{display:inline-block}<\/style>\t\t\t\t<p><div class=\"member\"><div class='member-img'><img src='http:\/\/www.lichtenfels.at\/neu\/wp-content\/uploads\/2018\/09\/bedjanic.jpg' \/><\/div>\n      \t<h4>BEDJANIC-STEININGER<\/p><p>Klaudia<\/h4>\n      \t<div class=\"member-role\">(BS)<br \/>Mag.<\/div>Kunst und Gestaltung,\u00a0<\/p><p>Technik und Design<\/p><p>\u00a0<\/p><p>&#8211;<\/p><p class=\"k1\">bedjanic-steininger.klaudia@lichtenfels.at<\/p><p>&#8211;<br \/><span class=\"tooltips\"><a href=\"#\" rel=\"tooltip\" title=\"Jahresbericht; Organisation SchulsprecherInnenwahl; Verantwortliche f\u00fcr Aids- und Suizidpr\u00e4vention\"><img class=\"aligncenter size-full wp-image-153076\" src=\"http:\/\/www.lichtenfels.at\/neu\/wp-content\/uploads\/2018\/10\/info.png\" alt=\"\" width=\"50\" height=\"50\" \/><\/a><\/span><br \/><\/div><\/p>\t\t\t\t\t\t<\/div>\n\t\t\t\t<\/div>\n\t\t\t\t\t<\/div>\n\t\t<\/div>\n\t\t\t\t<div class=\"elementor-column elementor-col-25 elementor-top-column elementor-element elementor-element-e253d1d\" data-id=\"e253d1d\" data-element_type=\"column\">\n\t\t\t<div class=\"elementor-widget-wrap elementor-element-populated\">\n\t\t\t\t\t\t<div class=\"elementor-element elementor-element-2f900a6 elementor-widget elementor-widget-text-editor\" data-id=\"2f900a6\" data-element_type=\"widget\" data-widget_type=\"text-editor.default\">\n\t\t\t\t<div class=\"elementor-widget-container\">\n\t\t\t\t\t\t\t<p><div class=\"member\"><div class='member-img'><img src='https:\/\/www.lichtenfels.at\/wp-content\/uploads\/2021\/11\/berr-scaled.jpg' \/><\/div>\n      \t<h4>BERR<br \/>Michael<\/h4>\n      \t<div class=\"member-role\">(BM)<br \/>Mag.<\/div>Darstellende Geometrie, Geometrisches Zeichnen,<\/p><p>Mathematik<\/p><p>\u00a0<\/p><p>&#8211;<\/p><p class=\"k1\">berr.michael@lichtenfels.at<\/p><p>&#8211;<br \/><span class=\"tooltips\"><a href=\"#\" rel=\"tooltip\" title=\"LLOS-Team\"><img class=\"aligncenter size-full wp-image-153076\" src=\"http:\/\/www.lichtenfels.at\/neu\/wp-content\/uploads\/2018\/10\/info.png\" alt=\"\" width=\"50\" height=\"50\" \/><\/a><\/span><br \/><\/div><\/p>\t\t\t\t\t\t<\/div>\n\t\t\t\t<\/div>\n\t\t\t\t\t<\/div>\n\t\t<\/div>\n\t\t\t\t<div class=\"elementor-column elementor-col-25 elementor-top-column elementor-element elementor-element-378c623\" data-id=\"378c623\" data-element_type=\"column\">\n\t\t\t<div class=\"elementor-widget-wrap elementor-element-populated\">\n\t\t\t\t\t\t<div class=\"elementor-element elementor-element-d00161f elementor-widget elementor-widget-text-editor\" data-id=\"d00161f\" data-element_type=\"widget\" data-widget_type=\"text-editor.default\">\n\t\t\t\t<div class=\"elementor-widget-container\">\n\t\t\t\t\t\t\t<p><div class=\"member\"><div class='member-img'><img src='https:\/\/www.lichtenfels.at\/wp-content\/uploads\/2023\/11\/Birringer-scaled.jpg' \/><\/div>\n      \t<h4>BIRRINGER<br \/>Gabriela <\/h4>\n      \t<div class=\"member-role\">(BI)<br \/>Mag.<\/div><\/p><p>Deutsch,<br \/>Geografie und wirtschaftliche Bildung<\/p><p>\u00a0<\/p><p>&#8211;<\/p><p class=\"k1\">birringer.gabriela@lichtenfels.at<\/p><p>&#8211;<br \/><span class=\"tooltips\"><a href=\"#\" rel=\"tooltip\" title=\"Fachkoordinatorin f\u00fcr Deutsch; Lernprofi; Krisenintervention (Pressesprecherin); Soziales Lernen\"><img class=\"aligncenter size-full wp-image-153076\" src=\"http:\/\/www.lichtenfels.at\/neu\/wp-content\/uploads\/2018\/10\/info.png\" alt=\"\" width=\"50\" height=\"50\" \/><\/a><\/span><br \/><\/div><\/p>\t\t\t\t\t\t<\/div>\n\t\t\t\t<\/div>\n\t\t\t\t\t<\/div>\n\t\t<\/div>\n\t\t\t\t<div class=\"elementor-column elementor-col-25 elementor-top-column elementor-element elementor-element-9717748\" data-id=\"9717748\" data-element_type=\"column\">\n\t\t\t<div class=\"elementor-widget-wrap elementor-element-populated\">\n\t\t\t\t\t\t<div class=\"elementor-element elementor-element-6644210 elementor-widget elementor-widget-text-editor\" data-id=\"6644210\" data-element_type=\"widget\" data-widget_type=\"text-editor.default\">\n\t\t\t\t<div class=\"elementor-widget-container\">\n\t\t\t\t\t\t\t<p><div class=\"member\"><div class='member-img'><img src='https:\/\/www.lichtenfels.at\/wp-content\/uploads\/2026\/01\/07-BISCHOF-Julia-scaled.jpg' \/><\/div>\n      \t<h4>BISCHOF<br \/>Julia<\/h4>\n      \t<div class=\"member-role\">(BJ)<br \/>Dr. Mag.<\/div> Deutsch,<br \/>Geschichte und politische Bildung,<\/p><p>Schulische Tagesbetreuung<br \/>&#8211;<\/p><p class=\"k1\">bischof.julia@lichtenfels.at<\/p><p>&#8211;<br \/><span class=\"tooltips\"><a href=\"#\" rel=\"tooltip\" title=\"Social Media\"><img class=\"aligncenter size-full wp-image-153076\" src=\"http:\/\/www.lichtenfels.at\/neu\/wp-content\/uploads\/2018\/10\/info.png\" alt=\"\" width=\"50\" height=\"50\" \/><\/a><\/span><br \/><\/div><\/p>\t\t\t\t\t\t<\/div>\n\t\t\t\t<\/div>\n\t\t\t\t\t<\/div>\n\t\t<\/div>\n\t\t\t\t\t<\/div>\n\t\t<\/section>\n\t\t\t\t<section class=\"elementor-section elementor-top-section elementor-element elementor-element-d5e2955 elementor-section-boxed elementor-section-height-default elementor-section-height-default\" data-id=\"d5e2955\" data-element_type=\"section\">\n\t\t\t\t\t\t<div class=\"elementor-container elementor-column-gap-default\">\n\t\t\t\t\t<div class=\"elementor-column elementor-col-25 elementor-top-column elementor-element elementor-element-97405e3\" data-id=\"97405e3\" data-element_type=\"column\">\n\t\t\t<div class=\"elementor-widget-wrap elementor-element-populated\">\n\t\t\t\t\t\t<div class=\"elementor-element elementor-element-ddd1134 elementor-widget elementor-widget-text-editor\" data-id=\"ddd1134\" data-element_type=\"widget\" data-widget_type=\"text-editor.default\">\n\t\t\t\t<div class=\"elementor-widget-container\">\n\t\t\t\t\t\t\t<p><div class=\"member\"><div class='member-img'><img src='http:\/\/www.lichtenfels.at\/neu\/wp-content\/uploads\/2018\/10\/blinzer.jpg' \/><\/div>\n      \t<h4>BLINZER<\/p><p>Georg<\/h4>\n      \t<div class=\"member-role\">(BL)<br \/>Mag.<\/div>Bewegung und Sport,<\/p><p>Englisch<\/p><p>\u00a0<\/p><p>\u00a0<\/p><p><span style=\"color: var( --e-global-color-text );\">&#8211;<\/span><\/p><p class=\"k1\">blinzer.georg@lichtenfels.at<\/p><p>&#8211;<br \/><span class=\"tooltips\"><a href=\"#\" rel=\"tooltip\" title=\"St\u00e4rken st\u00e4rken\"><img class=\"aligncenter size-full wp-image-153076\" src=\"http:\/\/www.lichtenfels.at\/neu\/wp-content\/uploads\/2018\/10\/info.png\" alt=\"\" width=\"50\" height=\"50\" \/><\/a><\/span><br \/><\/div><\/p>\t\t\t\t\t\t<\/div>\n\t\t\t\t<\/div>\n\t\t\t\t\t<\/div>\n\t\t<\/div>\n\t\t\t\t<div class=\"elementor-column elementor-col-25 elementor-top-column elementor-element elementor-element-51b098f\" data-id=\"51b098f\" data-element_type=\"column\">\n\t\t\t<div class=\"elementor-widget-wrap elementor-element-populated\">\n\t\t\t\t\t\t<div class=\"elementor-element elementor-element-d27d89c elementor-widget elementor-widget-text-editor\" data-id=\"d27d89c\" data-element_type=\"widget\" data-widget_type=\"text-editor.default\">\n\t\t\t\t<div class=\"elementor-widget-container\">\n\t\t\t\t\t\t\t<p><div class=\"member\"><div class='member-img'><img src='https:\/\/www.lichtenfels.at\/wp-content\/uploads\/2023\/11\/Pauer-scaled.jpg' \/><\/div>\n      \t<h4>BUCHACHER<br \/>Magdalena<\/h4>\n      \t<div class=\"member-role\">(BUC)<br \/>Mag.<\/div>Englisch,<\/p><p>Italienisch<\/p><p>\u00a0<\/p><p>\u00a0<\/p><p>&#8211;<\/p><p class=\"k1\">buchacher.m@lichtenfels.at<\/p><p>&#8211;<br \/><span class=\"tooltips\"><a href=\"#\" rel=\"tooltip\" title=\"Webseite\"><img class=\"aligncenter size-full wp-image-153076\" src=\"http:\/\/www.lichtenfels.at\/neu\/wp-content\/uploads\/2018\/10\/info.png\" alt=\"\" width=\"50\" height=\"50\" \/><\/a><\/span><br \/><\/div><\/p>\t\t\t\t\t\t<\/div>\n\t\t\t\t<\/div>\n\t\t\t\t\t<\/div>\n\t\t<\/div>\n\t\t\t\t<div class=\"elementor-column elementor-col-25 elementor-top-column elementor-element elementor-element-cff38b3\" data-id=\"cff38b3\" data-element_type=\"column\">\n\t\t\t<div class=\"elementor-widget-wrap elementor-element-populated\">\n\t\t\t\t\t\t<div class=\"elementor-element elementor-element-0515f90 elementor-widget elementor-widget-text-editor\" data-id=\"0515f90\" data-element_type=\"widget\" data-widget_type=\"text-editor.default\">\n\t\t\t\t<div class=\"elementor-widget-container\">\n\t\t\t\t\t\t\t<p><div class=\"member\"><div class='member-img'><img src='https:\/\/www.lichtenfels.at\/wp-content\/uploads\/2024\/11\/Denk-scaled.jpg' \/><\/div>\n      \t<h4>DENK<br \/>Heidelinde<\/h4>\n      \t<div class=\"member-role\">(DE)<br \/>MMag.<\/div>Biologie und Umweltbildung,<\/p><p>Naturwissenschaftlicher Unterricht<\/p><p>&#8211;<\/p><p class=\"k1\">denk.heidelinde@lichtenfels.at<\/p><p>&#8211;<br \/><span class=\"tooltips\"><a href=\"#\" rel=\"tooltip\" title=\"Leitung Kooperation Kinderuni; Leitung Kooperation TU Graz; Mobbingpr\u00e4vention; LLOS; Lernen lernen; Individuelle Lernbegleitung; Gesundheitsf\u00f6rderung; Leitung Mobbingpr\u00e4vention\"><img class=\"aligncenter size-full wp-image-153076\" src=\"http:\/\/www.lichtenfels.at\/neu\/wp-content\/uploads\/2018\/10\/info.png\" alt=\"\" width=\"50\" height=\"50\" \/><\/a><\/span><br \/><\/div><\/p>\t\t\t\t\t\t<\/div>\n\t\t\t\t<\/div>\n\t\t\t\t\t<\/div>\n\t\t<\/div>\n\t\t\t\t<div class=\"elementor-column elementor-col-25 elementor-top-column elementor-element elementor-element-73ee2bc\" data-id=\"73ee2bc\" data-element_type=\"column\">\n\t\t\t<div class=\"elementor-widget-wrap elementor-element-populated\">\n\t\t\t\t\t\t<div class=\"elementor-element elementor-element-127c009 elementor-widget elementor-widget-text-editor\" data-id=\"127c009\" data-element_type=\"widget\" data-widget_type=\"text-editor.default\">\n\t\t\t\t<div class=\"elementor-widget-container\">\n\t\t\t\t\t\t\t<p><div class=\"member\"><div class='member-img'><img src='https:\/\/www.lichtenfels.at\/wp-content\/uploads\/2021\/11\/Deutscher-scaled.jpg' \/><\/div>\n      \t<h4>DEUTSCHER<br \/>Gabriela<\/h4>\n      \t<div class=\"member-role\">(DG)<br \/>Mag.<\/div>Schulische Tagesbetreuung<\/p><p>\u00a0<\/p><p>\u00a0<\/p><p>\u00a0<\/p><p><span style=\"color: var( --e-global-color-text );\">&#8211;<\/span><\/p><p class=\"k1\">deutscher.gabriela@lichtenfels.at<\/p><p>&#8211;<br \/><span class=\"tooltips\"><a href=\"#\" rel=\"tooltip\" title=\"\"><img class=\"aligncenter size-full wp-image-153076\" src=\"http:\/\/www.lichtenfels.at\/neu\/wp-content\/uploads\/2018\/10\/info.png\" alt=\"\" width=\"50\" height=\"50\" \/><\/a><\/span><br \/><\/div><\/p>\t\t\t\t\t\t<\/div>\n\t\t\t\t<\/div>\n\t\t\t\t\t<\/div>\n\t\t<\/div>\n\t\t\t\t\t<\/div>\n\t\t<\/section>\n\t\t\t\t<section class=\"elementor-section elementor-top-section elementor-element elementor-element-174e0ce elementor-section-boxed elementor-section-height-default elementor-section-height-default\" data-id=\"174e0ce\" data-element_type=\"section\">\n\t\t\t\t\t\t<div class=\"elementor-container elementor-column-gap-default\">\n\t\t\t\t\t<div class=\"elementor-column elementor-col-25 elementor-top-column elementor-element elementor-element-875483b\" data-id=\"875483b\" data-element_type=\"column\">\n\t\t\t<div class=\"elementor-widget-wrap elementor-element-populated\">\n\t\t\t\t\t\t<div class=\"elementor-element elementor-element-f1ec89f elementor-widget elementor-widget-text-editor\" data-id=\"f1ec89f\" data-element_type=\"widget\" data-widget_type=\"text-editor.default\">\n\t\t\t\t<div class=\"elementor-widget-container\">\n\t\t\t\t\t\t\t<p><div class=\"member\"><div class='member-img'><img src='https:\/\/www.lichtenfels.at\/wp-content\/uploads\/2023\/11\/Diwiak-scaled.jpg' \/><\/div>\n      \t<h4>DIWIAK<br \/>Kathrin<\/h4>\n      \t<div class=\"member-role\">(DI)<br \/>Mag.<\/div>Latein,<br \/>Franz\u00f6sisch<\/p><p>\u00a0<\/p><p><span style=\"color: var( --e-global-color-text );\">&#8211;<\/span><\/p><p class=\"k1\">diwiak.kathrin@lichtenfels.at<\/p><p>&#8211;<br \/><span class=\"tooltips\"><a href=\"#\" rel=\"tooltip\" title=\"Landesfachkoordinatorin f\u00fcr Latein; Administratorin; Teamleiterin der Gruppe VWA (Sch\u00fclercoaching); Testadministratorin Mathematik; Krisenintervention (Elternkontaktperson); Soziales Lernen; Begabungs- und Begabtenf\u00f6rderung\"><img class=\"aligncenter size-full wp-image-153076\" src=\"http:\/\/www.lichtenfels.at\/neu\/wp-content\/uploads\/2018\/10\/info.png\" alt=\"\" width=\"50\" height=\"50\" \/><\/a><\/span><br \/><\/div><\/p>\t\t\t\t\t\t<\/div>\n\t\t\t\t<\/div>\n\t\t\t\t\t<\/div>\n\t\t<\/div>\n\t\t\t\t<div class=\"elementor-column elementor-col-25 elementor-top-column elementor-element elementor-element-24398d4\" data-id=\"24398d4\" data-element_type=\"column\">\n\t\t\t<div class=\"elementor-widget-wrap elementor-element-populated\">\n\t\t\t\t\t\t<div class=\"elementor-element elementor-element-0cd48e6 elementor-widget elementor-widget-text-editor\" data-id=\"0cd48e6\" data-element_type=\"widget\" data-widget_type=\"text-editor.default\">\n\t\t\t\t<div class=\"elementor-widget-container\">\n\t\t\t\t\t\t\t<p><div class=\"member\"><div class='member-img'><img src='https:\/\/www.lichtenfels.at\/wp-content\/uploads\/2018\/11\/09-DOPPLER-Martina.jpg' \/><\/div>\n      \t<h4>DOPPLER<br \/>Martina<\/h4>\n      \t<div class=\"member-role\">(DM)<br \/>Mag.<\/div>Deutsch,<br \/>Geschichte und politische Bildung<\/p><p>&#8211;<\/p><p class=\"k1\">doppler.martina@lichtenfels.at<\/p><p>&#8211;<br \/><span class=\"tooltips\"><a href=\"#\" rel=\"tooltip\" title=\"\"><img class=\"aligncenter size-full wp-image-153076\" src=\"http:\/\/www.lichtenfels.at\/neu\/wp-content\/uploads\/2018\/10\/info.png\" alt=\"\" width=\"50\" height=\"50\" \/><\/a><\/span><br \/><\/div><\/p>\t\t\t\t\t\t<\/div>\n\t\t\t\t<\/div>\n\t\t\t\t\t<\/div>\n\t\t<\/div>\n\t\t\t\t<div class=\"elementor-column elementor-col-25 elementor-top-column elementor-element elementor-element-cf8313d\" data-id=\"cf8313d\" data-element_type=\"column\">\n\t\t\t<div class=\"elementor-widget-wrap elementor-element-populated\">\n\t\t\t\t\t\t<div class=\"elementor-element elementor-element-0015786 elementor-widget elementor-widget-text-editor\" data-id=\"0015786\" data-element_type=\"widget\" data-widget_type=\"text-editor.default\">\n\t\t\t\t<div class=\"elementor-widget-container\">\n\t\t\t\t\t\t\t<p><div class=\"member\"><div class='member-img'><img src='https:\/\/www.lichtenfels.at\/wp-content\/uploads\/2025\/03\/El-Hanafy-Mohamed.jpg' \/><\/div>\n      \t<h4>EL-HANAFY<br \/>Mohamed<\/h4>\n      \t<div class=\"member-role\">(EHY)<br \/>BEd.<\/div>Mathematik,<br \/>Physik<\/p><p>\u00a0<\/p><p style=\"font-style: normal; font-variant-ligatures: normal; font-variant-caps: normal; font-weight: 400; font-size: 13px; font-family: Roboto, sans-serif;\"><span style=\"color: var( --e-global-color-text );\">&#8211;<\/span><\/p><p style=\"font-style: normal; font-variant-ligatures: normal; font-variant-caps: normal; font-weight: 400; font-family: Roboto, sans-serif;\"><span style=\"font-family: Roboto, sans-serif; font-size: 8px; font-style: normal; font-variant-ligatures: normal; font-variant-caps: normal; font-weight: 400;\">el-hanafy.mohamed@lichtenfels.at<\/span><\/p><p style=\"font-style: normal; font-variant-ligatures: normal; font-variant-caps: normal; font-weight: 400; font-size: 13px; font-family: Roboto, sans-serif;\">&#8211;<\/p><p style=\"font-style: normal; font-variant-ligatures: normal; font-variant-caps: normal; font-weight: 400; font-size: 13px; font-family: Roboto, sans-serif;\"><span style=\"color: var( --e-global-color-text );\"><span class=\"tooltips\"><a href=\"#\" rel=\"tooltip\" title=\"\"><\/span><img style=\"color: var( --e-global-color-text );\" src=\"http:\/\/www.lichtenfels.at\/neu\/wp-content\/uploads\/2018\/10\/info.png\" alt=\"\" width=\"50\" height=\"50\" \/><span style=\"color: var( --e-global-color-text );\"><\/a><\/span><\/span><\/p><p><\/div><\/p>\t\t\t\t\t\t<\/div>\n\t\t\t\t<\/div>\n\t\t\t\t\t<\/div>\n\t\t<\/div>\n\t\t\t\t<div class=\"elementor-column elementor-col-25 elementor-top-column elementor-element elementor-element-012f7f5\" data-id=\"012f7f5\" data-element_type=\"column\">\n\t\t\t<div class=\"elementor-widget-wrap elementor-element-populated\">\n\t\t\t\t\t\t<div class=\"elementor-element elementor-element-bbce67c elementor-widget elementor-widget-text-editor\" data-id=\"bbce67c\" data-element_type=\"widget\" data-widget_type=\"text-editor.default\">\n\t\t\t\t<div class=\"elementor-widget-container\">\n\t\t\t\t\t\t\t<p><div class=\"member\"><div class='member-img'><img src='http:\/\/www.lichtenfels.at\/neu\/wp-content\/uploads\/2018\/09\/fritz.jpg' \/><\/div>\n      \t<h4>FRITZ<br \/>Gernot<\/h4>\n      \t<div class=\"member-role\">(FG)<br \/>Mag. Dr.<\/div>Deutsch,<\/p><p>Digitale Grundbildung,<\/p><p>Informatik<\/p><p><span style=\"color: var( --e-global-color-text );\">&#8211;<\/span><\/p><p class=\"k1\">fritz.gernot@lichtenfels.at<\/p><p>&#8211;<br \/><span class=\"tooltips\"><a href=\"#\" rel=\"tooltip\" title=\"Kustos f\u00fcr Informatik; Medienbeauftragter in Klassen; VWA-Team; Beauftragter f\u00fcr Internetsicherheit; FH-Koordinator und FH-Lehrbeauftragter; Vorsitzender Gewerkschaftlicher Betriebsausschuss (GBA)\"><img class=\"aligncenter size-full wp-image-153076\" src=\"http:\/\/www.lichtenfels.at\/neu\/wp-content\/uploads\/2018\/10\/info.png\" alt=\"\" width=\"50\" height=\"50\" \/><\/a><\/span><br \/><\/div><\/p>\t\t\t\t\t\t<\/div>\n\t\t\t\t<\/div>\n\t\t\t\t\t<\/div>\n\t\t<\/div>\n\t\t\t\t\t<\/div>\n\t\t<\/section>\n\t\t\t\t<section class=\"elementor-section elementor-top-section elementor-element elementor-element-8632dae elementor-section-boxed elementor-section-height-default elementor-section-height-default\" data-id=\"8632dae\" data-element_type=\"section\">\n\t\t\t\t\t\t<div class=\"elementor-container elementor-column-gap-default\">\n\t\t\t\t\t<div class=\"elementor-column elementor-col-25 elementor-top-column elementor-element elementor-element-dab2f77\" data-id=\"dab2f77\" data-element_type=\"column\">\n\t\t\t<div class=\"elementor-widget-wrap elementor-element-populated\">\n\t\t\t\t\t\t<div class=\"elementor-element elementor-element-0160be3 elementor-widget elementor-widget-text-editor\" data-id=\"0160be3\" data-element_type=\"widget\" data-widget_type=\"text-editor.default\">\n\t\t\t\t<div class=\"elementor-widget-container\">\n\t\t\t\t\t\t\t<p><div class=\"member\"><div class='member-img'><img src='https:\/\/www.lichtenfels.at\/wp-content\/uploads\/2021\/11\/Gaar-scaled.jpg' \/><\/div>\n      \t<h4>GAAR<br \/>Gabriele<\/h4>\n      \t<div class=\"member-role\">(GG)<br \/>Mag.<\/div>Katholische Religion<\/p><p>\u00a0<\/p><p>\u00a0<\/p><p>\u00a0<\/p><p>\u00a0<\/p><p><span style=\"color: var( --e-global-color-text );\">&#8211;<\/span><\/p><p class=\"k1\">gaar.gabriele@lichtenfels.at<\/p><p>&#8211;<br \/><span class=\"tooltips\"><a href=\"#\" rel=\"tooltip\" title=\"Jugendrotkreuzreferentin, Mobbingpr\u00e4vention\"><img class=\"aligncenter size-full wp-image-153076\" src=\"http:\/\/www.lichtenfels.at\/neu\/wp-content\/uploads\/2018\/10\/info.png\" alt=\"\" width=\"50\" height=\"50\" \/><\/a><\/span><br \/><\/div><\/p>\t\t\t\t\t\t<\/div>\n\t\t\t\t<\/div>\n\t\t\t\t\t<\/div>\n\t\t<\/div>\n\t\t\t\t<div class=\"elementor-column elementor-col-25 elementor-top-column elementor-element elementor-element-5e79aa5\" data-id=\"5e79aa5\" data-element_type=\"column\">\n\t\t\t<div class=\"elementor-widget-wrap elementor-element-populated\">\n\t\t\t\t\t\t<div class=\"elementor-element elementor-element-6470130 elementor-widget elementor-widget-text-editor\" data-id=\"6470130\" data-element_type=\"widget\" data-widget_type=\"text-editor.default\">\n\t\t\t\t<div class=\"elementor-widget-container\">\n\t\t\t\t\t\t\t<p><div class=\"member\"><div class='member-img'><img src='http:\/\/www.lichtenfels.at\/neu\/wp-content\/uploads\/2018\/09\/giesbergen.jpg' \/><\/div>\n      \t<h4>GIESBERGEN Roswitha<\/h4>\n      \t<div class=\"member-role\">(GI)<br \/>Mag. Dr.<\/div>Digitale Grundbildung,<\/p><p>Geschichte und politische Bildung,<\/p><p>Informatik,<\/p><p>Latein<br \/>&#8211;<\/p><p class=\"k1\">giesbergen.roswitha@lichtenfels.at<\/p><p>&#8211;<br \/><span class=\"tooltips\"><a href=\"#\" rel=\"tooltip\" title=\"St\u00e4rken st\u00e4rken\"><img class=\"aligncenter size-full wp-image-153076\" src=\"http:\/\/www.lichtenfels.at\/neu\/wp-content\/uploads\/2018\/10\/info.png\" alt=\"\" width=\"50\" height=\"50\" \/><\/a><\/span><br \/><\/div><\/p>\t\t\t\t\t\t<\/div>\n\t\t\t\t<\/div>\n\t\t\t\t\t<\/div>\n\t\t<\/div>\n\t\t\t\t<div class=\"elementor-column elementor-col-25 elementor-top-column elementor-element elementor-element-f38cf1a\" data-id=\"f38cf1a\" data-element_type=\"column\">\n\t\t\t<div class=\"elementor-widget-wrap elementor-element-populated\">\n\t\t\t\t\t\t<div class=\"elementor-element elementor-element-236de55 elementor-widget elementor-widget-text-editor\" data-id=\"236de55\" data-element_type=\"widget\" data-widget_type=\"text-editor.default\">\n\t\t\t\t<div class=\"elementor-widget-container\">\n\t\t\t\t\t\t\t<p><div class=\"member\"><div class='member-img'><img src='https:\/\/www.lichtenfels.at\/wp-content\/uploads\/2021\/06\/Julia-Grabner.jpg' \/><\/div>\n      \t<h4>GRABNER <br \/>Julia<\/h4>\n      \t<div class=\"member-role\">(GR)<br \/>Mag.<\/div>Geografie und wirtschaftliche Bildung,<br \/>Spanisch<\/p><p>\u00a0<\/p><p>\u00a0<\/p><p>&#8211;<\/p><p class=\"k1\">grabner.julia@lichtenfels.at<\/p><p>&#8211;<br \/><span class=\"tooltips\"><a href=\"#\" rel=\"tooltip\" title=\"LLOS-Team\"><img class=\"aligncenter size-full wp-image-153076\" src=\"http:\/\/www.lichtenfels.at\/neu\/wp-content\/uploads\/2018\/10\/info.png\" alt=\"\" width=\"50\" height=\"50\" \/><\/a><\/span><br \/><\/div><\/p>\t\t\t\t\t\t<\/div>\n\t\t\t\t<\/div>\n\t\t\t\t\t<\/div>\n\t\t<\/div>\n\t\t\t\t<div class=\"elementor-column elementor-col-25 elementor-top-column elementor-element elementor-element-6903768\" data-id=\"6903768\" data-element_type=\"column\">\n\t\t\t<div class=\"elementor-widget-wrap elementor-element-populated\">\n\t\t\t\t\t\t<div class=\"elementor-element elementor-element-55a6785 elementor-widget elementor-widget-text-editor\" data-id=\"55a6785\" data-element_type=\"widget\" data-widget_type=\"text-editor.default\">\n\t\t\t\t<div class=\"elementor-widget-container\">\n\t\t\t\t\t\t\t<p><div class=\"member\"><div class='member-img'><img src='https:\/\/www.lichtenfels.at\/wp-content\/uploads\/2025\/03\/Anna-Hartwig.jpg' \/><\/div>\n      \t<h4>HARTWIG<br \/>Anna<\/h4>\n      \t<div class=\"member-role\">(HG)<br \/>BA<\/div>Kunst und Gestaltung<\/p><p><span style=\"color: var( --e-global-color-text );\">\u00a0<\/span><\/p><p><span style=\"color: var( --e-global-color-text );\">\u00a0<\/span><\/p><p><span style=\"color: var( --e-global-color-text );\">\u00a0<\/span><\/p><p><span style=\"color: var( --e-global-color-text );\">\u00a0<\/span><\/p><p><span style=\"color: var( --e-global-color-text );\">&#8211;<\/span><\/p><p class=\"k1\">hartwig.anna@lichtenfels.at<\/p><p>&#8211;<br \/><span class=\"tooltips\"><a href=\"#\" rel=\"tooltip\" title=\"\"><img class=\"aligncenter size-full wp-image-153076\" src=\"http:\/\/www.lichtenfels.at\/neu\/wp-content\/uploads\/2018\/10\/info.png\" alt=\"\" width=\"50\" height=\"50\" \/><\/a><\/span><br \/><\/div><\/p>\t\t\t\t\t\t<\/div>\n\t\t\t\t<\/div>\n\t\t\t\t\t<\/div>\n\t\t<\/div>\n\t\t\t\t\t<\/div>\n\t\t<\/section>\n\t\t\t\t<section class=\"elementor-section elementor-top-section elementor-element elementor-element-051065c elementor-section-boxed elementor-section-height-default elementor-section-height-default\" data-id=\"051065c\" data-element_type=\"section\">\n\t\t\t\t\t\t<div class=\"elementor-container elementor-column-gap-default\">\n\t\t\t\t\t<div class=\"elementor-column elementor-col-25 elementor-top-column elementor-element elementor-element-b604985\" data-id=\"b604985\" data-element_type=\"column\">\n\t\t\t<div class=\"elementor-widget-wrap elementor-element-populated\">\n\t\t\t\t\t\t<div class=\"elementor-element elementor-element-a346dfe elementor-widget elementor-widget-text-editor\" data-id=\"a346dfe\" data-element_type=\"widget\" data-widget_type=\"text-editor.default\">\n\t\t\t\t<div class=\"elementor-widget-container\">\n\t\t\t\t\t\t\t<p><div class=\"member\"><div class='member-img'><img src='http:\/\/www.lichtenfels.at\/neu\/wp-content\/uploads\/2018\/09\/holzapfel.jpg' \/><\/div>\n      \t<h4>HOLZAPFEL<br \/>Nikolaus<\/h4>\n      \t<div class=\"member-role\">(HO)<br \/>Mag.<\/div>Digitale Grundbildung,<\/p><p>Informatik,<br \/>Musik<\/p><p>\u00a0<\/p><p>\u00a0<\/p><p>&#8211;<\/p><p class=\"k1\">dion@lichtenfels.at<\/p><p>&#8211;<br \/><span class=\"tooltips\"><a href=\"#\" rel=\"tooltip\" title=\"Schulische Leitung; Vorsitzender des Dienststellenausschusses; Organisation kultureller Veranstaltungen; Fachkustos f\u00fcr AV; SGA Mitglied; Raummietung ME-Saal; Teammitglied Krisenintervention\"><img class=\"aligncenter size-full wp-image-153076\" src=\"http:\/\/www.lichtenfels.at\/neu\/wp-content\/uploads\/2018\/10\/info.png\" alt=\"\" width=\"50\" height=\"50\" \/><\/a><\/span><br \/><\/div><\/p>\t\t\t\t\t\t<\/div>\n\t\t\t\t<\/div>\n\t\t\t\t\t<\/div>\n\t\t<\/div>\n\t\t\t\t<div class=\"elementor-column elementor-col-25 elementor-top-column elementor-element elementor-element-5448b6d\" data-id=\"5448b6d\" data-element_type=\"column\">\n\t\t\t<div class=\"elementor-widget-wrap elementor-element-populated\">\n\t\t\t\t\t\t<div class=\"elementor-element elementor-element-9c54f9e elementor-widget elementor-widget-text-editor\" data-id=\"9c54f9e\" data-element_type=\"widget\" data-widget_type=\"text-editor.default\">\n\t\t\t\t<div class=\"elementor-widget-container\">\n\t\t\t\t\t\t\t<p><div class=\"member\"><div class='member-img'><img src='https:\/\/www.lichtenfels.at\/wp-content\/uploads\/2021\/10\/Marion-Jelitzka.jpeg' \/><\/div>\n      \t<h4>JELITZKA<br \/>Marion<\/h4>\n      \t<div class=\"member-role\">(JE)<br \/>Dr.Mag.<\/div>Englisch,<br \/>Geografie und wirtschaftliche Bildung<\/p><p>\u00a0<\/p><p>\u00a0<\/p><p>&#8211;<\/p><p class=\"k1\">jelitzka.marion@lichtenfels.at<\/p><p>&#8211;<br \/><span class=\"tooltips\"><a href=\"#\" rel=\"tooltip\" title=\"Kustodin f\u00fcr Geografie und Wirtschaftskunde; Lernprofi; Krisenintervention (Erste Hilfe); Schulprofilgruppe (EAA); Vertrauenslehrerin; SGA-Mitglied\"><img class=\"aligncenter size-full wp-image-153076\" src=\"http:\/\/www.lichtenfels.at\/neu\/wp-content\/uploads\/2018\/10\/info.png\" alt=\"\" width=\"50\" height=\"50\" \/><\/a><\/span><br \/><\/div><\/p>\t\t\t\t\t\t<\/div>\n\t\t\t\t<\/div>\n\t\t\t\t\t<\/div>\n\t\t<\/div>\n\t\t\t\t<div class=\"elementor-column elementor-col-25 elementor-top-column elementor-element elementor-element-1bfe7b4\" data-id=\"1bfe7b4\" data-element_type=\"column\">\n\t\t\t<div class=\"elementor-widget-wrap elementor-element-populated\">\n\t\t\t\t\t\t<div class=\"elementor-element elementor-element-519f28a elementor-widget elementor-widget-text-editor\" data-id=\"519f28a\" data-element_type=\"widget\" data-widget_type=\"text-editor.default\">\n\t\t\t\t<div class=\"elementor-widget-container\">\n\t\t\t\t\t\t\t<p><div class=\"member\"><div class='member-img'><img src='https:\/\/www.lichtenfels.at\/wp-content\/uploads\/2025\/03\/Christopher-Juri.jpg' \/><\/div>\n      \t<h4>JURI<br \/>Christopher<\/h4>\n      \t<div class=\"member-role\">(JU)<br \/>BEd.<\/div>Mathematik,\u00a0<\/p><p>Physik, Schulische Tagesbetreuung<\/p><p>\u00a0<\/p><p>\u00a0<\/p><p>&#8211;<\/p><p class=\"k1\">juri.christopher@lichtenfels.at<\/p><p>&#8211;<br \/><span class=\"tooltips\"><a href=\"#\" rel=\"tooltip\" title=\" \"><img class=\"aligncenter size-full wp-image-153076\" src=\"http:\/\/www.lichtenfels.at\/neu\/wp-content\/uploads\/2018\/10\/info.png\" alt=\"\" width=\"50\" height=\"50\" \/><\/a><\/span><br \/><\/div><\/p>\t\t\t\t\t\t<\/div>\n\t\t\t\t<\/div>\n\t\t\t\t\t<\/div>\n\t\t<\/div>\n\t\t\t\t<div class=\"elementor-column elementor-col-25 elementor-top-column elementor-element elementor-element-50693e2\" data-id=\"50693e2\" data-element_type=\"column\">\n\t\t\t<div class=\"elementor-widget-wrap elementor-element-populated\">\n\t\t\t\t\t\t<div class=\"elementor-element elementor-element-4d7b574 elementor-widget elementor-widget-text-editor\" data-id=\"4d7b574\" data-element_type=\"widget\" data-widget_type=\"text-editor.default\">\n\t\t\t\t<div class=\"elementor-widget-container\">\n\t\t\t\t\t\t\t<p><div class=\"member\"><div class='member-img'><img src='https:\/\/www.lichtenfels.at\/wp-content\/uploads\/2022\/12\/2022_Kaindradl-scaled.jpg' \/><\/div>\n      \t<h4>KAINRADL<br \/>Christoph<\/h4>\n      \t<div class=\"member-role\">(KC)<br \/>MMag.<\/div>Katholische Religion<\/p><p>\u00a0<\/p><p>\u00a0<\/p><p>\u00a0<\/p><p>\u00a0<\/p><p>&#8211;<\/p><p class=\"k1\">kainradl.christoph@lichtenfels.at<\/p><p>&#8211;<br \/><span class=\"tooltips\"><a href=\"#\" rel=\"tooltip\" title=\" \"><img class=\"aligncenter size-full wp-image-153076\" src=\"http:\/\/www.lichtenfels.at\/neu\/wp-content\/uploads\/2018\/10\/info.png\" alt=\"\" width=\"50\" height=\"50\" \/><\/a><\/span><br \/><\/div><\/p>\t\t\t\t\t\t<\/div>\n\t\t\t\t<\/div>\n\t\t\t\t\t<\/div>\n\t\t<\/div>\n\t\t\t\t\t<\/div>\n\t\t<\/section>\n\t\t\t\t<section class=\"elementor-section elementor-top-section elementor-element elementor-element-e3ea08f elementor-section-boxed elementor-section-height-default elementor-section-height-default\" data-id=\"e3ea08f\" data-element_type=\"section\">\n\t\t\t\t\t\t<div class=\"elementor-container elementor-column-gap-default\">\n\t\t\t\t\t<div class=\"elementor-column elementor-col-25 elementor-top-column elementor-element elementor-element-7933909\" data-id=\"7933909\" data-element_type=\"column\">\n\t\t\t<div class=\"elementor-widget-wrap elementor-element-populated\">\n\t\t\t\t\t\t<div class=\"elementor-element elementor-element-4b21ee9 elementor-widget elementor-widget-text-editor\" data-id=\"4b21ee9\" data-element_type=\"widget\" data-widget_type=\"text-editor.default\">\n\t\t\t\t<div class=\"elementor-widget-container\">\n\t\t\t\t\t\t\t<p><div class=\"member\"><div class='member-img'><img src='https:\/\/www.lichtenfels.at\/wp-content\/uploads\/2024\/11\/Kallinger.jpg' \/><\/div>\n      \t<h4>KALLINGER<br>Sigrid<\/h4>\n      \t<div class=\"member-role\">(KS)<br>Mag.<\/div>Geschichte und politische Bildung,<\/p>\n<p>Franz\u00f6sisch,<\/p>\n<p>Schulische Tagesbetreuung<\/p><p>&#8211;<\/p>\n<p class=\"k1\">kallinger.sigrid@lichtenfels.at<\/p>\n<p>&#8211;<br><span class=\"tooltips\"><a href=\"#\" rel=\"tooltip\" title=\"Stellvertretende Leitung Schulische Tagesbetreuung; Koordination der Sch\u00fclerInnennachhilfe\"><img class=\"aligncenter size-full wp-image-153076\" src=\"http:\/\/www.lichtenfels.at\/neu\/wp-content\/uploads\/2018\/10\/info.png\" alt=\"\" width=\"50\" height=\"50\"><\/a><\/span><br><\/div><\/p>\t\t\t\t\t\t<\/div>\n\t\t\t\t<\/div>\n\t\t\t\t\t<\/div>\n\t\t<\/div>\n\t\t\t\t<div class=\"elementor-column elementor-col-25 elementor-top-column elementor-element elementor-element-974a0f3\" data-id=\"974a0f3\" data-element_type=\"column\">\n\t\t\t<div class=\"elementor-widget-wrap elementor-element-populated\">\n\t\t\t\t\t\t<div class=\"elementor-element elementor-element-f49fb7d elementor-widget elementor-widget-text-editor\" data-id=\"f49fb7d\" data-element_type=\"widget\" data-widget_type=\"text-editor.default\">\n\t\t\t\t<div class=\"elementor-widget-container\">\n\t\t\t\t\t\t\t<p><div class=\"member\"><div class='member-img'><img src='https:\/\/www.lichtenfels.at\/wp-content\/uploads\/2024\/11\/Kant-scaled.jpg' \/><\/div>\n      \t<h4>KANT<br \/>Daniel<\/h4>\n      \t<div class=\"member-role\">(KA)<br \/>Mag.<\/div> Evangelische Religion,\u00a0<\/p><p>Schulische Tagesbetreuung<\/p><p><span style=\"color: var( --e-global-color-text );\">\u00a0<\/span>\u00a0<\/p><p>\u00a0<\/p><p><span style=\"color: var( --e-global-color-text );\">&#8211;<\/span><\/p><p class=\"k1\">kant.daniel@lichtenfels.at<\/p><p>&#8211;<br \/><span class=\"tooltips\"><a href=\"#\" rel=\"tooltip\" title=\"\"><img class=\"aligncenter size-full wp-image-153076\" src=\"http:\/\/www.lichtenfels.at\/neu\/wp-content\/uploads\/2018\/10\/info.png\" alt=\"\" width=\"50\" height=\"50\" \/><\/a><\/span><br \/><\/div><\/p>\t\t\t\t\t\t<\/div>\n\t\t\t\t<\/div>\n\t\t\t\t\t<\/div>\n\t\t<\/div>\n\t\t\t\t<div class=\"elementor-column elementor-col-25 elementor-top-column elementor-element elementor-element-890fac8\" data-id=\"890fac8\" data-element_type=\"column\">\n\t\t\t<div class=\"elementor-widget-wrap elementor-element-populated\">\n\t\t\t\t\t\t<div class=\"elementor-element elementor-element-4f1c772 elementor-widget elementor-widget-text-editor\" data-id=\"4f1c772\" data-element_type=\"widget\" data-widget_type=\"text-editor.default\">\n\t\t\t\t<div class=\"elementor-widget-container\">\n\t\t\t\t\t\t\t<p><div class=\"member\"><div class='member-img'><img src='http:\/\/www.lichtenfels.at\/neu\/wp-content\/uploads\/2018\/09\/kern.jpg' \/><\/div>\n      \t<h4>KERN<br \/>Johannes <\/h4>\n      \t<div class=\"member-role\">(KN)<br \/>Mag.<\/div>Deutsch,<\/p><p>Philosophie &amp; Psychologie,<\/p><p>Ethik<\/p><p>\u00a0<\/p><p><span style=\"color: var( --e-global-color-text );\">&#8211;<\/span><\/p><p class=\"k1\">kern.johannes@lichtenfels.at<\/p><p>&#8211;<br \/><span class=\"tooltips\"><a href=\"#\" rel=\"tooltip\" title=\"Leitung Mobbingpr\u00e4vention, LLOS; Gesundheitsf\u00f6rderung; Schacholympiade Koordination; Migration und Mehrsprachigkeit; DAZ\/DAF; Krisenintervention; Begabungs- und Begabtenf\u00f6rderung; Jahresbericht\"><img class=\"aligncenter size-full wp-image-153076\" src=\"http:\/\/www.lichtenfels.at\/neu\/wp-content\/uploads\/2018\/10\/info.png\" alt=\"\" width=\"50\" height=\"50\" \/><\/a><\/span><br \/><\/div><\/p>\t\t\t\t\t\t<\/div>\n\t\t\t\t<\/div>\n\t\t\t\t\t<\/div>\n\t\t<\/div>\n\t\t\t\t<div class=\"elementor-column elementor-col-25 elementor-top-column elementor-element elementor-element-58a7e90\" data-id=\"58a7e90\" data-element_type=\"column\">\n\t\t\t<div class=\"elementor-widget-wrap elementor-element-populated\">\n\t\t\t\t\t\t<div class=\"elementor-element elementor-element-f3bcd24 elementor-widget elementor-widget-text-editor\" data-id=\"f3bcd24\" data-element_type=\"widget\" data-widget_type=\"text-editor.default\">\n\t\t\t\t<div class=\"elementor-widget-container\">\n\t\t\t\t\t\t\t<p><div class=\"member\"><div class='member-img'><img src='https:\/\/www.lichtenfels.at\/wp-content\/uploads\/2025\/03\/Kljajic-Manuela.jpg' \/><\/div>\n      \t<h4>KLJAJIC<br \/>Manuela<\/h4>\n      \t<div class=\"member-role\">(KJ)<br \/>Dipl.-Ing. <\/div> Technik und Design<\/p><p>\u00a0<\/p><p>\u00a0<\/p><p>\u00a0<\/p><p>&#8211;<\/p><p class=\"k1\">kljajic.manuela@lichtenfels.at<\/p><p>&#8211;<\/p><p><span class=\"tooltips\"><a href=\"#\" rel=\"tooltip\" title=\"\"><img class=\"aligncenter size-full wp-image-153076\" src=\"http:\/\/www.lichtenfels.at\/neu\/wp-content\/uploads\/2018\/10\/info.png\" alt=\"\" width=\"50\" height=\"50\" \/><\/a><\/span><br \/><\/div><\/p>\t\t\t\t\t\t<\/div>\n\t\t\t\t<\/div>\n\t\t\t\t\t<\/div>\n\t\t<\/div>\n\t\t\t\t\t<\/div>\n\t\t<\/section>\n\t\t\t\t<section class=\"elementor-section elementor-top-section elementor-element elementor-element-f44a1b9 elementor-section-boxed elementor-section-height-default elementor-section-height-default\" data-id=\"f44a1b9\" data-element_type=\"section\">\n\t\t\t\t\t\t<div class=\"elementor-container elementor-column-gap-default\">\n\t\t\t\t\t<div class=\"elementor-column elementor-col-25 elementor-top-column elementor-element elementor-element-4eefee4\" data-id=\"4eefee4\" data-element_type=\"column\">\n\t\t\t<div class=\"elementor-widget-wrap elementor-element-populated\">\n\t\t\t\t\t\t<div class=\"elementor-element elementor-element-22ba461 elementor-widget elementor-widget-text-editor\" data-id=\"22ba461\" data-element_type=\"widget\" data-widget_type=\"text-editor.default\">\n\t\t\t\t<div class=\"elementor-widget-container\">\n\t\t\t\t\t\t\t<p><div class=\"member\"><div class='member-img'><img src='http:\/\/www.lichtenfels.at\/neu\/wp-content\/uploads\/2018\/11\/27-KOBER-David.jpg' \/><\/div>\n      \t<h4>KOBER<br \/>David<\/h4>\n      \t<div class=\"member-role\">(KB)<br \/>Mag. <\/div> Deutsch,<\/p><p>Geschichte und politische Bildung<\/p><p>\u00a0<\/p><p>&#8211;<\/p><p class=\"k1\">kober.david@lichtenfels.at<\/p><p>&#8211;<\/p><p><span class=\"tooltips\"><a href=\"#\" rel=\"tooltip\" title=\"LLOS-Team; Webseite; Mitglied des Dienststellenausschusses\"><img class=\"aligncenter size-full wp-image-153076\" src=\"http:\/\/www.lichtenfels.at\/neu\/wp-content\/uploads\/2018\/10\/info.png\" alt=\"\" width=\"50\" height=\"50\" \/><\/a><\/span><br \/><\/div><\/p>\t\t\t\t\t\t<\/div>\n\t\t\t\t<\/div>\n\t\t\t\t\t<\/div>\n\t\t<\/div>\n\t\t\t\t<div class=\"elementor-column elementor-col-25 elementor-top-column elementor-element elementor-element-81c2234\" data-id=\"81c2234\" data-element_type=\"column\">\n\t\t\t<div class=\"elementor-widget-wrap elementor-element-populated\">\n\t\t\t\t\t\t<div class=\"elementor-element elementor-element-4b63752 elementor-widget elementor-widget-text-editor\" data-id=\"4b63752\" data-element_type=\"widget\" data-widget_type=\"text-editor.default\">\n\t\t\t\t<div class=\"elementor-widget-container\">\n\t\t\t\t\t\t\t<p><div class=\"member\"><div class='member-img'><img src='https:\/\/www.lichtenfels.at\/wp-content\/uploads\/2026\/01\/27-KO\u0308LLER-Florian-scaled.jpg' \/><\/div>\n      \t<h4>K\u00d6LLER<br \/>Florian<\/h4>\n      \t<div class=\"member-role\">(KF)<br \/><\/div> Digitale Grundbildung,<\/p><p>Informatik, Musik, Chor<\/p><p>\u00a0<\/p><p>\u00a0<\/p><p>&#8211;<\/p><p class=\"k1\">koeller.florian@lichtenfels.at<\/p><p>&#8211;<\/p><p><span class=\"tooltips\"><a href=\"#\" rel=\"tooltip\" title=\"Stv. Hauptverantwortung Webseite\"><img class=\"aligncenter size-full wp-image-153076\" src=\"http:\/\/www.lichtenfels.at\/neu\/wp-content\/uploads\/2018\/10\/info.png\" alt=\"\" width=\"50\" height=\"50\" \/><\/a><\/span><br \/><\/div><\/p>\t\t\t\t\t\t<\/div>\n\t\t\t\t<\/div>\n\t\t\t\t\t<\/div>\n\t\t<\/div>\n\t\t\t\t<div class=\"elementor-column elementor-col-25 elementor-top-column elementor-element elementor-element-e965817\" data-id=\"e965817\" data-element_type=\"column\">\n\t\t\t<div class=\"elementor-widget-wrap elementor-element-populated\">\n\t\t\t\t\t\t<div class=\"elementor-element elementor-element-5d378b5 elementor-widget elementor-widget-text-editor\" data-id=\"5d378b5\" data-element_type=\"widget\" data-widget_type=\"text-editor.default\">\n\t\t\t\t<div class=\"elementor-widget-container\">\n\t\t\t\t\t\t\t<p><div class=\"member\"><div class='member-img'><img src='https:\/\/www.lichtenfels.at\/wp-content\/uploads\/2024\/11\/Koini-scaled.jpg' \/><\/div>\n      \t<h4>KOINI<br \/>Daniela<\/h4>\n      \t<div class=\"member-role\">(KD)<br \/>MSc. MEd.<\/div>Bewegung und Sport, Geografie und wirtschaftliche Bildung,\u00a0<\/p><p>Schulische Tagesbetreuung<\/p><p><span style=\"color: var( --e-global-color-text );\">&#8211;<\/span><\/p><p class=\"k1\">koini.daniela@lichtenfels.at<\/p><p>&#8211;<br \/><span class=\"tooltips\"><a href=\"#\" rel=\"tooltip\" title=\"\"><img class=\"aligncenter size-full wp-image-153076\" src=\"http:\/\/www.lichtenfels.at\/neu\/wp-content\/uploads\/2018\/10\/info.png\" alt=\"\" width=\"50\" height=\"50\" \/><\/a><\/span><br \/><\/div><\/p>\t\t\t\t\t\t<\/div>\n\t\t\t\t<\/div>\n\t\t\t\t\t<\/div>\n\t\t<\/div>\n\t\t\t\t<div class=\"elementor-column elementor-col-25 elementor-top-column elementor-element elementor-element-6079ff6\" data-id=\"6079ff6\" data-element_type=\"column\">\n\t\t\t<div class=\"elementor-widget-wrap elementor-element-populated\">\n\t\t\t\t\t\t<div class=\"elementor-element elementor-element-c696bc8 elementor-widget elementor-widget-text-editor\" data-id=\"c696bc8\" data-element_type=\"widget\" data-widget_type=\"text-editor.default\">\n\t\t\t\t<div class=\"elementor-widget-container\">\n\t\t\t\t\t\t\t<p><div class=\"member\"><div class='member-img'><img src='https:\/\/www.lichtenfels.at\/wp-content\/uploads\/2023\/09\/TanjaKvarits.jpg' \/><\/div>\n      \t<h4>KVARITS<br \/>Tanja<\/h4>\n      \t<div class=\"member-role\">(KT)<br \/>MMag.<\/div>Bewegung und Sport, Biologie und Umweltbildung<\/p><p>\u00a0<\/p><p>\u00a0<\/p><p>&#8211;<\/p><p class=\"k1\">kvarits.tanja@lichtenfels.at<\/p><p>&#8211;<br \/><span class=\"tooltips\"><a href=\"#\" rel=\"tooltip\" title=\"\"><img class=\"aligncenter size-full wp-image-153076\" src=\"http:\/\/www.lichtenfels.at\/neu\/wp-content\/uploads\/2018\/10\/info.png\" alt=\"\" width=\"50\" height=\"50\" \/><\/a><\/span><br \/><\/div><\/p>\t\t\t\t\t\t<\/div>\n\t\t\t\t<\/div>\n\t\t\t\t\t<\/div>\n\t\t<\/div>\n\t\t\t\t\t<\/div>\n\t\t<\/section>\n\t\t\t\t<section class=\"elementor-section elementor-top-section elementor-element elementor-element-f605766 elementor-section-boxed elementor-section-height-default elementor-section-height-default\" data-id=\"f605766\" data-element_type=\"section\">\n\t\t\t\t\t\t<div class=\"elementor-container elementor-column-gap-default\">\n\t\t\t\t\t<div class=\"elementor-column elementor-col-25 elementor-top-column elementor-element elementor-element-9e78722\" data-id=\"9e78722\" data-element_type=\"column\">\n\t\t\t<div class=\"elementor-widget-wrap elementor-element-populated\">\n\t\t\t\t\t\t<div class=\"elementor-element elementor-element-9233e22 elementor-widget elementor-widget-text-editor\" data-id=\"9233e22\" data-element_type=\"widget\" data-widget_type=\"text-editor.default\">\n\t\t\t\t<div class=\"elementor-widget-container\">\n\t\t\t\t\t\t\t<p><div class=\"member\"><div class='member-img'><img src='https:\/\/www.lichtenfels.at\/wp-content\/uploads\/2026\/04\/29-LAMMER-Julia-scaled.jpg' \/><\/div>\n      \t<h4>LAMMER<br \/>Julia<\/h4>\n      \t<div class=\"member-role\">(LJ)<br \/>Mag.<\/div>Biologie und Umweltbildung,<\/p><p>Englisch,<br \/>Schulische Tagesbetreuung<\/p><p>&#8211;<\/p><p class=\"k1\">lammer.julia@lichtenfels.at<\/p><p>&#8211;<br \/><span class=\"tooltips\"><a href=\"#\" rel=\"tooltip\" title=\"Schulprofilgruppe (EAA); Gesundheitsf\u00f6rderung; \u00d6ffentlichkeitsarbeit (Messe\/Schulf\u00fchrungen); Organisation\/Koordination des English Theaters\"><img class=\"aligncenter size-full wp-image-153076\" src=\"http:\/\/www.lichtenfels.at\/neu\/wp-content\/uploads\/2018\/10\/info.png\" alt=\"\" width=\"50\" height=\"50\" \/><\/a><\/span><br \/><\/div><\/p>\t\t\t\t\t\t<\/div>\n\t\t\t\t<\/div>\n\t\t\t\t\t<\/div>\n\t\t<\/div>\n\t\t\t\t<div class=\"elementor-column elementor-col-25 elementor-top-column elementor-element elementor-element-f7319d8\" data-id=\"f7319d8\" data-element_type=\"column\">\n\t\t\t<div class=\"elementor-widget-wrap elementor-element-populated\">\n\t\t\t\t\t\t<div class=\"elementor-element elementor-element-48357c7 elementor-widget elementor-widget-text-editor\" data-id=\"48357c7\" data-element_type=\"widget\" data-widget_type=\"text-editor.default\">\n\t\t\t\t<div class=\"elementor-widget-container\">\n\t\t\t\t\t\t\t<p><div class=\"member\"><div class='member-img'><img src='https:\/\/www.lichtenfels.at\/wp-content\/uploads\/2023\/11\/Larsson-scaled.jpg' \/><\/div>\n      \t<h4>LARSSON<br \/>Lina<\/h4>\n      \t<div class=\"member-role\">(LL)<br \/>Mag.<\/div>Bewegung und Sport,\u00a0<\/p><p>Englisch<\/p><p>\u00a0<\/p><p>\u00a0<\/p><p>&#8211;<\/p><p class=\"k1\">larsson.lina@lichtenfels.at<\/p><p>&#8211;<\/p><p><span class=\"tooltips\"><a href=\"#\" rel=\"tooltip\" title=\"Life-Aktiv Volleyball, St\u00e4rken st\u00e4rken\"><img class=\"aligncenter size-full wp-image-153076\" src=\"http:\/\/www.lichtenfels.at\/neu\/wp-content\/uploads\/2018\/10\/info.png\" alt=\"\" width=\"50\" height=\"50\" \/><\/a><\/span><br \/><\/div><\/p>\t\t\t\t\t\t<\/div>\n\t\t\t\t<\/div>\n\t\t\t\t\t<\/div>\n\t\t<\/div>\n\t\t\t\t<div class=\"elementor-column elementor-col-25 elementor-top-column elementor-element elementor-element-d9c46e9\" data-id=\"d9c46e9\" data-element_type=\"column\">\n\t\t\t<div class=\"elementor-widget-wrap elementor-element-populated\">\n\t\t\t\t\t\t<div class=\"elementor-element elementor-element-7586067 elementor-widget elementor-widget-text-editor\" data-id=\"7586067\" data-element_type=\"widget\" data-widget_type=\"text-editor.default\">\n\t\t\t\t<div class=\"elementor-widget-container\">\n\t\t\t\t\t\t\t<p><div class=\"member\"><div class='member-img'><img src='https:\/\/www.lichtenfels.at\/wp-content\/uploads\/2023\/11\/Leissenberger-scaled.jpg' \/><\/div>\n      \t<h4>LEISSENBERGER<br \/>Evelyn<\/h4>\n      \t<div class=\"member-role\">(LB)<br \/>Mag.<\/div><\/p><p>Deutsch,<br \/>Musik<\/p><p><span style=\"color: var( --e-global-color-text );\">\u00a0<\/span><\/p><p><span style=\"color: var( --e-global-color-text );\">\u00a0<\/span><\/p><p><span style=\"color: var( --e-global-color-text );\">&#8211;<\/span><\/p><p class=\"k1\">leissenberger.evelyn@lichtenfels.at<\/p><p>&#8211;<br \/><span class=\"tooltips\"><a href=\"#\" rel=\"tooltip\" title=\"\"><img class=\"aligncenter size-full wp-image-153076\" src=\"http:\/\/www.lichtenfels.at\/neu\/wp-content\/uploads\/2018\/10\/info.png\" alt=\"\" width=\"50\" height=\"50\" \/><\/a><\/span><br \/><\/div><\/p>\t\t\t\t\t\t<\/div>\n\t\t\t\t<\/div>\n\t\t\t\t\t<\/div>\n\t\t<\/div>\n\t\t\t\t<div class=\"elementor-column elementor-col-25 elementor-top-column elementor-element elementor-element-7aea8ee\" data-id=\"7aea8ee\" data-element_type=\"column\">\n\t\t\t<div class=\"elementor-widget-wrap elementor-element-populated\">\n\t\t\t\t\t\t<div class=\"elementor-element elementor-element-814c72b elementor-widget elementor-widget-text-editor\" data-id=\"814c72b\" data-element_type=\"widget\" data-widget_type=\"text-editor.default\">\n\t\t\t\t<div class=\"elementor-widget-container\">\n\t\t\t\t\t\t\t<p><div class=\"member\"><div class='member-img'><img src='https:\/\/www.lichtenfels.at\/wp-content\/uploads\/2024\/11\/Loibner-scaled.jpg' \/><\/div>\n      \t<h4>LOIBNER-KAMPUS<br>Doris<\/h4>\n      \t<div class=\"member-role\">(LO)<br>Mag.<\/div><\/p>\n<p>Digitale Grundbildung,<\/p>\n<p>Geschichte und politische Bildung,<\/p>\n<p>Englisch<\/p><p>&#8211;<\/p>\n<p class=\"k1\">loibner-kampus.doris@lichtenfels.at<\/p>\n<p>&#8211;<br><span class=\"tooltips\"><a href=\"#\" rel=\"tooltip\" title=\"Fachkoordinatorin Englisch, Fachkoordinatorin Begabungs- und Begabtenf\u00f6rderung, LLOS-Team, SQA-Team, VWA-Team,&nbsp;Individuelle Lernbegleiterin\"><img class=\"aligncenter size-full wp-image-153076\" src=\"http:\/\/www.lichtenfels.at\/neu\/wp-content\/uploads\/2018\/10\/info.png\" alt=\"\" width=\"50\" height=\"50\"><\/a><\/span><br><\/div><\/p>\t\t\t\t\t\t<\/div>\n\t\t\t\t<\/div>\n\t\t\t\t\t<\/div>\n\t\t<\/div>\n\t\t\t\t\t<\/div>\n\t\t<\/section>\n\t\t\t\t<section class=\"elementor-section elementor-top-section elementor-element elementor-element-b0f6c7b elementor-section-boxed elementor-section-height-default elementor-section-height-default\" data-id=\"b0f6c7b\" data-element_type=\"section\">\n\t\t\t\t\t\t<div class=\"elementor-container elementor-column-gap-default\">\n\t\t\t\t\t<div class=\"elementor-column elementor-col-25 elementor-top-column elementor-element elementor-element-61dda7c\" data-id=\"61dda7c\" data-element_type=\"column\">\n\t\t\t<div class=\"elementor-widget-wrap elementor-element-populated\">\n\t\t\t\t\t\t<div class=\"elementor-element elementor-element-fd6be2d elementor-widget elementor-widget-text-editor\" data-id=\"fd6be2d\" data-element_type=\"widget\" data-widget_type=\"text-editor.default\">\n\t\t\t\t<div class=\"elementor-widget-container\">\n\t\t\t\t\t\t\t<p><div class=\"member\"><div class='member-img'><img src='http:\/\/www.lichtenfels.at\/neu\/wp-content\/uploads\/2018\/09\/lugitsch.jpg' \/><\/div>\n      \t<h4>LUGITSCH-KOPPER<br \/>Johannes<\/h4>\n      \t<div class=\"member-role\">(LU)<br \/>Mag.<\/div>Mathematik,<br \/>Naturwissenschaftlicher Unterricht,<br \/>Physik, BIPHYS,<br \/>Physikolympiade<\/p><p>&#8211;<\/p><p class=\"k1\">lugitsch.johannes@lichtenfels.at<\/p><p>&#8211;<br \/><span class=\"tooltips\"><a href=\"#\" rel=\"tooltip\" title=\"Landesfachkoordinator Physik; Landeskoordinator Physikolympiade; Schulprofilgruppe (NAWI); Stundenplanbau\"><img class=\"aligncenter size-full wp-image-153076\" src=\"http:\/\/www.lichtenfels.at\/neu\/wp-content\/uploads\/2018\/10\/info.png\" alt=\"\" width=\"50\" height=\"50\" \/><\/a><\/span><br \/><\/div><\/p>\t\t\t\t\t\t<\/div>\n\t\t\t\t<\/div>\n\t\t\t\t\t<\/div>\n\t\t<\/div>\n\t\t\t\t<div class=\"elementor-column elementor-col-25 elementor-top-column elementor-element elementor-element-a028457\" data-id=\"a028457\" data-element_type=\"column\">\n\t\t\t<div class=\"elementor-widget-wrap elementor-element-populated\">\n\t\t\t\t\t\t<div class=\"elementor-element elementor-element-9087740 elementor-widget elementor-widget-text-editor\" data-id=\"9087740\" data-element_type=\"widget\" data-widget_type=\"text-editor.default\">\n\t\t\t\t<div class=\"elementor-widget-container\">\n\t\t\t\t\t\t\t<p><div class=\"member\"><div class='member-img'><img src='https:\/\/www.lichtenfels.at\/wp-content\/uploads\/2021\/11\/Magg-scaled.jpg' \/><\/div>\n      \t<h4>MAGG<br \/>Sabrina<\/h4>\n      \t<div class=\"member-role\">(MS)<br \/>Mag.<\/div>Bewegung und Sport,\u00a0<\/p><p>Franz\u00f6sisch<\/p><p>\u00a0<\/p><p>\u00a0<\/p><p>\u00a0<\/p><p><span style=\"color: var( --e-global-color-text );\">&#8211;<\/span><\/p><p class=\"k1\">magg.sabrina@lichtenfels.at<\/p><p>&#8211;<br \/><span class=\"tooltips\"><a href=\"#\" rel=\"tooltip\" title=\"\u00d6JRK Referentin; Krisenintervention (EH); \u00d6ffentlichkeitsarbeit (Schulf\u00fchrung); Webseite\"><img class=\"aligncenter size-full wp-image-153076\" src=\"http:\/\/www.lichtenfels.at\/neu\/wp-content\/uploads\/2018\/10\/info.png\" alt=\"\" width=\"50\" height=\"50\" \/><\/a><\/span><br \/><\/div><\/p>\t\t\t\t\t\t<\/div>\n\t\t\t\t<\/div>\n\t\t\t\t\t<\/div>\n\t\t<\/div>\n\t\t\t\t<div class=\"elementor-column elementor-col-25 elementor-top-column elementor-element elementor-element-8399f5a\" data-id=\"8399f5a\" data-element_type=\"column\">\n\t\t\t<div class=\"elementor-widget-wrap elementor-element-populated\">\n\t\t\t\t\t\t<div class=\"elementor-element elementor-element-eeed857 elementor-widget elementor-widget-text-editor\" data-id=\"eeed857\" data-element_type=\"widget\" data-widget_type=\"text-editor.default\">\n\t\t\t\t<div class=\"elementor-widget-container\">\n\t\t\t\t\t\t\t<p><div class=\"member\"><div class='member-img'><img src='http:\/\/www.lichtenfels.at\/wp-content\/uploads\/2020\/03\/Maier-Kornelia.jpg' \/><\/div>\n      \t<h4>MAIER<br>Kornelia<\/h4>\n      \t<div class=\"member-role\">(MK)<br>Mag.<\/div>Deutsch,&nbsp;<\/p>\n<p>Geografie und wirtschaftliche Bildung,<\/p>\n<p>Kunst und Gestaltung,&nbsp;<\/p>\n<p>Technik und Design<\/p><p>&#8211;<\/p>\n<p class=\"k1\">maier.kornelia@lichtenfels.at<\/p>\n<p>&#8211;<br><span class=\"tooltips\"><a href=\"#\" rel=\"tooltip\" title=\"\"><img class=\"aligncenter size-full wp-image-153076\" src=\"http:\/\/www.lichtenfels.at\/neu\/wp-content\/uploads\/2018\/10\/info.png\" alt=\"\" width=\"50\" height=\"50\"><\/a><\/span><br><\/div><\/p>\t\t\t\t\t\t<\/div>\n\t\t\t\t<\/div>\n\t\t\t\t\t<\/div>\n\t\t<\/div>\n\t\t\t\t<div class=\"elementor-column elementor-col-25 elementor-top-column elementor-element elementor-element-f2c40e6\" data-id=\"f2c40e6\" data-element_type=\"column\">\n\t\t\t<div class=\"elementor-widget-wrap elementor-element-populated\">\n\t\t\t\t\t\t<div class=\"elementor-element elementor-element-85b26b7 elementor-widget elementor-widget-text-editor\" data-id=\"85b26b7\" data-element_type=\"widget\" data-widget_type=\"text-editor.default\">\n\t\t\t\t<div class=\"elementor-widget-container\">\n\t\t\t\t\t\t\t<p><div class=\"member\"><div class='member-img'><img src='https:\/\/www.lichtenfels.at\/wp-content\/uploads\/2024\/11\/Manzenreiter-scaled.jpg' \/><\/div>\n      \t<h4>MANZENREITER<br \/>Johann<\/h4>\n      \t<div class=\"member-role\">(MA)<br \/>Mag.<\/div>Geografie und wirtschaftliche Bildung,<br \/>Latein<\/p><p>\u00a0<\/p><p>\u00a0<\/p><p>&#8211;<\/p><p class=\"k1\">manzenreiter.johann@lichtenfels.at<\/p><p>&#8211;<br \/><span class=\"tooltips\"><a href=\"#\" rel=\"tooltip\" title=\"Fachkoordinator Latein; Koordination Sch\u00fcler- und Bildungsberatung; Vorsitzender des Dienststellenausschusses; Koordinator Schulpsychologie; Krisenintervention (Vertrauenslehrer\/Elternkontaktperson)\"><img class=\"aligncenter size-full wp-image-153076\" src=\"http:\/\/www.lichtenfels.at\/neu\/wp-content\/uploads\/2018\/10\/info.png\" alt=\"\" width=\"50\" height=\"50\" \/><\/a><\/span><br \/><\/div><\/p>\t\t\t\t\t\t<\/div>\n\t\t\t\t<\/div>\n\t\t\t\t\t<\/div>\n\t\t<\/div>\n\t\t\t\t\t<\/div>\n\t\t<\/section>\n\t\t\t\t<section class=\"elementor-section elementor-top-section elementor-element elementor-element-e0ccd8f elementor-section-boxed elementor-section-height-default elementor-section-height-default\" data-id=\"e0ccd8f\" data-element_type=\"section\">\n\t\t\t\t\t\t<div class=\"elementor-container elementor-column-gap-default\">\n\t\t\t\t\t<div class=\"elementor-column elementor-col-25 elementor-top-column elementor-element elementor-element-335dab2\" data-id=\"335dab2\" data-element_type=\"column\">\n\t\t\t<div class=\"elementor-widget-wrap elementor-element-populated\">\n\t\t\t\t\t\t<div class=\"elementor-element elementor-element-a7dc9a2 elementor-widget elementor-widget-text-editor\" data-id=\"a7dc9a2\" data-element_type=\"widget\" data-widget_type=\"text-editor.default\">\n\t\t\t\t<div class=\"elementor-widget-container\">\n\t\t\t\t\t\t\t<p><div class=\"member\"><div class='member-img'><img src='https:\/\/www.lichtenfels.at\/wp-content\/uploads\/2024\/11\/Schadl-scaled.jpg' \/><\/div>\n      \t<h4>MARSCHAL<br \/>Ulrike<\/h4>\n      \t<div class=\"member-role\">(SH)<br \/>Mag. <\/div>Ethik,<\/p><p>Katholische Religion<\/p><p><span style=\"color: var( --e-global-color-text );\">\u00a0<\/span><\/p><p><span style=\"color: var( --e-global-color-text );\">\u00a0<\/span><\/p><p><span style=\"color: var( --e-global-color-text );\">\u00a0<\/span><\/p><p><span style=\"color: var( --e-global-color-text );\">\u00a0<\/span><\/p><p><span style=\"color: var( --e-global-color-text );\">&#8211;<\/span><\/p><p class=\"k1\">marschal.ulrike@lichtenfels.at<\/p><p>&#8211;<br \/><span class=\"tooltips\"><a href=\"#\" rel=\"tooltip\" title=\"\"><img class=\"aligncenter size-full wp-image-153076\" src=\"http:\/\/www.lichtenfels.at\/neu\/wp-content\/uploads\/2018\/10\/info.png\" alt=\"\" width=\"50\" height=\"50\" \/><\/a><\/span><br \/><\/div><\/p>\t\t\t\t\t\t<\/div>\n\t\t\t\t<\/div>\n\t\t\t\t\t<\/div>\n\t\t<\/div>\n\t\t\t\t<div class=\"elementor-column elementor-col-25 elementor-top-column elementor-element elementor-element-e3fb444\" data-id=\"e3fb444\" data-element_type=\"column\">\n\t\t\t<div class=\"elementor-widget-wrap elementor-element-populated\">\n\t\t\t\t\t\t<div class=\"elementor-element elementor-element-5043b6f elementor-widget elementor-widget-text-editor\" data-id=\"5043b6f\" data-element_type=\"widget\" data-widget_type=\"text-editor.default\">\n\t\t\t\t<div class=\"elementor-widget-container\">\n\t\t\t\t\t\t\t<p><div class=\"member\"><div class='member-img'><img src='https:\/\/www.lichtenfels.at\/wp-content\/uploads\/2024\/11\/Matschinegg-scaled.jpg' \/><\/div>\n      \t<h4>MATSCHINEGG<br \/>Susanne<\/h4>\n      \t<div class=\"member-role\">(MAS)<br \/>MEd.<\/div>Ethik,<\/p><p>Latein,\u00a0<\/p><p>Psychologie &amp; Philosophie<\/p><p>\u00a0<\/p><p>\u00a0<\/p><p>\u00a0<\/p><p>\u00a0<\/p><p>&#8211;<\/p><p class=\"k1\">matschinegg.susanne@lichtenfels.at<\/p><p>&#8211;<br \/><span class=\"tooltips\"><a href=\"#\" rel=\"tooltip\" title=\"\"><img class=\"aligncenter size-full wp-image-153076\" src=\"http:\/\/www.lichtenfels.at\/neu\/wp-content\/uploads\/2018\/10\/info.png\" alt=\"\" width=\"50\" height=\"50\" \/><\/a><\/span><br \/><\/div><\/p>\t\t\t\t\t\t<\/div>\n\t\t\t\t<\/div>\n\t\t\t\t\t<\/div>\n\t\t<\/div>\n\t\t\t\t<div class=\"elementor-column elementor-col-25 elementor-top-column elementor-element elementor-element-726bae5\" data-id=\"726bae5\" data-element_type=\"column\">\n\t\t\t<div class=\"elementor-widget-wrap elementor-element-populated\">\n\t\t\t\t\t\t<div class=\"elementor-element elementor-element-bce5c7c elementor-widget elementor-widget-text-editor\" data-id=\"bce5c7c\" data-element_type=\"widget\" data-widget_type=\"text-editor.default\">\n\t\t\t\t<div class=\"elementor-widget-container\">\n\t\t\t\t\t\t\t<p><div class=\"member\"><div class='member-img'><img src='http:\/\/www.lichtenfels.at\/neu\/wp-content\/uploads\/2018\/11\/37-MEHANOVIC-Abdulah.jpg' \/><\/div>\n      \t<h4>MEHANOVI\u0106<\/p><p>Abdulah<\/h4>\n      \t<div class=\"member-role\">(MC)<br \/>Mag.<\/div>Islamische Religion<\/p><p><span style=\"color: var( --e-global-color-text );\">\u00a0<\/span><\/p><p><span style=\"color: var( --e-global-color-text );\">\u00a0<\/span><\/p><p><span style=\"color: var( --e-global-color-text );\">\u00a0<\/span><\/p><p><span style=\"color: var( --e-global-color-text );\">\u00a0<\/span><\/p><p><span style=\"color: var( --e-global-color-text );\">\u00a0<\/span><\/p><p>\u00a0<\/p><p><span style=\"color: var( --e-global-color-text );\">&#8211;<\/span><\/p><p class=\"k1\">mehanovic.abdulah@lichtenfels.at<\/p><p>&#8211;<\/p><p><span class=\"tooltips\"><a href=\"#\" rel=\"tooltip\" title=\"\"><img class=\"aligncenter size-full wp-image-153076\" src=\"http:\/\/www.lichtenfels.at\/neu\/wp-content\/uploads\/2018\/10\/info.png\" alt=\"\" width=\"50\" height=\"50\" \/><\/a><\/span><br \/><\/div><\/p>\t\t\t\t\t\t<\/div>\n\t\t\t\t<\/div>\n\t\t\t\t\t<\/div>\n\t\t<\/div>\n\t\t\t\t<div class=\"elementor-column elementor-col-25 elementor-top-column elementor-element elementor-element-caf7f82\" data-id=\"caf7f82\" data-element_type=\"column\">\n\t\t\t<div class=\"elementor-widget-wrap elementor-element-populated\">\n\t\t\t\t\t\t<div class=\"elementor-element elementor-element-5df3064 elementor-widget elementor-widget-text-editor\" data-id=\"5df3064\" data-element_type=\"widget\" data-widget_type=\"text-editor.default\">\n\t\t\t\t<div class=\"elementor-widget-container\">\n\t\t\t\t\t\t\t<p><div class=\"member\"><div class='member-img'><img src='http:\/\/www.lichtenfels.at\/neu\/wp-content\/uploads\/2018\/09\/meixner.jpg' \/><\/div>\n      \t<h4>MEIXNER<br \/>Bettina<\/h4>\n      \t<div class=\"member-role\">(MB)<br \/>Mag.<\/div>Englisch,<br \/>Franz\u00f6sisch<\/p><p>\u00a0<\/p><p>\u00a0<\/p><p>\u00a0<\/p><p>\u00a0<\/p><p>\u00a0<\/p><p>&#8211;<\/p><p class=\"k1\">meixner.bettina@lichtenfels.at<\/p><p>&#8211;<\/p><p><span class=\"tooltips\"><a href=\"#\" rel=\"tooltip\" title=\"Fachkoordinatorin f\u00fcr Franz\u00f6sisch; Testadministratorin Mathematik; Leiterin Krisenintervention (Elternkontakt); Intervision; SGA-Mitglied\"><img class=\"aligncenter size-full wp-image-153076\" src=\"http:\/\/www.lichtenfels.at\/neu\/wp-content\/uploads\/2018\/10\/info.png\" alt=\"\" width=\"50\" height=\"50\" \/><\/a><\/span><br \/><\/div><\/p>\t\t\t\t\t\t<\/div>\n\t\t\t\t<\/div>\n\t\t\t\t\t<\/div>\n\t\t<\/div>\n\t\t\t\t\t<\/div>\n\t\t<\/section>\n\t\t\t\t<section class=\"elementor-section elementor-top-section elementor-element elementor-element-82b2b46 elementor-section-boxed elementor-section-height-default elementor-section-height-default\" data-id=\"82b2b46\" data-element_type=\"section\">\n\t\t\t\t\t\t<div class=\"elementor-container elementor-column-gap-default\">\n\t\t\t\t\t<div class=\"elementor-column elementor-col-25 elementor-top-column elementor-element elementor-element-7ba68d3\" data-id=\"7ba68d3\" data-element_type=\"column\">\n\t\t\t<div class=\"elementor-widget-wrap elementor-element-populated\">\n\t\t\t\t\t\t<div class=\"elementor-element elementor-element-179e7cb elementor-widget elementor-widget-text-editor\" data-id=\"179e7cb\" data-element_type=\"widget\" data-widget_type=\"text-editor.default\">\n\t\t\t\t<div class=\"elementor-widget-container\">\n\t\t\t\t\t\t\t<p><div class=\"member\"><div class='member-img'><img src='http:\/\/www.lichtenfels.at\/neu\/wp-content\/uploads\/2018\/11\/39-MITTELBACH-Magdalena.jpg' \/><\/div>\n      \t<h4>MITTELBACH<br \/>Magdalena<\/h4>\n      \t<div class=\"member-role\">(MT)<br \/>Mag.<\/div>Biologie und Umweltbildung,<\/p><p>Chemie,<\/p><p>Naturwissenschaftlicher Unterricht<\/p><p>&#8211;<\/p><p>derzeit in Karenz<\/p><p>&#8211;<\/p><p class=\"k1\">mittelbach.magdalena@lichtenfels.at<\/p><p>&#8211;<\/p><p><span class=\"tooltips\"><a href=\"#\" rel=\"tooltip\" title=\"Leiterin Schulbuchaktion; Chemieolympiade; Kustos f\u00fcr Chemie; Ansprechperson TU Kooperation; Webseite\"><img loading=\"lazy\" src=\"http:\/\/www.lichtenfels.at\/neu\/wp-content\/uploads\/2018\/10\/info.png\" alt=\"\" width=\"50\" height=\"50\" \/><\/a><\/span><\/p><p><\/div><\/p>\t\t\t\t\t\t<\/div>\n\t\t\t\t<\/div>\n\t\t\t\t\t<\/div>\n\t\t<\/div>\n\t\t\t\t<div class=\"elementor-column elementor-col-25 elementor-top-column elementor-element elementor-element-8c523c1\" data-id=\"8c523c1\" data-element_type=\"column\">\n\t\t\t<div class=\"elementor-widget-wrap elementor-element-populated\">\n\t\t\t\t\t\t<div class=\"elementor-element elementor-element-f878bf2 elementor-widget elementor-widget-text-editor\" data-id=\"f878bf2\" data-element_type=\"widget\" data-widget_type=\"text-editor.default\">\n\t\t\t\t<div class=\"elementor-widget-container\">\n\t\t\t\t\t\t\t<p><div class=\"member\"><div class='member-img'><img src='https:\/\/www.lichtenfels.at\/wp-content\/uploads\/2024\/11\/Monschein-scaled.jpg' \/><\/div>\n      \t<h4>MONSCHEIN<br \/>Patrick<\/h4>\n      \t<div class=\"member-role\">(MO)<br \/>Mag.<\/div>Bewegung und Sport,<br \/>Englisch<\/p><p><span style=\"color: var( --e-global-color-text );\">\u00a0<\/span><\/p><p><span style=\"color: var( --e-global-color-text );\">\u00a0<\/span><\/p><p><span style=\"color: var( --e-global-color-text );\">\u00a0<\/span>\u00a0<\/p><p><span style=\"color: var( --e-global-color-text );\">&#8211;<\/span><\/p><p class=\"k1\">monschein.patrick@lichtenfels.at<\/p><p>&#8211;<br \/><span class=\"tooltips\"><a href=\"#\" rel=\"tooltip\" title=\"\u00d6ffentlichkeitsarbeit; Peermediation; Leitung Wintersportwoche 2.Klasse\"><img class=\"aligncenter size-full wp-image-153076\" src=\"http:\/\/www.lichtenfels.at\/neu\/wp-content\/uploads\/2018\/10\/info.png\" alt=\"\" width=\"50\" height=\"50\" \/><\/a><\/span><br \/><\/div><\/p>\t\t\t\t\t\t<\/div>\n\t\t\t\t<\/div>\n\t\t\t\t\t<\/div>\n\t\t<\/div>\n\t\t\t\t<div class=\"elementor-column elementor-col-25 elementor-top-column elementor-element elementor-element-736173e\" data-id=\"736173e\" data-element_type=\"column\">\n\t\t\t<div class=\"elementor-widget-wrap elementor-element-populated\">\n\t\t\t\t\t\t<div class=\"elementor-element elementor-element-1406fb3 elementor-widget elementor-widget-text-editor\" data-id=\"1406fb3\" data-element_type=\"widget\" data-widget_type=\"text-editor.default\">\n\t\t\t\t<div class=\"elementor-widget-container\">\n\t\t\t\t\t\t\t<p><div class=\"member\"><div class='member-img'><img src='http:\/\/www.lichtenfels.at\/neu\/wp-content\/uploads\/2018\/09\/morak.jpg' \/><\/div>\n      \t<h4>MORAK<br \/>Ernst<\/h4>\n      \t<div class=\"member-role\">(ME)<br \/>Mag.<\/div>Digitale Grundbildung,<br \/>Informatik<\/p><p>\u00a0<\/p><p>\u00a0<\/p><p>\u00a0<\/p><p>&#8211;<\/p><p class=\"k1\">morak.ernst@lichtenfels.at<\/p><p>&#8211;<br \/><span class=\"tooltips\"><a href=\"#\" rel=\"tooltip\" title=\" \u00d6ffentlichkeitsarbeit; Kustos f\u00fcr Informatik\"><img class=\"aligncenter size-full wp-image-153076\" src=\"http:\/\/www.lichtenfels.at\/neu\/wp-content\/uploads\/2018\/10\/info.png\" alt=\"\" width=\"50\" height=\"50\" \/><\/a><\/span><br \/><\/div><\/p>\t\t\t\t\t\t<\/div>\n\t\t\t\t<\/div>\n\t\t\t\t\t<\/div>\n\t\t<\/div>\n\t\t\t\t<div class=\"elementor-column elementor-col-25 elementor-top-column elementor-element elementor-element-33d757d\" data-id=\"33d757d\" data-element_type=\"column\">\n\t\t\t<div class=\"elementor-widget-wrap elementor-element-populated\">\n\t\t\t\t\t\t<div class=\"elementor-element elementor-element-240e4a2 elementor-widget elementor-widget-text-editor\" data-id=\"240e4a2\" data-element_type=\"widget\" data-widget_type=\"text-editor.default\">\n\t\t\t\t<div class=\"elementor-widget-container\">\n\t\t\t\t\t\t\t<p><div class=\"member\"><div class='member-img'><img src='https:\/\/www.lichtenfels.at\/wp-content\/uploads\/2021\/12\/Muhr.jpg' \/><\/div>\n      \t<h4>MUHR<br \/>Nicole<\/h4>\n      \t<div class=\"member-role\">(MU)<br \/>MMag. Dr.<\/div>Geometrisches Zeichnen,<br \/>Mathematik,<br \/>Naturwissenschaftlicher Unterricht,<br \/>Physik<br \/>&#8211;<\/p><p class=\"k1\">muhr.nicole@lichtenfels.at<\/p><p>&#8211;<br \/><span class=\"tooltips\"><a href=\"#\" rel=\"tooltip\" title=\"Kustodin Mathematik; Kustodin Darstellende Geometrie; Mathematikolympiade; Schule ohne Gewalt und Rassismus; Krisenintervention (Protokollschreiberin); Mitglied des Dienststellenausschusses\"><img class=\"aligncenter size-full wp-image-153076\" src=\"http:\/\/www.lichtenfels.at\/neu\/wp-content\/uploads\/2018\/10\/info.png\" alt=\"\" width=\"50\" height=\"50\" \/><\/a><\/span><br \/><\/div><\/p>\t\t\t\t\t\t<\/div>\n\t\t\t\t<\/div>\n\t\t\t\t\t<\/div>\n\t\t<\/div>\n\t\t\t\t\t<\/div>\n\t\t<\/section>\n\t\t\t\t<section class=\"elementor-section elementor-top-section elementor-element elementor-element-af2bbaf elementor-section-boxed elementor-section-height-default elementor-section-height-default\" data-id=\"af2bbaf\" data-element_type=\"section\">\n\t\t\t\t\t\t<div class=\"elementor-container elementor-column-gap-default\">\n\t\t\t\t\t<div class=\"elementor-column elementor-col-25 elementor-top-column elementor-element elementor-element-93a7ada\" data-id=\"93a7ada\" data-element_type=\"column\">\n\t\t\t<div class=\"elementor-widget-wrap elementor-element-populated\">\n\t\t\t\t\t\t<div class=\"elementor-element elementor-element-da7b964 elementor-widget elementor-widget-text-editor\" data-id=\"da7b964\" data-element_type=\"widget\" data-widget_type=\"text-editor.default\">\n\t\t\t\t<div class=\"elementor-widget-container\">\n\t\t\t\t\t\t\t<p><div class=\"member\"><div class='member-img'><img src='https:\/\/www.lichtenfels.at\/wp-content\/uploads\/2024\/11\/Mueller-scaled.jpg' \/><\/div>\n      \t<h4>M\u00fcller<br \/>Lisa<\/h4>\n      \t<div class=\"member-role\">(ML)<br \/>Mag.<\/div>Englisch,<br \/>Italienisch<\/p><p>&#8211;<\/p><p>derzeit in Karenz<\/p><p>&#8211;<\/p><p class=\"k1\">mueller.lisa@lichtenfels.at<\/p><p>&#8211;<br \/><span class=\"tooltips\"><a href=\"#\" rel=\"tooltip\" title=\"St\u00e4rken st\u00e4rken; Krisenintervention; Begabungs- und Begabtenf\u00f6rderung; Theraphiebegleithund- und Schulhundf\u00fchrerin; Webseite; Social Media\"><img class=\"aligncenter size-full wp-image-153076\" src=\"http:\/\/www.lichtenfels.at\/neu\/wp-content\/uploads\/2018\/10\/info.png\" alt=\"\" width=\"50\" height=\"50\" \/><\/a><\/span><br \/><\/div><\/p>\t\t\t\t\t\t<\/div>\n\t\t\t\t<\/div>\n\t\t\t\t\t<\/div>\n\t\t<\/div>\n\t\t\t\t<div class=\"elementor-column elementor-col-25 elementor-top-column elementor-element elementor-element-18ca7e8\" data-id=\"18ca7e8\" data-element_type=\"column\">\n\t\t\t<div class=\"elementor-widget-wrap elementor-element-populated\">\n\t\t\t\t\t\t<div class=\"elementor-element elementor-element-b90d4fd elementor-widget elementor-widget-text-editor\" data-id=\"b90d4fd\" data-element_type=\"widget\" data-widget_type=\"text-editor.default\">\n\t\t\t\t<div class=\"elementor-widget-container\">\n\t\t\t\t\t\t\t<p><div class=\"member\"><div class='member-img'><img src='http:\/\/www.lichtenfels.at\/neu\/wp-content\/uploads\/2018\/11\/13-FRITZ-Stephanie.jpg' \/><\/div>\n      \t<h4>M\u00dcLLER-LORENZ<br \/>Stephanie<\/h4>\n      \t<div class=\"member-role\">(MZ)<br \/>Mag.<\/div>Chor,<\/p><p>Musik,<\/p><p>Singen in Kleingruppen<\/p><p>&#8211;<\/p><p>derzeit in Karenz<\/p><p>&#8211;<\/p><p class=\"k1\">mueller.stephanie@lichtenfels.at<\/p><p>&#8211;<br \/><span class=\"tooltips\"><a href=\"#\" rel=\"tooltip\" title=\"Kustodin f\u00fcr Musik; Begabungs- und Begabtenf\u00f6rderung\"><img class=\"aligncenter size-full wp-image-153076\" src=\"http:\/\/www.lichtenfels.at\/neu\/wp-content\/uploads\/2018\/10\/info.png\" alt=\"\" width=\"50\" height=\"50\" \/><\/a><\/span><br \/><\/div><\/p>\t\t\t\t\t\t<\/div>\n\t\t\t\t<\/div>\n\t\t\t\t\t<\/div>\n\t\t<\/div>\n\t\t\t\t<div class=\"elementor-column elementor-col-25 elementor-top-column elementor-element elementor-element-876c9aa\" data-id=\"876c9aa\" data-element_type=\"column\">\n\t\t\t<div class=\"elementor-widget-wrap elementor-element-populated\">\n\t\t\t\t\t\t<div class=\"elementor-element elementor-element-9c76ef6 elementor-widget elementor-widget-text-editor\" data-id=\"9c76ef6\" data-element_type=\"widget\" data-widget_type=\"text-editor.default\">\n\t\t\t\t<div class=\"elementor-widget-container\">\n\t\t\t\t\t\t\t<p><div class=\"member\"><div class='member-img'><img src='https:\/\/www.lichtenfels.at\/wp-content\/uploads\/2025\/10\/Maximilian-Oberrauch.jpg' \/><\/div>\n      \t<h4>OBERRAUCH<br \/>Maximilian<\/h4>\n      \t<div class=\"member-role\">(OBM)<br \/>  <\/div>Musik<\/p><p>\u00a0<\/p><p>\u00a0<\/p><p>\u00a0<\/p><p>\u00a0<\/p><p>\u00a0<\/p><p>&#8211;<\/p><p class=\"k1\">oberrauch.m@lichtenfels.at<\/p><p>&#8211;<\/p><p><span class=\"tooltips\"><a href=\"#\" rel=\"tooltip\" title=\"\"><img class=\"aligncenter size-full wp-image-153076\" src=\"http:\/\/www.lichtenfels.at\/neu\/wp-content\/uploads\/2018\/10\/info.png\" alt=\"\" width=\"50\" height=\"50\" \/><\/a><\/span><br \/><\/div><\/p>\t\t\t\t\t\t<\/div>\n\t\t\t\t<\/div>\n\t\t\t\t\t<\/div>\n\t\t<\/div>\n\t\t\t\t<div class=\"elementor-column elementor-col-25 elementor-top-column elementor-element elementor-element-e5898de\" data-id=\"e5898de\" data-element_type=\"column\">\n\t\t\t<div class=\"elementor-widget-wrap elementor-element-populated\">\n\t\t\t\t\t\t<div class=\"elementor-element elementor-element-2ca5d6d elementor-widget elementor-widget-text-editor\" data-id=\"2ca5d6d\" data-element_type=\"widget\" data-widget_type=\"text-editor.default\">\n\t\t\t\t<div class=\"elementor-widget-container\">\n\t\t\t\t\t\t\t<p><div class=\"member\"><div class='member-img'><img src='https:\/\/www.lichtenfels.at\/wp-content\/uploads\/2023\/11\/Ostrowski-scaled.jpg' \/><\/div>\n      \t<h4>OSTROWSKI<br \/>Jana<\/h4>\n      \t<div class=\"member-role\">(OS)<br \/>MMag.<\/div>Englisch,<br \/>Musik<\/p><p>\u00a0<\/p><p>\u00a0<\/p><p>\u00a0<\/p><p><span style=\"color: var( --e-global-color-text );\">&#8211;<\/span><\/p><p class=\"k1\">ostrowski.jana@lichtenfels.at<\/p><p>&#8211;<br \/><span class=\"tooltips\"><a href=\"#\" rel=\"tooltip\" title=\"\"><img class=\"aligncenter size-full wp-image-153076\" src=\"http:\/\/www.lichtenfels.at\/neu\/wp-content\/uploads\/2018\/10\/info.png\" alt=\"\" width=\"50\" height=\"50\" \/><\/a><\/span><br \/><\/div><\/p>\t\t\t\t\t\t<\/div>\n\t\t\t\t<\/div>\n\t\t\t\t\t<\/div>\n\t\t<\/div>\n\t\t\t\t\t<\/div>\n\t\t<\/section>\n\t\t\t\t<section class=\"elementor-section elementor-top-section elementor-element elementor-element-504e60f elementor-section-boxed elementor-section-height-default elementor-section-height-default\" data-id=\"504e60f\" data-element_type=\"section\">\n\t\t\t\t\t\t<div class=\"elementor-container elementor-column-gap-default\">\n\t\t\t\t\t<div class=\"elementor-column elementor-col-25 elementor-top-column elementor-element elementor-element-b57e5cb\" data-id=\"b57e5cb\" data-element_type=\"column\">\n\t\t\t<div class=\"elementor-widget-wrap elementor-element-populated\">\n\t\t\t\t\t\t<div class=\"elementor-element elementor-element-b730b70 elementor-widget elementor-widget-text-editor\" data-id=\"b730b70\" data-element_type=\"widget\" data-widget_type=\"text-editor.default\">\n\t\t\t\t<div class=\"elementor-widget-container\">\n\t\t\t\t\t\t\t<p><div class=\"member\"><div class='member-img'><img src='https:\/\/www.lichtenfels.at\/wp-content\/uploads\/2025\/12\/46-PEIER-Michaela-scaled.jpg' \/><\/div>\n      \t<h4>PEIER<br \/>Michaela<\/h4>\n      \t<div class=\"member-role\">(PM)<br \/>Mag.<\/div>Englisch,<br \/>Physik<\/p><p>\u00a0<\/p><p>\u00a0<\/p><p>\u00a0<\/p><p>&#8211;<\/p><p class=\"k1\">peier.michaela@lichtenfels.at<\/p><p>&#8211;<br \/><span class=\"tooltips\"><a href=\"#\" rel=\"tooltip\" title=\"Schulprofilgruppe (EAA), \u00d6ffentlichkeitsarbeit, Referentin f\u00fcr Sch\u00fclerbeihilfen, Organisation Bildungsmesse\"><img class=\"aligncenter size-full wp-image-153076\" src=\"http:\/\/www.lichtenfels.at\/neu\/wp-content\/uploads\/2018\/10\/info.png\" alt=\"\" width=\"50\" height=\"50\" \/><\/a><\/span><br \/><\/div><\/p>\t\t\t\t\t\t<\/div>\n\t\t\t\t<\/div>\n\t\t\t\t\t<\/div>\n\t\t<\/div>\n\t\t\t\t<div class=\"elementor-column elementor-col-25 elementor-top-column elementor-element elementor-element-21d101e\" data-id=\"21d101e\" data-element_type=\"column\">\n\t\t\t<div class=\"elementor-widget-wrap elementor-element-populated\">\n\t\t\t\t\t\t<div class=\"elementor-element elementor-element-89fa40d elementor-widget elementor-widget-text-editor\" data-id=\"89fa40d\" data-element_type=\"widget\" data-widget_type=\"text-editor.default\">\n\t\t\t\t<div class=\"elementor-widget-container\">\n\t\t\t\t\t\t\t<p><div class=\"member\"><div class='member-img'><img src='http:\/\/www.lichtenfels.at\/neu\/wp-content\/uploads\/2018\/09\/pichlbauer.jpg' \/><\/div>\n      \t<h4>PICHLBAUER<br \/>Josef<\/h4>\n      \t<div class=\"member-role\">(PI)<br \/>OStR. Mag.<\/div>Deutsch,<br \/>Katholische Religion<\/p><p>\u00a0<\/p><p>\u00a0<\/p><p>\u00a0<\/p><p>\u00a0<\/p><p><span style=\"color: var( --e-global-color-text );\">&#8211;<\/span><\/p><p class=\"k1\">pichlbauer.josef@lichtenfels.at<\/p><p>&#8211;<br \/><span class=\"tooltips\"><a href=\"#\" rel=\"tooltip\" title=\"Landesfachkoordinator Schulbibliothek; Leiter der Schulbibliothek; Fachkoordinator f\u00fcr katholische Religion; Jahresbericht; VWA-Team; Vertrauenslehrer; Koordinator Schulpraktikum; Erasmus Koordinator\"><img class=\"aligncenter size-full wp-image-153076\" src=\"http:\/\/www.lichtenfels.at\/neu\/wp-content\/uploads\/2018\/10\/info.png\" alt=\"\" width=\"50\" height=\"50\" \/><\/a><\/span><br \/><\/div><\/p>\t\t\t\t\t\t<\/div>\n\t\t\t\t<\/div>\n\t\t\t\t\t<\/div>\n\t\t<\/div>\n\t\t\t\t<div class=\"elementor-column elementor-col-25 elementor-top-column elementor-element elementor-element-05a4fae\" data-id=\"05a4fae\" data-element_type=\"column\">\n\t\t\t<div class=\"elementor-widget-wrap elementor-element-populated\">\n\t\t\t\t\t\t<div class=\"elementor-element elementor-element-13abce6 elementor-widget elementor-widget-text-editor\" data-id=\"13abce6\" data-element_type=\"widget\" data-widget_type=\"text-editor.default\">\n\t\t\t\t<div class=\"elementor-widget-container\">\n\t\t\t\t\t\t\t<p><div class=\"member\"><div class='member-img'><img src='https:\/\/www.lichtenfels.at\/wp-content\/uploads\/2023\/11\/Lendl-scaled.jpg' \/><\/div>\n      \t<h4>PINT<br \/>Julia <\/h4>\n      \t<div class=\"member-role\">(PT)<br \/>Mag.<\/div>Digitale Grundbildung,<\/p><p>Informatik,<\/p><p>Mathematik<\/p><p><span style=\"color: var( --e-global-color-text );\">\u00a0&#8211;<\/span><\/p><p><span style=\"color: var( --e-global-color-text );\">derzeit in Karenz<\/span><\/p><p><span style=\"color: var( --e-global-color-text );\">\u00a0<\/span><\/p><p><span style=\"color: var( --e-global-color-text );\">&#8211;<\/span><\/p><p class=\"k1\">pint.julia@lichtenfels.at<\/p><p>&#8211;<br \/><span class=\"tooltips\"><a href=\"#\" rel=\"tooltip\" title=\"Hauptverantwortung Webseite; \u00d6ffentlichkeitsarbeit; Stellvertretende Administratorin; MINT Beauftragte; Kooperationslehrerin des DINAMA\"><img class=\"aligncenter size-full wp-image-153076\" src=\"http:\/\/www.lichtenfels.at\/neu\/wp-content\/uploads\/2018\/10\/info.png\" alt=\"\" width=\"50\" height=\"50\" \/><\/a><\/span><br \/><\/div><\/p>\t\t\t\t\t\t<\/div>\n\t\t\t\t<\/div>\n\t\t\t\t\t<\/div>\n\t\t<\/div>\n\t\t\t\t<div class=\"elementor-column elementor-col-25 elementor-top-column elementor-element elementor-element-c3fe4e1\" data-id=\"c3fe4e1\" data-element_type=\"column\">\n\t\t\t<div class=\"elementor-widget-wrap elementor-element-populated\">\n\t\t\t\t\t\t<div class=\"elementor-element elementor-element-2491e76 elementor-widget elementor-widget-text-editor\" data-id=\"2491e76\" data-element_type=\"widget\" data-widget_type=\"text-editor.default\">\n\t\t\t\t<div class=\"elementor-widget-container\">\n\t\t\t\t\t\t\t<p><div class=\"member\"><div class='member-img'><img src='https:\/\/www.lichtenfels.at\/wp-content\/uploads\/2024\/11\/Pisu-scaled.jpg' \/><\/div>\n      \t<h4>PISU<br \/>Sandra<\/h4>\n      \t<div class=\"member-role\">(PS)<br \/>Mag. BEd<\/div>Biologie und Umweltbildung, Chemie, Naturwissenschaftlicher Unterricht, Naturwissenschaftliche \u00dcbungen<\/p><p>&#8211;<\/p><p class=\"k1\">pisu.sandra@lichtenfels.at<\/p><p>&#8211;<br \/><span class=\"tooltips\"><a href=\"#\" rel=\"tooltip\" title=\"Begabungs- und Begabtenf\u00f6rderung; Gesundheitsf\u00f6rderung; LLOS-Team; \u00d6ffentlichkeitsarbeit; St\u00e4rken st\u00e4rken; Social Media\"><img class=\"aligncenter size-full wp-image-153076\" src=\"http:\/\/www.lichtenfels.at\/neu\/wp-content\/uploads\/2018\/10\/info.png\" alt=\"\" width=\"50\" height=\"50\" \/><\/a><\/span><br \/><\/div><\/p>\t\t\t\t\t\t<\/div>\n\t\t\t\t<\/div>\n\t\t\t\t\t<\/div>\n\t\t<\/div>\n\t\t\t\t\t<\/div>\n\t\t<\/section>\n\t\t\t\t<section class=\"elementor-section elementor-top-section elementor-element elementor-element-bf64392 elementor-section-boxed elementor-section-height-default elementor-section-height-default\" data-id=\"bf64392\" data-element_type=\"section\">\n\t\t\t\t\t\t<div class=\"elementor-container elementor-column-gap-default\">\n\t\t\t\t\t<div class=\"elementor-column elementor-col-25 elementor-top-column elementor-element elementor-element-94072e4\" data-id=\"94072e4\" data-element_type=\"column\">\n\t\t\t<div class=\"elementor-widget-wrap elementor-element-populated\">\n\t\t\t\t\t\t<div class=\"elementor-element elementor-element-1e9088b elementor-widget elementor-widget-text-editor\" data-id=\"1e9088b\" data-element_type=\"widget\" data-widget_type=\"text-editor.default\">\n\t\t\t\t<div class=\"elementor-widget-container\">\n\t\t\t\t\t\t\t<p><div class=\"member\"><div class='member-img'><img src='http:\/\/www.lichtenfels.at\/neu\/wp-content\/uploads\/2018\/09\/regula.jpg' \/><\/div>\n      \t<h4>REGULA<br \/>Alexandra<\/h4>\n      \t<div class=\"member-role\">(RG)<br \/>Mag.<\/div>Italienisch,<br \/>Mathematik<\/p><p><span style=\"color: var( --e-global-color-text );\">\u00a0<\/span><\/p><p><span style=\"color: var( --e-global-color-text );\">\u00a0<\/span><\/p><p><span style=\"color: var( --e-global-color-text );\">\u00a0<\/span><\/p><p><span style=\"color: var( --e-global-color-text );\">\u00a0<\/span><\/p><p><span style=\"color: var( --e-global-color-text );\">&#8211;<\/span><\/p><p class=\"k1\">regula.alexandra@lichtenfels.at<\/p><p>&#8211;<br \/><span class=\"tooltips\"><a href=\"#\" rel=\"tooltip\" title=\"\"><img class=\"aligncenter size-full wp-image-153076\" src=\"http:\/\/www.lichtenfels.at\/neu\/wp-content\/uploads\/2018\/10\/info.png\" alt=\"\" width=\"50\" height=\"50\" \/><\/a><\/span><br \/><\/div><\/p>\t\t\t\t\t\t<\/div>\n\t\t\t\t<\/div>\n\t\t\t\t\t<\/div>\n\t\t<\/div>\n\t\t\t\t<div class=\"elementor-column elementor-col-25 elementor-top-column elementor-element elementor-element-375ed10\" data-id=\"375ed10\" data-element_type=\"column\">\n\t\t\t<div class=\"elementor-widget-wrap elementor-element-populated\">\n\t\t\t\t\t\t<div class=\"elementor-element elementor-element-a2a7a7e elementor-widget elementor-widget-text-editor\" data-id=\"a2a7a7e\" data-element_type=\"widget\" data-widget_type=\"text-editor.default\">\n\t\t\t\t<div class=\"elementor-widget-container\">\n\t\t\t\t\t\t\t<p><div class=\"member\"><div class='member-img'><img src='https:\/\/www.lichtenfels.at\/wp-content\/uploads\/2025\/12\/Salbrechter-Andreas-scaled.jpg' \/><\/div>\n      \t<h4>SALBRECHTER Andreas<\/h4>\n      \t<div class=\"member-role\">(SBR)<br \/>Ing. Mag.<\/div>Chemie, Biologie und Umweltbildung, Naturwissenschaftlicher Unterricht, Robotik<\/p><p>\u00a0<\/p><p><span style=\"color: var( --e-global-color-text );\">&#8211;<\/span><\/p><p class=\"k1\">salbrechter.a@lichtenfels.at<\/p><p>&#8211;<br \/><span class=\"tooltips\"><a href=\"#\" rel=\"tooltip\" title=\"Fachkustos f\u00fcr Biologie; Fachkoordinator Biologie; Fachkustos f\u00fcr AV; Krisenintervention (R\u00e4umungen); Webseite\"><\/p><p><img loading=\"lazy\" src=\"http:\/\/www.lichtenfels.at\/neu\/wp-content\/uploads\/2018\/10\/info.png\" alt=\"\" width=\"50\" height=\"50\" \/><\/a><\/span><br \/><\/div><\/p>\t\t\t\t\t\t<\/div>\n\t\t\t\t<\/div>\n\t\t\t\t\t<\/div>\n\t\t<\/div>\n\t\t\t\t<div class=\"elementor-column elementor-col-25 elementor-top-column elementor-element elementor-element-5b2935d\" data-id=\"5b2935d\" data-element_type=\"column\">\n\t\t\t<div class=\"elementor-widget-wrap elementor-element-populated\">\n\t\t\t\t\t\t<div class=\"elementor-element elementor-element-1dec634 elementor-widget elementor-widget-text-editor\" data-id=\"1dec634\" data-element_type=\"widget\" data-widget_type=\"text-editor.default\">\n\t\t\t\t<div class=\"elementor-widget-container\">\n\t\t\t\t\t\t\t<p><div class=\"member\"><div class='member-img'><img src='https:\/\/www.lichtenfels.at\/wp-content\/uploads\/2021\/11\/Schauer-scaled.jpg' \/><\/div>\n      \t<h4>SCHAUER<br \/>Armin<\/h4>\n      \t<div class=\"member-role\">(SR)<br \/>Mag.<\/div>Bewegung und Sport, Geografie und wirtschaftliche Bildung,\u00a0 Schulische Tagesbetreuung<\/p><p>\u00a0<\/p><p>\u00a0<\/p><p><span style=\"color: var( --e-global-color-text );\">&#8211;<\/span><\/p><p class=\"k1\">schauer.armin@lichtenfels.at<\/p><p>&#8211;<br \/><span class=\"tooltips\"><a href=\"#\" rel=\"tooltip\" title=\"\"><img class=\"aligncenter size-full wp-image-153076\" src=\"http:\/\/www.lichtenfels.at\/neu\/wp-content\/uploads\/2018\/10\/info.png\" alt=\"\" width=\"50\" height=\"50\" \/><\/a><\/span><br \/><\/div><\/p>\t\t\t\t\t\t<\/div>\n\t\t\t\t<\/div>\n\t\t\t\t\t<\/div>\n\t\t<\/div>\n\t\t\t\t<div class=\"elementor-column elementor-col-25 elementor-top-column elementor-element elementor-element-345d581\" data-id=\"345d581\" data-element_type=\"column\">\n\t\t\t<div class=\"elementor-widget-wrap elementor-element-populated\">\n\t\t\t\t\t\t<div class=\"elementor-element elementor-element-e257f9d elementor-widget elementor-widget-text-editor\" data-id=\"e257f9d\" data-element_type=\"widget\" data-widget_type=\"text-editor.default\">\n\t\t\t\t<div class=\"elementor-widget-container\">\n\t\t\t\t\t\t\t<p><div class=\"member\"><div class='member-img'><img src='https:\/\/www.lichtenfels.at\/wp-content\/uploads\/2025\/09\/Scherf.jpg' \/><\/div>\n      \t<h4>SCHERF<br \/>Valerio<\/h4>\n      \t<div class=\"member-role\">(SV)<br \/> MEd. BEd.<\/div> Mathematik,<\/p><p>Physik,\u00a0<\/p><p>Schulische Tagesbetreuung<\/p><p>\u00a0<\/p><p>\u00a0<\/p><p>\u00a0<\/p><p>&#8211;<\/p><p class=\"k1\">scherf.valerio@lichtenfels.at<\/p><p>&#8211;<\/p><p><span class=\"tooltips\"><a href=\"#\" rel=\"tooltip\" title=\"MINT Beauftragter\"><img class=\"aligncenter size-full wp-image-153076\" src=\"http:\/\/www.lichtenfels.at\/neu\/wp-content\/uploads\/2018\/10\/info.png\" alt=\"\" width=\"50\" height=\"50\" \/><\/a><\/span><br \/><\/div><\/p>\t\t\t\t\t\t<\/div>\n\t\t\t\t<\/div>\n\t\t\t\t\t<\/div>\n\t\t<\/div>\n\t\t\t\t\t<\/div>\n\t\t<\/section>\n\t\t\t\t<section class=\"elementor-section elementor-top-section elementor-element elementor-element-914424e elementor-section-boxed elementor-section-height-default elementor-section-height-default\" data-id=\"914424e\" data-element_type=\"section\">\n\t\t\t\t\t\t<div class=\"elementor-container elementor-column-gap-default\">\n\t\t\t\t\t<div class=\"elementor-column elementor-col-25 elementor-top-column elementor-element elementor-element-0f4507f\" data-id=\"0f4507f\" data-element_type=\"column\">\n\t\t\t<div class=\"elementor-widget-wrap elementor-element-populated\">\n\t\t\t\t\t\t<div class=\"elementor-element elementor-element-0c9e256 elementor-widget elementor-widget-text-editor\" data-id=\"0c9e256\" data-element_type=\"widget\" data-widget_type=\"text-editor.default\">\n\t\t\t\t<div class=\"elementor-widget-container\">\n\t\t\t\t\t\t\t<p><div class=\"member\"><div class='member-img'><img src='https:\/\/www.lichtenfels.at\/wp-content\/uploads\/2022\/12\/2022_Schinnerl-scaled.jpg' \/><\/div>\n      \t<h4>SCHINNERL<br \/>Klaus<\/h4>\n      \t<div class=\"member-role\">(SI)<br \/>Mag. <\/div>Deutsch,\u00a0<\/p><p>Geografie und wirtschaftliche Bildung,<\/p><p>Geschichte und politische Bildung,<\/p><p>Schulische Tagesbetreuung<\/p><p><span style=\"color: var( --e-global-color-text );\">&#8211;<\/span><\/p><p class=\"k1\">schinnerl.klaus@lichtenfels.at<\/p><p>&#8211;<br \/><span class=\"tooltips\"><a href=\"#\" rel=\"tooltip\" title=\"\"><img class=\"aligncenter size-full wp-image-153076\" src=\"http:\/\/www.lichtenfels.at\/neu\/wp-content\/uploads\/2018\/10\/info.png\" alt=\"\" width=\"50\" height=\"50\" \/><\/a><\/span><br \/><\/div><\/p>\t\t\t\t\t\t<\/div>\n\t\t\t\t<\/div>\n\t\t\t\t\t<\/div>\n\t\t<\/div>\n\t\t\t\t<div class=\"elementor-column elementor-col-25 elementor-top-column elementor-element elementor-element-f9cdaed\" data-id=\"f9cdaed\" data-element_type=\"column\">\n\t\t\t<div class=\"elementor-widget-wrap elementor-element-populated\">\n\t\t\t\t\t\t<div class=\"elementor-element elementor-element-aa8abbd elementor-widget elementor-widget-text-editor\" data-id=\"aa8abbd\" data-element_type=\"widget\" data-widget_type=\"text-editor.default\">\n\t\t\t\t<div class=\"elementor-widget-container\">\n\t\t\t\t\t\t\t<p><div class=\"member\"><div class='member-img'><img src='https:\/\/www.lichtenfels.at\/wp-content\/uploads\/2021\/09\/Alexander-Schmid.jpg' \/><\/div>\n      \t<h4>SCHMID<br \/>Alexander<\/h4>\n      \t<div class=\"member-role\">(SCA)<br \/>Mag.<\/div>Musik,<br \/>Englisch<\/p><p>\u00a0<\/p><p><span style=\"color: var( --e-global-color-text );\">\u00a0<\/span><\/p><p><span style=\"color: var( --e-global-color-text );\">\u00a0<\/span><\/p><p><span style=\"color: var( --e-global-color-text );\">\u00a0<\/span><\/p><p><span style=\"color: var( --e-global-color-text );\">&#8211;<\/span><\/p><p class=\"k1\">schmid.alexander@lichtenfels.at<\/p><p>&#8211;<br \/><span class=\"tooltips\"><a href=\"#\" rel=\"tooltip\" title=\"Schulband\"><img class=\"aligncenter size-full wp-image-153076\" src=\"http:\/\/www.lichtenfels.at\/neu\/wp-content\/uploads\/2018\/10\/info.png\" alt=\"\" width=\"50\" height=\"50\" \/><\/a><\/span><br \/><\/div><\/p>\t\t\t\t\t\t<\/div>\n\t\t\t\t<\/div>\n\t\t\t\t\t<\/div>\n\t\t<\/div>\n\t\t\t\t<div class=\"elementor-column elementor-col-25 elementor-top-column elementor-element elementor-element-7428197\" data-id=\"7428197\" data-element_type=\"column\">\n\t\t\t<div class=\"elementor-widget-wrap elementor-element-populated\">\n\t\t\t\t\t\t<div class=\"elementor-element elementor-element-8be7461 elementor-widget elementor-widget-text-editor\" data-id=\"8be7461\" data-element_type=\"widget\" data-widget_type=\"text-editor.default\">\n\t\t\t\t<div class=\"elementor-widget-container\">\n\t\t\t\t\t\t\t<p><div class=\"member\"><div class='member-img'><img src='http:\/\/www.lichtenfels.at\/neu\/wp-content\/uploads\/2018\/09\/smolka.jpg' \/><\/div>\n      \t<h4>SMOLKA<br \/>Julia<\/h4>\n      \t<div class=\"member-role\">(SJ)<br \/>Mag.<\/div>Franz\u00f6sisch,<br \/>Geografie und wirtschaftliche Bildung<\/p><p>\u00a0<\/p><p>\u00a0<\/p><p>\u00a0<\/p><p>&#8211;<\/p><p class=\"k1\">smolka.julia@lichtenfels.at<\/p><p>&#8211;<\/p><p><span class=\"tooltips\"><a href=\"#\" rel=\"tooltip\" title=\"SQA-Team; \u00d6ffentlichkeitsarbeit; Webseite; Begabung- und Begabtenf\u00f6rderung; Koordinatorin Schulf\u00fchrungen und Tag der offenen T\u00fcr\"><img class=\"aligncenter size-full wp-image-153076\" src=\"http:\/\/www.lichtenfels.at\/neu\/wp-content\/uploads\/2018\/10\/info.png\" alt=\"\" width=\"50\" height=\"50\" \/><\/a><\/span><br \/><\/div><\/p>\t\t\t\t\t\t<\/div>\n\t\t\t\t<\/div>\n\t\t\t\t\t<\/div>\n\t\t<\/div>\n\t\t\t\t<div class=\"elementor-column elementor-col-25 elementor-top-column elementor-element elementor-element-98949c3\" data-id=\"98949c3\" data-element_type=\"column\">\n\t\t\t<div class=\"elementor-widget-wrap elementor-element-populated\">\n\t\t\t\t\t\t<div class=\"elementor-element elementor-element-ae7fb7e elementor-widget elementor-widget-text-editor\" data-id=\"ae7fb7e\" data-element_type=\"widget\" data-widget_type=\"text-editor.default\">\n\t\t\t\t<div class=\"elementor-widget-container\">\n\t\t\t\t\t\t\t<p><div class=\"member\"><div class='member-img'><img src='https:\/\/www.lichtenfels.at\/wp-content\/uploads\/2021\/11\/Solstreif-scaled.jpg' \/><\/div>\n      \t<h4>SOLSTREIF<br \/>Brigitte<\/h4>\n      \t<div class=\"member-role\">(SF)<br \/>Mag. MA.<\/div>Deutsch,\u00a0<\/p><p>Freikirchlicher Unterricht<br \/>Latein<\/p><p>\u00a0<\/p><p>\u00a0<\/p><p>\u00a0<\/p><p>&#8211;<\/p><p class=\"k1\">solstreif.brigitte@lichtenfels.at<\/p><p>&#8211;<br \/><span class=\"tooltips\"><a href=\"#\" rel=\"tooltip\" title=\"\"><img class=\"aligncenter size-full wp-image-153076\" src=\"http:\/\/www.lichtenfels.at\/neu\/wp-content\/uploads\/2018\/10\/info.png\" alt=\"\" width=\"50\" height=\"50\" \/><\/a><\/span><br \/><\/div><\/p>\t\t\t\t\t\t<\/div>\n\t\t\t\t<\/div>\n\t\t\t\t\t<\/div>\n\t\t<\/div>\n\t\t\t\t\t<\/div>\n\t\t<\/section>\n\t\t\t\t<section class=\"elementor-section elementor-top-section elementor-element elementor-element-733087e elementor-section-boxed elementor-section-height-default elementor-section-height-default\" data-id=\"733087e\" data-element_type=\"section\">\n\t\t\t\t\t\t<div class=\"elementor-container elementor-column-gap-default\">\n\t\t\t\t\t<div class=\"elementor-column elementor-col-25 elementor-top-column elementor-element elementor-element-f028b74\" data-id=\"f028b74\" data-element_type=\"column\">\n\t\t\t<div class=\"elementor-widget-wrap elementor-element-populated\">\n\t\t\t\t\t\t<div class=\"elementor-element elementor-element-e276651 elementor-widget elementor-widget-text-editor\" data-id=\"e276651\" data-element_type=\"widget\" data-widget_type=\"text-editor.default\">\n\t\t\t\t<div class=\"elementor-widget-container\">\n\t\t\t\t\t\t\t<p><div class=\"member\"><div class='member-img'><img src='http:\/\/www.lichtenfels.at\/neu\/wp-content\/uploads\/2018\/09\/sonnleitner.jpg' \/><\/div>\n      \t<h4>SONNLEITNER<br>Stefan<\/h4>\n      \t<div class=\"member-role\">(SO)<br>Mag.<\/div>Bewegung und Sport,<br>Informatik,<br>Physik<\/p><p>&#8211;<\/p>\n<p class=\"k1\">sonnleitner.stefan@lichtenfels.at<\/p>\n<p>&#8211;<br><span class=\"tooltips\"><a href=\"#\" rel=\"tooltip\" title=\"Koordinator ECDL-Pr\u00fcfungen;&nbsp;Gesundheitsf\u00f6rderung;&nbsp;Kustos f\u00fcr Bewegung und Sport; Teamleiter-Stellvertreter Krisenintervention;&nbsp;Sportlicher Koordinator des Vereins Lichtenfels Aktiv; Sporthallenvermietung\"><img class=\"aligncenter size-full wp-image-153076\" src=\"http:\/\/www.lichtenfels.at\/neu\/wp-content\/uploads\/2018\/10\/info.png\" alt=\"\" width=\"50\" height=\"50\"><\/a><\/span><br><\/div><\/p>\t\t\t\t\t\t<\/div>\n\t\t\t\t<\/div>\n\t\t\t\t\t<\/div>\n\t\t<\/div>\n\t\t\t\t<div class=\"elementor-column elementor-col-25 elementor-top-column elementor-element elementor-element-b189a9c\" data-id=\"b189a9c\" data-element_type=\"column\">\n\t\t\t<div class=\"elementor-widget-wrap elementor-element-populated\">\n\t\t\t\t\t\t<div class=\"elementor-element elementor-element-7b4108c elementor-widget elementor-widget-text-editor\" data-id=\"7b4108c\" data-element_type=\"widget\" data-widget_type=\"text-editor.default\">\n\t\t\t\t<div class=\"elementor-widget-container\">\n\t\t\t\t\t\t\t<p><div class=\"member\"><div class='member-img'><img src='https:\/\/www.lichtenfels.at\/wp-content\/uploads\/2021\/04\/sonnleitner-ta.jpg' \/><\/div>\n      \t<h4>SONNLEITNER<br \/>Tanja<\/h4>\n      \t<div class=\"member-role\">(SN)<br \/>Mag.<\/div>Bewegung und Sport,<\/p><p>Franz\u00f6sisch,<br \/>Kunst und Gestaltung<\/p><p>&#8211;<\/p><p class=\"k1\">sonnleitner.tanja@lichtenfels.at<\/p><p>&#8211;<br \/><span class=\"tooltips\"><a href=\"#\" rel=\"tooltip\" title=\"Sch\u00fcler -und Bildungsberaterin (4.+5. Klasse); MediatorInnenausbilderin; Teamleiterin Krisenintervention und Mediation; Gesundheitsf\u00f6rderung; Vertrauenslehrerin; Soziales Lernen; Peermediation\"><img class=\"aligncenter size-full wp-image-153076\" src=\"http:\/\/www.lichtenfels.at\/neu\/wp-content\/uploads\/2018\/10\/info.png\" alt=\"\" width=\"50\" height=\"50\" \/><\/a><\/span><br \/><\/div><\/p>\t\t\t\t\t\t<\/div>\n\t\t\t\t<\/div>\n\t\t\t\t\t<\/div>\n\t\t<\/div>\n\t\t\t\t<div class=\"elementor-column elementor-col-25 elementor-top-column elementor-element elementor-element-ed0b2b6\" data-id=\"ed0b2b6\" data-element_type=\"column\">\n\t\t\t<div class=\"elementor-widget-wrap elementor-element-populated\">\n\t\t\t\t\t\t<div class=\"elementor-element elementor-element-5ae1225 elementor-widget elementor-widget-text-editor\" data-id=\"5ae1225\" data-element_type=\"widget\" data-widget_type=\"text-editor.default\">\n\t\t\t\t<div class=\"elementor-widget-container\">\n\t\t\t\t\t\t\t<p><div class=\"member\"><div class='member-img'><img src='https:\/\/www.lichtenfels.at\/wp-content\/uploads\/2024\/11\/Stadler-scaled.jpg' \/><\/div>\n      \t<h4>STADLER<br \/>Elvira<\/h4>\n      \t<div class=\"member-role\">(STA)<br \/>MA.<\/div>Englisch,<\/p><p>Italienisch,\u00a0<\/p><p>EBCO<\/p><p>&#8211;<\/p><p class=\"k1\">stadler.elvira@lichtenfels.at<\/p><p>&#8211;<br \/><span class=\"tooltips\"><a href=\"#\" rel=\"tooltip\" title=\"\"><img class=\"aligncenter size-full wp-image-153076\" src=\"http:\/\/www.lichtenfels.at\/neu\/wp-content\/uploads\/2018\/10\/info.png\" alt=\"\" width=\"50\" height=\"50\" \/><\/a><\/span><br \/><\/div><\/p>\t\t\t\t\t\t<\/div>\n\t\t\t\t<\/div>\n\t\t\t\t\t<\/div>\n\t\t<\/div>\n\t\t\t\t<div class=\"elementor-column elementor-col-25 elementor-top-column elementor-element elementor-element-64b6b6f\" data-id=\"64b6b6f\" data-element_type=\"column\">\n\t\t\t<div class=\"elementor-widget-wrap elementor-element-populated\">\n\t\t\t\t\t\t<div class=\"elementor-element elementor-element-17c8622 elementor-widget elementor-widget-text-editor\" data-id=\"17c8622\" data-element_type=\"widget\" data-widget_type=\"text-editor.default\">\n\t\t\t\t<div class=\"elementor-widget-container\">\n\t\t\t\t\t\t\t<p><div class=\"member\"><div class='member-img'><img src='https:\/\/www.lichtenfels.at\/wp-content\/uploads\/2024\/11\/Steinwidder-scaled.jpg' \/><\/div>\n      \t<h4>STEINWIDDER<br \/>Sandra<\/h4>\n      \t<div class=\"member-role\">(ST)<br \/>Mag.<\/div>Englisch,<br \/>Psychologie &amp; Philosophie<\/p><p>\u00a0<\/p><p><span style=\"color: var( --e-global-color-text );\">&#8211;<\/span><\/p><p class=\"k1\">steinwidder.sandra@lichtenfels.at<\/p><p>&#8211;<br \/><span class=\"tooltips\"><a href=\"#\" rel=\"tooltip\" title=\"St\u00e4rken st\u00e4rken; 150-Jahr-Feier\"><img class=\"aligncenter size-full wp-image-153076\" src=\"http:\/\/www.lichtenfels.at\/neu\/wp-content\/uploads\/2018\/10\/info.png\" alt=\"\" width=\"50\" height=\"50\" \/><\/a><\/span><br \/><\/div><\/p>\t\t\t\t\t\t<\/div>\n\t\t\t\t<\/div>\n\t\t\t\t\t<\/div>\n\t\t<\/div>\n\t\t\t\t\t<\/div>\n\t\t<\/section>\n\t\t\t\t<section class=\"elementor-section elementor-top-section elementor-element elementor-element-d821725 elementor-section-boxed elementor-section-height-default elementor-section-height-default\" data-id=\"d821725\" data-element_type=\"section\">\n\t\t\t\t\t\t<div class=\"elementor-container elementor-column-gap-default\">\n\t\t\t\t\t<div class=\"elementor-column elementor-col-25 elementor-top-column elementor-element elementor-element-d00d18a\" data-id=\"d00d18a\" data-element_type=\"column\">\n\t\t\t<div class=\"elementor-widget-wrap elementor-element-populated\">\n\t\t\t\t\t\t<div class=\"elementor-element elementor-element-3801046 elementor-widget elementor-widget-text-editor\" data-id=\"3801046\" data-element_type=\"widget\" data-widget_type=\"text-editor.default\">\n\t\t\t\t<div class=\"elementor-widget-container\">\n\t\t\t\t\t\t\t<p><div class=\"member\"><div class='member-img'><img src='http:\/\/www.lichtenfels.at\/neu\/wp-content\/uploads\/2018\/09\/suppan.jpg' \/><\/div>\n      \t<h4>SUPPAN<br \/>Barbara<\/h4>\n      \t<div class=\"member-role\">(SU)<br \/>Mag.<\/div>Geografie und wirtschaftliche Bildung,<br \/>Geschichte und politische Bildung,<\/p><p>Kunst und Design<\/p><p>&#8211;<\/p><p class=\"k1\">suppan.barbara@lichtenfels.at<\/p><p>&#8211;<br \/><span class=\"tooltips\"><a href=\"#\" rel=\"tooltip\" title=\"Teamleiterin Gewalt- und Suchtpr\u00e4vention; Kustodin f\u00fcr Bildnerische Erziehung; Jahresbericht; Krisenintervention (Sch\u00fclerInnenbetreuung); MediatorInnenausbilderin; UNESCO; Peermediation\"><img class=\"aligncenter size-full wp-image-153076\" src=\"http:\/\/www.lichtenfels.at\/neu\/wp-content\/uploads\/2018\/10\/info.png\" alt=\"\" width=\"50\" height=\"50\" \/><\/a><\/span><br \/><\/div><\/p>\t\t\t\t\t\t<\/div>\n\t\t\t\t<\/div>\n\t\t\t\t\t<\/div>\n\t\t<\/div>\n\t\t\t\t<div class=\"elementor-column elementor-col-25 elementor-top-column elementor-element elementor-element-d677819\" data-id=\"d677819\" data-element_type=\"column\">\n\t\t\t<div class=\"elementor-widget-wrap elementor-element-populated\">\n\t\t\t\t\t\t<div class=\"elementor-element elementor-element-07924e2 elementor-widget elementor-widget-text-editor\" data-id=\"07924e2\" data-element_type=\"widget\" data-widget_type=\"text-editor.default\">\n\t\t\t\t<div class=\"elementor-widget-container\">\n\t\t\t\t\t\t\t<p><div class=\"member\"><div class='member-img'><img src='https:\/\/www.lichtenfels.at\/wp-content\/uploads\/2023\/11\/Tossold-scaled.jpg' \/><\/div>\n      \t<h4>TOSSOLD<br \/>Linda<\/h4>\n      \t<div class=\"member-role\">(TO)<br \/>Mag.<\/div> Deutsch, <br \/>Geschichte und politische Bildung<\/p><p><span style=\"color: var( --e-global-color-text );\">\u00a0<\/span><\/p><p><span style=\"color: var( --e-global-color-text );\">\u00a0<\/span>\u00a0<\/p><p><span style=\"color: var( --e-global-color-text );\">&#8211;<\/span><\/p><p class=\"k1\">tossold.linda@lichtenfels.at<\/p><p>&#8211;<br \/><span class=\"tooltips\"><a href=\"#\" rel=\"tooltip\" title=\"\"><img class=\"aligncenter size-full wp-image-153076\" src=\"http:\/\/www.lichtenfels.at\/neu\/wp-content\/uploads\/2018\/10\/info.png\" alt=\"\" width=\"50\" height=\"50\" \/><\/a><\/span><br \/><\/div><\/p>\t\t\t\t\t\t<\/div>\n\t\t\t\t<\/div>\n\t\t\t\t\t<\/div>\n\t\t<\/div>\n\t\t\t\t<div class=\"elementor-column elementor-col-25 elementor-top-column elementor-element elementor-element-1f7b233\" data-id=\"1f7b233\" data-element_type=\"column\">\n\t\t\t<div class=\"elementor-widget-wrap elementor-element-populated\">\n\t\t\t\t\t\t<div class=\"elementor-element elementor-element-0dd306c elementor-widget elementor-widget-text-editor\" data-id=\"0dd306c\" data-element_type=\"widget\" data-widget_type=\"text-editor.default\">\n\t\t\t\t<div class=\"elementor-widget-container\">\n\t\t\t\t\t\t\t<p><div class=\"member\"><div class='member-img'><img src='https:\/\/www.lichtenfels.at\/wp-content\/uploads\/2023\/11\/Truppe-scaled.jpg' \/><\/div>\n      \t<h4>TRUPPE-BUGRAM<br \/>Daniel<\/h4>\n      \t<div class=\"member-role\">(TD)<br \/>Mag.<\/div>Englisch,<br \/>Bewegung und Sport<\/p><p><span style=\"color: var( --e-global-color-text );\">\u00a0<\/span><\/p><p><span style=\"color: var( --e-global-color-text );\">\u00a0<\/span><\/p><p><span style=\"color: var( --e-global-color-text );\">\u00a0<\/span>\u00a0<\/p><p><span style=\"color: var( --e-global-color-text );\">&#8211;<\/span><\/p><p class=\"k1\">truppe.daniel@lichtenfels.at<\/p><p>&#8211;<br \/><span class=\"tooltips\"><a href=\"#\" rel=\"tooltip\" title=\"Qualit\u00e4ts-Schulkoordinator (Q-SK); Interner und externer Testleiter; Leitung Sommersportwoche 5. Klassen\"><img class=\"aligncenter size-full wp-image-153076\" src=\"http:\/\/www.lichtenfels.at\/neu\/wp-content\/uploads\/2018\/10\/info.png\" alt=\"\" width=\"50\" height=\"50\" \/><\/a><\/span><br \/><\/div><\/p>\t\t\t\t\t\t<\/div>\n\t\t\t\t<\/div>\n\t\t\t\t\t<\/div>\n\t\t<\/div>\n\t\t\t\t<div class=\"elementor-column elementor-col-25 elementor-top-column elementor-element elementor-element-8f10748\" data-id=\"8f10748\" data-element_type=\"column\">\n\t\t\t<div class=\"elementor-widget-wrap elementor-element-populated\">\n\t\t\t\t\t\t<div class=\"elementor-element elementor-element-a9de1fc elementor-widget elementor-widget-text-editor\" data-id=\"a9de1fc\" data-element_type=\"widget\" data-widget_type=\"text-editor.default\">\n\t\t\t\t<div class=\"elementor-widget-container\">\n\t\t\t\t\t\t\t<p><div class=\"member\"><div class='member-img'><img src='https:\/\/www.lichtenfels.at\/wp-content\/uploads\/2024\/11\/Tscheinig-scaled.jpg' \/><\/div>\n      \t<h4>TSCHEINIG<br \/>Lydia<\/h4>\n      \t<div class=\"member-role\">(TS)<br \/>Mag.<\/div>Geografie und wirtschaftliche Bildung,<\/p><p>Geschichte und politische Bildung<\/p><p>\u00a0<\/p><p>&#8211;<\/p><p class=\"k1\">tscheinig.lydia@lichtenfels.at<\/p><p>&#8211;<br \/><span class=\"tooltips\"><a href=\"#\" rel=\"tooltip\" title=\"Kustodin f\u00fcr Geschichte und Sozialkunde; Koordinatorin Unternehmerf\u00fchrerschein; Mobbingpr\u00e4vention; Berufsorientierung; Individuelle Lernbegleiterin\"><img class=\"aligncenter size-full wp-image-153076\" src=\"http:\/\/www.lichtenfels.at\/neu\/wp-content\/uploads\/2018\/10\/info.png\" alt=\"\" width=\"50\" height=\"50\" \/><\/a><\/span><br \/><\/div><\/p>\t\t\t\t\t\t<\/div>\n\t\t\t\t<\/div>\n\t\t\t\t\t<\/div>\n\t\t<\/div>\n\t\t\t\t\t<\/div>\n\t\t<\/section>\n\t\t\t\t<section class=\"elementor-section elementor-top-section elementor-element elementor-element-67851b6 elementor-section-boxed elementor-section-height-default elementor-section-height-default\" data-id=\"67851b6\" data-element_type=\"section\">\n\t\t\t\t\t\t<div class=\"elementor-container elementor-column-gap-default\">\n\t\t\t\t\t<div class=\"elementor-column elementor-col-25 elementor-top-column elementor-element elementor-element-eddf98f\" data-id=\"eddf98f\" data-element_type=\"column\">\n\t\t\t<div class=\"elementor-widget-wrap elementor-element-populated\">\n\t\t\t\t\t\t<div class=\"elementor-element elementor-element-c27f462 elementor-widget elementor-widget-text-editor\" data-id=\"c27f462\" data-element_type=\"widget\" data-widget_type=\"text-editor.default\">\n\t\t\t\t<div class=\"elementor-widget-container\">\n\t\t\t\t\t\t\t<p><div class=\"member\"><div class='member-img'><img src='http:\/\/www.lichtenfels.at\/neu\/wp-content\/uploads\/2018\/12\/vilcea.jpg' \/><\/div>\n      \t<h4>VILCEA<br \/>Nicolae<\/h4>\n      \t<div class=\"member-role\">(VI)<br \/>Mag.<\/div>Orthodoxe Religion<\/p><p><span style=\"color: var( --e-global-color-text );\">\u00a0<\/span><\/p><p><span style=\"color: var( --e-global-color-text );\">\u00a0<\/span><\/p><p><span style=\"color: var( --e-global-color-text );\">\u00a0<\/span><\/p><p><span style=\"color: var( --e-global-color-text );\">&#8211;<\/span><\/p><p class=\"k1\">vilcea.nicolae@lichtenfels.at<\/p><p>&#8211;<br \/><span class=\"tooltips\"><a href=\"#\" rel=\"tooltip\" title=\"\"><img class=\"aligncenter size-full wp-image-153076\" src=\"http:\/\/www.lichtenfels.at\/neu\/wp-content\/uploads\/2018\/10\/info.png\" alt=\"\" width=\"50\" height=\"50\" \/><\/a><\/span><br \/><\/div><\/p>\t\t\t\t\t\t<\/div>\n\t\t\t\t<\/div>\n\t\t\t\t\t<\/div>\n\t\t<\/div>\n\t\t\t\t<div class=\"elementor-column elementor-col-25 elementor-top-column elementor-element elementor-element-04c0140\" data-id=\"04c0140\" data-element_type=\"column\">\n\t\t\t<div class=\"elementor-widget-wrap elementor-element-populated\">\n\t\t\t\t\t\t<div class=\"elementor-element elementor-element-79739ee elementor-widget elementor-widget-text-editor\" data-id=\"79739ee\" data-element_type=\"widget\" data-widget_type=\"text-editor.default\">\n\t\t\t\t<div class=\"elementor-widget-container\">\n\t\t\t\t\t\t\t<p><div class=\"member\"><div class='member-img'><img src='https:\/\/www.lichtenfels.at\/wp-content\/uploads\/2023\/11\/Wakolbinger-scaled.jpg' \/><\/div>\n      \t<h4>WAKOLBINGER<br \/>Bernhard<\/h4>\n      \t<div class=\"member-role\">(WB)<br \/>Mag.<\/div> Darstellende Geometrie,\u00a0<\/p><p>Geometrisches Zeichnen,<\/p><p>Mathematik<\/p><p>\u00a0<\/p><p><span style=\"color: var( --e-global-color-text );\">&#8211;<\/span><\/p><p class=\"k1\">wakolbinger.bernhard@lichtenfels.at<\/p><p>&#8211;<br \/><span class=\"tooltips\"><a href=\"#\" rel=\"tooltip\" title=\"Leitung LLOS-Team; Mobbingpr\u00e4vention; Begabungs- und Begabtenf\u00f6rderung; Krisenintervention (Brandschutz\/Sicherheit); ARGE-Leiter DG; Webseite; Mitglied des Dienststellenausschusses\"><img class=\"aligncenter size-full wp-image-153076\" src=\"http:\/\/www.lichtenfels.at\/neu\/wp-content\/uploads\/2018\/10\/info.png\" alt=\"\" width=\"50\" height=\"50\" \/><\/a><\/span><br \/><\/div><\/p>\t\t\t\t\t\t<\/div>\n\t\t\t\t<\/div>\n\t\t\t\t\t<\/div>\n\t\t<\/div>\n\t\t\t\t<div class=\"elementor-column elementor-col-25 elementor-top-column elementor-element elementor-element-725df66\" data-id=\"725df66\" data-element_type=\"column\">\n\t\t\t<div class=\"elementor-widget-wrap elementor-element-populated\">\n\t\t\t\t\t\t<div class=\"elementor-element elementor-element-e20003c elementor-widget elementor-widget-text-editor\" data-id=\"e20003c\" data-element_type=\"widget\" data-widget_type=\"text-editor.default\">\n\t\t\t\t<div class=\"elementor-widget-container\">\n\t\t\t\t\t\t\t<p><div class=\"member\"><div class='member-img'><img src='http:\/\/www.lichtenfels.at\/neu\/wp-content\/uploads\/2018\/09\/weirer.jpg' \/><\/div>\n      \t<h4>WEIRER<br \/>Otto<\/h4>\n      \t<div class=\"member-role\">(WE)<br \/>Mag.<\/div>Bewegung und Sport,<br \/>Deutsch,<\/p><p>Technik und Design,<br \/>Leiter STB<\/p><p>&#8211;<\/p><p class=\"k1\">weirer.otto@lichtenfels.at<\/p><p>&#8211;<\/p><p><span class=\"tooltips\"><a href=\"#\" rel=\"tooltip\" title=\"Leiter Schulische Tagesbetreuung\"><img class=\"aligncenter size-full wp-image-153076\" src=\"http:\/\/www.lichtenfels.at\/neu\/wp-content\/uploads\/2018\/10\/info.png\" alt=\"\" width=\"50\" height=\"50\" \/><\/a><\/span><\/p><p><\/div><\/p>\t\t\t\t\t\t<\/div>\n\t\t\t\t<\/div>\n\t\t\t\t\t<\/div>\n\t\t<\/div>\n\t\t\t\t<div class=\"elementor-column elementor-col-25 elementor-top-column elementor-element elementor-element-233cc8f\" data-id=\"233cc8f\" data-element_type=\"column\">\n\t\t\t<div class=\"elementor-widget-wrap elementor-element-populated\">\n\t\t\t\t\t\t<div class=\"elementor-element elementor-element-1c14270 elementor-widget elementor-widget-text-editor\" data-id=\"1c14270\" data-element_type=\"widget\" data-widget_type=\"text-editor.default\">\n\t\t\t\t<div class=\"elementor-widget-container\">\n\t\t\t\t\t\t\t<p><div class=\"member\"><div class='member-img'><img src='https:\/\/www.lichtenfels.at\/wp-content\/uploads\/2024\/01\/Weiss.jpg' \/><\/div>\n      \t<h4>WEISS<br \/>Peter<\/h4>\n      \t<div class=\"member-role\">(PW)<br \/>Dipl.-Ing.<\/div>Chemie,\u00a0<\/p><p>Geografie und wirtschaftliche Bildung\u00a0<\/p><p>\u00a0<\/p><p><span style=\"color: var( --e-global-color-text );\">&#8211;<\/span><\/p><p class=\"k1\">weiss.peter@lichtenfels.at<\/p><p>&#8211;<\/p><p><span class=\"tooltips\"><a href=\"#\" rel=\"tooltip\" title=\"\"><img class=\"aligncenter size-full wp-image-153076\" src=\"http:\/\/www.lichtenfels.at\/neu\/wp-content\/uploads\/2018\/10\/info.png\" alt=\"\" width=\"50\" height=\"50\" \/><\/a><\/span><\/p><p><\/div><\/p>\t\t\t\t\t\t<\/div>\n\t\t\t\t<\/div>\n\t\t\t\t\t<\/div>\n\t\t<\/div>\n\t\t\t\t\t<\/div>\n\t\t<\/section>\n\t\t\t\t<section class=\"elementor-section elementor-top-section elementor-element elementor-element-fee1951 elementor-section-boxed elementor-section-height-default elementor-section-height-default\" data-id=\"fee1951\" data-element_type=\"section\">\n\t\t\t\t\t\t<div class=\"elementor-container elementor-column-gap-default\">\n\t\t\t\t\t<div class=\"elementor-column elementor-col-25 elementor-top-column elementor-element elementor-element-ce39046\" data-id=\"ce39046\" data-element_type=\"column\">\n\t\t\t<div class=\"elementor-widget-wrap elementor-element-populated\">\n\t\t\t\t\t\t<div class=\"elementor-element elementor-element-b41559e elementor-widget elementor-widget-text-editor\" data-id=\"b41559e\" data-element_type=\"widget\" data-widget_type=\"text-editor.default\">\n\t\t\t\t<div class=\"elementor-widget-container\">\n\t\t\t\t\t\t\t<p><div class=\"member\"><div class='member-img'><img src='http:\/\/www.lichtenfels.at\/wp-content\/uploads\/2020\/03\/Wiener.jpg' \/><\/div>\n      \t<h4>WIENER<br \/>Rafael D.<\/h4>\n      \t<div class=\"member-role\">(WR)<br \/>Mag.<\/div>Katholische Religion,<\/p><p>Psychologie &amp; Philosophie,\u00a0<\/p><p><span style=\"color: var( --e-global-color-text );\">Schulische Tagesbetreuung<\/span><\/p><p><span style=\"color: var( --e-global-color-text );\">&#8211;<\/span><\/p><p class=\"k1\">wiener.rafael@lichtenfels.at<\/p><p>&#8211;<\/p><p><span class=\"tooltips\"><a href=\"#\" rel=\"tooltip\" title=\"Sexualp\u00e4dagogische Ausbildung\"><img class=\"aligncenter size-full wp-image-153076\" src=\"http:\/\/www.lichtenfels.at\/neu\/wp-content\/uploads\/2018\/10\/info.png\" alt=\"\" width=\"50\" height=\"50\" \/><\/a><\/span><\/p><p><\/div><\/p>\t\t\t\t\t\t<\/div>\n\t\t\t\t<\/div>\n\t\t\t\t\t<\/div>\n\t\t<\/div>\n\t\t\t\t<div class=\"elementor-column elementor-col-25 elementor-top-column elementor-element elementor-element-8244786\" data-id=\"8244786\" data-element_type=\"column\">\n\t\t\t<div class=\"elementor-widget-wrap elementor-element-populated\">\n\t\t\t\t\t\t<div class=\"elementor-element elementor-element-b5acb65 elementor-widget elementor-widget-text-editor\" data-id=\"b5acb65\" data-element_type=\"widget\" data-widget_type=\"text-editor.default\">\n\t\t\t\t<div class=\"elementor-widget-container\">\n\t\t\t\t\t\t\t<p><div class=\"member\"><div class='member-img'><img src='https:\/\/www.lichtenfels.at\/wp-content\/uploads\/2022\/01\/Zeilinger-scaled.jpg' \/><\/div>\n      \t<h4>ZEILINGER<br \/>Laura<\/h4>\n      \t<div class=\"member-role\">(ZE)<br \/>Mag.<\/div>Mathematik,<\/p><p>Physik<\/p><p>\u00a0<\/p><p>&#8211;<\/p><p class=\"k1\">zeilinger.laura@lichtenfels.at<\/p><p>&#8211;<br \/><span class=\"tooltips\"><a href=\"#\" rel=\"tooltip\" title=\"Webseite; MINT Beauftragte, Kooperationslehrerin des DINAMA\"><img class=\"aligncenter size-full wp-image-153076\" src=\"http:\/\/www.lichtenfels.at\/neu\/wp-content\/uploads\/2018\/10\/info.png\" alt=\"\" width=\"50\" height=\"50\" \/><\/a><\/span><br \/><\/div><\/p>\t\t\t\t\t\t<\/div>\n\t\t\t\t<\/div>\n\t\t\t\t\t<\/div>\n\t\t<\/div>\n\t\t\t\t<div class=\"elementor-column elementor-col-25 elementor-top-column elementor-element elementor-element-a981107\" data-id=\"a981107\" data-element_type=\"column\">\n\t\t\t<div class=\"elementor-widget-wrap\">\n\t\t\t\t\t\t\t<\/div>\n\t\t<\/div>\n\t\t\t\t<div class=\"elementor-column elementor-col-25 elementor-top-column elementor-element elementor-element-0c9a85f\" data-id=\"0c9a85f\" data-element_type=\"column\">\n\t\t\t<div class=\"elementor-widget-wrap\">\n\t\t\t\t\t\t\t<\/div>\n\t\t<\/div>\n\t\t\t\t\t<\/div>\n\t\t<\/section>\n\t\t\t\t<\/div>\n\t\t","protected":false},"excerpt":{"rendered":"<p>BEDJANIC-STEININGER Klaudia (BS)Mag. Kunst und Gestaltung,\u00a0 Technik und Design \u00a0 &#8211; bedjanic-steininger.klaudia@lichtenfels.at &#8211; BERRMichael (BM)Mag. Darstellende Geometrie, Geometrisches Zeichnen, Mathematik \u00a0 &#8211; berr.michael@lichtenfels.at &#8211; BIRRINGERGabriela (BI)Mag. Deutsch,Geografie und wirtschaftliche Bildung\u2026 <a href=\"https:\/\/www.lichtenfels.at\/neu\/team\/lehrerinnen\/\" class=\"read-more-link\">weiterlesen &rarr;<\/a><\/p>\n","protected":false},"author":3,"featured_media":0,"parent":18022,"menu_order":2,"comment_status":"closed","ping_status":"closed","template":"page-fullwidth.php","meta":[],"_links":{"self":[{"href":"https:\/\/www.lichtenfels.at\/neu\/wp-json\/wp\/v2\/pages\/617334"}],"collection":[{"href":"https:\/\/www.lichtenfels.at\/neu\/wp-json\/wp\/v2\/pages"}],"about":[{"href":"https:\/\/www.lichtenfels.at\/neu\/wp-json\/wp\/v2\/types\/page"}],"author":[{"embeddable":true,"href":"https:\/\/www.lichtenfels.at\/neu\/wp-json\/wp\/v2\/users\/3"}],"replies":[{"embeddable":true,"href":"https:\/\/www.lichtenfels.at\/neu\/wp-json\/wp\/v2\/comments?post=617334"}],"version-history":[{"count":654,"href":"https:\/\/www.lichtenfels.at\/neu\/wp-json\/wp\/v2\/pages\/617334\/revisions"}],"predecessor-version":[{"id":1135841,"href":"https:\/\/www.lichtenfels.at\/neu\/wp-json\/wp\/v2\/pages\/617334\/revisions\/1135841"}],"up":[{"embeddable":true,"href":"https:\/\/www.lichtenfels.at\/neu\/wp-json\/wp\/v2\/pages\/18022"}],"wp:attachment":[{"href":"https:\/\/www.lichtenfels.at\/neu\/wp-json\/wp\/v2\/media?parent=617334"}],"curies":[{"name":"wp","href":"https:\/\/api.w.org\/{rel}","templated":true}]}}